{"id":1357,"date":"2022-06-22T12:52:43","date_gmt":"2022-06-22T15:52:43","guid":{"rendered":"https:\/\/conectandopessoas.net\/cria\/na\/?page_id=1357"},"modified":"2023-08-11T11:02:46","modified_gmt":"2023-08-11T14:02:46","slug":"blog","status":"publish","type":"page","link":"https:\/\/www.naneurologistas.com.br\/?page_id=1357","title":{"rendered":"Blog"},"content":{"rendered":"\t\t<div data-elementor-type=\"wp-page\" data-elementor-id=\"1357\" class=\"elementor elementor-1357\" data-elementor-post-type=\"page\">\n\t\t\t\t\t\t<section class=\"elementor-section elementor-top-section elementor-element elementor-element-08fb6d5 elementor-section-height-min-height elementor-section-items-bottom elementor-section-boxed elementor-section-height-default\" data-id=\"08fb6d5\" data-element_type=\"section\" data-settings=\"{&quot;background_background&quot;:&quot;classic&quot;}\">\n\t\t\t\t\t\t<div class=\"elementor-container elementor-column-gap-default\">\n\t\t\t\t\t<div class=\"elementor-column elementor-col-100 elementor-top-column elementor-element elementor-element-9680160\" data-id=\"9680160\" data-element_type=\"column\">\n\t\t\t<div class=\"elementor-widget-wrap elementor-element-populated\">\n\t\t\t\t\t\t<div class=\"elementor-element elementor-element-a08d087 animated-slow elementor-invisible elementor-widget elementor-widget-heading\" data-id=\"a08d087\" data-element_type=\"widget\" data-settings=\"{&quot;_animation&quot;:&quot;fadeIn&quot;,&quot;_animation_delay&quot;:200}\" data-widget_type=\"heading.default\">\n\t\t\t\t<div class=\"elementor-widget-container\">\n\t\t\t<h2 class=\"elementor-heading-title elementor-size-default\">Blog<\/h2>\t\t<\/div>\n\t\t\t\t<\/div>\n\t\t\t\t\t<\/div>\n\t\t<\/div>\n\t\t\t\t\t<\/div>\n\t\t<\/section>\n\t\t\t\t<section class=\"elementor-section elementor-top-section elementor-element elementor-element-3ee9e61 elementor-section-boxed elementor-section-height-default elementor-section-height-default\" data-id=\"3ee9e61\" data-element_type=\"section\">\n\t\t\t\t\t\t<div class=\"elementor-container elementor-column-gap-default\">\n\t\t\t\t\t<div class=\"elementor-column elementor-col-100 elementor-top-column elementor-element elementor-element-6fbfcb0\" data-id=\"6fbfcb0\" data-element_type=\"column\">\n\t\t\t<div class=\"elementor-widget-wrap elementor-element-populated\">\n\t\t\t\t\t\t<div class=\"elementor-element elementor-element-4a436db animated-slow elementor-grid-3 elementor-grid-tablet-2 elementor-grid-mobile-1 elementor-posts--thumbnail-top elementor-invisible elementor-widget elementor-widget-posts\" data-id=\"4a436db\" data-element_type=\"widget\" data-settings=\"{&quot;_animation&quot;:&quot;fadeInUp&quot;,&quot;classic_columns&quot;:&quot;3&quot;,&quot;classic_columns_tablet&quot;:&quot;2&quot;,&quot;classic_columns_mobile&quot;:&quot;1&quot;,&quot;classic_row_gap&quot;:{&quot;unit&quot;:&quot;px&quot;,&quot;size&quot;:35,&quot;sizes&quot;:[]},&quot;classic_row_gap_tablet&quot;:{&quot;unit&quot;:&quot;px&quot;,&quot;size&quot;:&quot;&quot;,&quot;sizes&quot;:[]},&quot;classic_row_gap_mobile&quot;:{&quot;unit&quot;:&quot;px&quot;,&quot;size&quot;:&quot;&quot;,&quot;sizes&quot;:[]}}\" data-widget_type=\"posts.classic\">\n\t\t\t\t<div class=\"elementor-widget-container\">\n\t\t\t\t\t<div class=\"elementor-posts-container elementor-posts elementor-posts--skin-classic elementor-grid\">\n\t\t\t\t<article class=\"elementor-post elementor-grid-item post-3023 post type-post status-publish format-standard has-post-thumbnail hentry category-blog entry has-media\">\n\t\t\t\t<a class=\"elementor-post__thumbnail__link\" href=\"https:\/\/www.naneurologistas.com.br\/?p=3023\" tabindex=\"-1\" >\n\t\t\t<div class=\"elementor-post__thumbnail\"><img fetchpriority=\"high\" decoding=\"async\" width=\"339\" height=\"339\" src=\"https:\/\/www.naneurologistas.com.br\/wp-content\/uploads\/2022\/07\/foto_nasser.jpg\" class=\"attachment-full size-full wp-image-2145\" alt=\"\" srcset=\"https:\/\/www.naneurologistas.com.br\/wp-content\/uploads\/2022\/07\/foto_nasser.jpg 339w, https:\/\/www.naneurologistas.com.br\/wp-content\/uploads\/2022\/07\/foto_nasser-300x300.jpg 300w, https:\/\/www.naneurologistas.com.br\/wp-content\/uploads\/2022\/07\/foto_nasser-150x150.jpg 150w\" sizes=\"(max-width: 339px) 100vw, 339px\" \/><\/div>\n\t\t<\/a>\n\t\t\t\t<div class=\"elementor-post__text\">\n\t\t\t\t<h3 class=\"elementor-post__title\">\n\t\t\t<a href=\"https:\/\/www.naneurologistas.com.br\/?p=3023\" >\n\t\t\t\tA Estimula\u00e7\u00e3o Magn\u00e9tica Transcraniana (EMT) &#8211; Dr. Nasser Allam\t\t\t<\/a>\n\t\t<\/h3>\n\t\t\t\t<div class=\"elementor-post__excerpt\">\n\t\t\t<p>A Estimula\u00e7\u00e3o Magn\u00e9tica Transcraniana (EMT) \u00e9 uma t\u00e9cnica especializada realizada por profissionais qualificados sob a supervis\u00e3o do renomado<\/p>\n\t\t<\/div>\n\t\t\n\t\t<a class=\"elementor-post__read-more\" href=\"https:\/\/www.naneurologistas.com.br\/?p=3023\" aria-label=\"Read more about A Estimula\u00e7\u00e3o Magn\u00e9tica Transcraniana (EMT) &#8211; Dr. Nasser Allam\" tabindex=\"-1\" >\n\t\t\tLeia mais\t\t<\/a>\n\n\t\t\t\t<\/div>\n\t\t\t\t<\/article>\n\t\t\t\t<article class=\"elementor-post elementor-grid-item post-2927 post type-post status-publish format-standard has-post-thumbnail hentry category-blog entry has-media\">\n\t\t\t\t<a class=\"elementor-post__thumbnail__link\" href=\"https:\/\/www.naneurologistas.com.br\/?p=2927\" tabindex=\"-1\" >\n\t\t\t<div class=\"elementor-post__thumbnail\"><img decoding=\"async\" width=\"2560\" height=\"1688\" src=\"https:\/\/www.naneurologistas.com.br\/wp-content\/uploads\/2023\/09\/IMG_2410-scaled.jpg\" class=\"attachment-full size-full wp-image-2928\" alt=\"\" srcset=\"https:\/\/www.naneurologistas.com.br\/wp-content\/uploads\/2023\/09\/IMG_2410-scaled.jpg 2560w, https:\/\/www.naneurologistas.com.br\/wp-content\/uploads\/2023\/09\/IMG_2410-300x198.jpg 300w, https:\/\/www.naneurologistas.com.br\/wp-content\/uploads\/2023\/09\/IMG_2410-1024x675.jpg 1024w, https:\/\/www.naneurologistas.com.br\/wp-content\/uploads\/2023\/09\/IMG_2410-768x507.jpg 768w, https:\/\/www.naneurologistas.com.br\/wp-content\/uploads\/2023\/09\/IMG_2410-1536x1013.jpg 1536w, https:\/\/www.naneurologistas.com.br\/wp-content\/uploads\/2023\/09\/IMG_2410-2048x1351.jpg 2048w\" sizes=\"(max-width: 2560px) 100vw, 2560px\" \/><\/div>\n\t\t<\/a>\n\t\t\t\t<div class=\"elementor-post__text\">\n\t\t\t\t<h3 class=\"elementor-post__title\">\n\t\t\t<a href=\"https:\/\/www.naneurologistas.com.br\/?p=2927\" >\n\t\t\t\tRecupere Sua For\u00e7a e Mobilidade com a Reabilita\u00e7\u00e3o Neuromuscular!\t\t\t<\/a>\n\t\t<\/h3>\n\t\t\t\t<div class=\"elementor-post__excerpt\">\n\t\t\t<p>A Reabilita\u00e7\u00e3o Neuromuscular \u00e9 a chave para superar limita\u00e7\u00f5es f\u00edsicas e alcan\u00e7ar uma vida ativa novamente. Com a<\/p>\n\t\t<\/div>\n\t\t\n\t\t<a class=\"elementor-post__read-more\" href=\"https:\/\/www.naneurologistas.com.br\/?p=2927\" aria-label=\"Read more about Recupere Sua For\u00e7a e Mobilidade com a Reabilita\u00e7\u00e3o Neuromuscular!\" tabindex=\"-1\" >\n\t\t\tLeia mais\t\t<\/a>\n\n\t\t\t\t<\/div>\n\t\t\t\t<\/article>\n\t\t\t\t<article class=\"elementor-post elementor-grid-item post-2850 post type-post status-publish format-standard has-post-thumbnail hentry category-blog entry has-media\">\n\t\t\t\t<a class=\"elementor-post__thumbnail__link\" href=\"https:\/\/www.naneurologistas.com.br\/?p=2850\" tabindex=\"-1\" >\n\t\t\t<div class=\"elementor-post__thumbnail\"><img decoding=\"async\" width=\"740\" height=\"493\" src=\"https:\/\/www.naneurologistas.com.br\/wp-content\/uploads\/2023\/06\/image2.png\" class=\"attachment-full size-full wp-image-2845\" alt=\"\" srcset=\"https:\/\/www.naneurologistas.com.br\/wp-content\/uploads\/2023\/06\/image2.png 740w, https:\/\/www.naneurologistas.com.br\/wp-content\/uploads\/2023\/06\/image2-300x200.png 300w\" sizes=\"(max-width: 740px) 100vw, 740px\" \/><\/div>\n\t\t<\/a>\n\t\t\t\t<div class=\"elementor-post__text\">\n\t\t\t\t<h3 class=\"elementor-post__title\">\n\t\t\t<a href=\"https:\/\/www.naneurologistas.com.br\/?p=2850\" >\n\t\t\t\tToxina Botul\u00ednica para fins est\u00e9ticos\t\t\t<\/a>\n\t\t<\/h3>\n\t\t\t\t<div class=\"elementor-post__excerpt\">\n\t\t\t<p>Envelhecer \u00e9 uma jornada natural e, embora seja repleta de experi\u00eancias enriquecedoras, tamb\u00e9m pode trazer alguns desconfortos est\u00e9ticos.<\/p>\n\t\t<\/div>\n\t\t\n\t\t<a class=\"elementor-post__read-more\" href=\"https:\/\/www.naneurologistas.com.br\/?p=2850\" aria-label=\"Read more about Toxina Botul\u00ednica para fins est\u00e9ticos\" tabindex=\"-1\" >\n\t\t\tLeia mais\t\t<\/a>\n\n\t\t\t\t<\/div>\n\t\t\t\t<\/article>\n\t\t\t\t<article class=\"elementor-post elementor-grid-item post-2848 post type-post status-publish format-standard has-post-thumbnail hentry category-blog entry has-media\">\n\t\t\t\t<a class=\"elementor-post__thumbnail__link\" href=\"https:\/\/www.naneurologistas.com.br\/?p=2848\" tabindex=\"-1\" >\n\t\t\t<div class=\"elementor-post__thumbnail\"><img loading=\"lazy\" decoding=\"async\" width=\"740\" height=\"493\" src=\"https:\/\/www.naneurologistas.com.br\/wp-content\/uploads\/2023\/06\/image1.png\" class=\"attachment-full size-full wp-image-2844\" alt=\"\" srcset=\"https:\/\/www.naneurologistas.com.br\/wp-content\/uploads\/2023\/06\/image1.png 740w, https:\/\/www.naneurologistas.com.br\/wp-content\/uploads\/2023\/06\/image1-300x200.png 300w\" sizes=\"(max-width: 740px) 100vw, 740px\" \/><\/div>\n\t\t<\/a>\n\t\t\t\t<div class=\"elementor-post__text\">\n\t\t\t\t<h3 class=\"elementor-post__title\">\n\t\t\t<a href=\"https:\/\/www.naneurologistas.com.br\/?p=2848\" >\n\t\t\t\tToxina para tratamento de Hiperidrose em adultos e crian\u00e7as\t\t\t<\/a>\n\t\t<\/h3>\n\t\t\t\t<div class=\"elementor-post__excerpt\">\n\t\t\t<p>A hiperidrose, nome cient\u00edfico para suor excessivo em regi\u00f5es espec\u00edficas do corpo, pode ser uma condi\u00e7\u00e3o inc\u00f4moda e<\/p>\n\t\t<\/div>\n\t\t\n\t\t<a class=\"elementor-post__read-more\" href=\"https:\/\/www.naneurologistas.com.br\/?p=2848\" aria-label=\"Read more about Toxina para tratamento de Hiperidrose em adultos e crian\u00e7as\" tabindex=\"-1\" >\n\t\t\tLeia mais\t\t<\/a>\n\n\t\t\t\t<\/div>\n\t\t\t\t<\/article>\n\t\t\t\t<article class=\"elementor-post elementor-grid-item post-2843 post type-post status-publish format-standard has-post-thumbnail hentry category-blog entry has-media\">\n\t\t\t\t<a class=\"elementor-post__thumbnail__link\" href=\"https:\/\/www.naneurologistas.com.br\/?p=2843\" tabindex=\"-1\" >\n\t\t\t<div class=\"elementor-post__thumbnail\"><img loading=\"lazy\" decoding=\"async\" width=\"740\" height=\"494\" src=\"https:\/\/www.naneurologistas.com.br\/wp-content\/uploads\/2023\/06\/image3.png\" class=\"attachment-full size-full wp-image-2846\" alt=\"\" srcset=\"https:\/\/www.naneurologistas.com.br\/wp-content\/uploads\/2023\/06\/image3.png 740w, https:\/\/www.naneurologistas.com.br\/wp-content\/uploads\/2023\/06\/image3-300x200.png 300w\" sizes=\"(max-width: 740px) 100vw, 740px\" \/><\/div>\n\t\t<\/a>\n\t\t\t\t<div class=\"elementor-post__text\">\n\t\t\t\t<h3 class=\"elementor-post__title\">\n\t\t\t<a href=\"https:\/\/www.naneurologistas.com.br\/?p=2843\" >\n\t\t\t\tEletroneuromiografia\t\t\t<\/a>\n\t\t<\/h3>\n\t\t\t\t<div class=\"elementor-post__excerpt\">\n\t\t\t<p>N\u00f3s, da cl\u00ednica NA Neurologia, temos o prazer de dar as boas-vindas ao Dr. Rubens Nelson Morato Fernandez,<\/p>\n\t\t<\/div>\n\t\t\n\t\t<a class=\"elementor-post__read-more\" href=\"https:\/\/www.naneurologistas.com.br\/?p=2843\" aria-label=\"Read more about Eletroneuromiografia\" tabindex=\"-1\" >\n\t\t\tLeia mais\t\t<\/a>\n\n\t\t\t\t<\/div>\n\t\t\t\t<\/article>\n\t\t\t\t<article class=\"elementor-post elementor-grid-item post-2771 post type-post status-publish format-standard has-post-thumbnail hentry category-blog entry has-media\">\n\t\t\t\t<a class=\"elementor-post__thumbnail__link\" href=\"https:\/\/www.naneurologistas.com.br\/?p=2771\" tabindex=\"-1\" >\n\t\t\t<div class=\"elementor-post__thumbnail\"><img loading=\"lazy\" decoding=\"async\" width=\"626\" height=\"417\" src=\"https:\/\/www.naneurologistas.com.br\/wp-content\/uploads\/2023\/02\/distressed-tired-middle-aged-male-facepalm_176420-18609.png\" class=\"attachment-full size-full wp-image-2774\" alt=\"\" srcset=\"https:\/\/www.naneurologistas.com.br\/wp-content\/uploads\/2023\/02\/distressed-tired-middle-aged-male-facepalm_176420-18609.png 626w, https:\/\/www.naneurologistas.com.br\/wp-content\/uploads\/2023\/02\/distressed-tired-middle-aged-male-facepalm_176420-18609-300x200.png 300w\" sizes=\"(max-width: 626px) 100vw, 626px\" \/><\/div>\n\t\t<\/a>\n\t\t\t\t<div class=\"elementor-post__text\">\n\t\t\t\t<h3 class=\"elementor-post__title\">\n\t\t\t<a href=\"https:\/\/www.naneurologistas.com.br\/?p=2771\" >\n\t\t\t\tBorderline: o transtorno que faz seu humor ir de 8 ao 80 no mesmo dia\t\t\t<\/a>\n\t\t<\/h3>\n\t\t\t\t<div class=\"elementor-post__excerpt\">\n\t\t\t<p>A express\u00e3o \u2018nervos \u00e0 flor da pele\u2019 \u00e9 uma das que mais combina com pessoas que sofrem do<\/p>\n\t\t<\/div>\n\t\t\n\t\t<a class=\"elementor-post__read-more\" href=\"https:\/\/www.naneurologistas.com.br\/?p=2771\" aria-label=\"Read more about Borderline: o transtorno que faz seu humor ir de 8 ao 80 no mesmo dia\" tabindex=\"-1\" >\n\t\t\tLeia mais\t\t<\/a>\n\n\t\t\t\t<\/div>\n\t\t\t\t<\/article>\n\t\t\t\t<article class=\"elementor-post elementor-grid-item post-2761 post type-post status-publish format-standard has-post-thumbnail hentry category-blog entry has-media\">\n\t\t\t\t<a class=\"elementor-post__thumbnail__link\" href=\"https:\/\/www.naneurologistas.com.br\/?p=2761\" tabindex=\"-1\" >\n\t\t\t<div class=\"elementor-post__thumbnail\"><img loading=\"lazy\" decoding=\"async\" width=\"626\" height=\"417\" src=\"https:\/\/www.naneurologistas.com.br\/wp-content\/uploads\/2022\/11\/brain-study-background-mental-health-care-medical-technology_53876-105237.webp\" class=\"attachment-full size-full wp-image-2762\" alt=\"\" srcset=\"https:\/\/www.naneurologistas.com.br\/wp-content\/uploads\/2022\/11\/brain-study-background-mental-health-care-medical-technology_53876-105237.webp 626w, https:\/\/www.naneurologistas.com.br\/wp-content\/uploads\/2022\/11\/brain-study-background-mental-health-care-medical-technology_53876-105237-300x200.webp 300w\" sizes=\"(max-width: 626px) 100vw, 626px\" \/><\/div>\n\t\t<\/a>\n\t\t\t\t<div class=\"elementor-post__text\">\n\t\t\t\t<h3 class=\"elementor-post__title\">\n\t\t\t<a href=\"https:\/\/www.naneurologistas.com.br\/?p=2761\" >\n\t\t\t\tPesquisa revela ser poss\u00edvel prever o risco de Alzheimer atrav\u00e9s de informa\u00e7\u00f5es demogr\u00e1ficas\t\t\t<\/a>\n\t\t<\/h3>\n\t\t\t\t<div class=\"elementor-post__excerpt\">\n\t\t\t<p>Usando informa\u00e7\u00f5es demogr\u00e1ficas, resultados de imagem cerebral e biomarcadores&#8230;<\/p>\n\t\t<\/div>\n\t\t\n\t\t<a class=\"elementor-post__read-more\" href=\"https:\/\/www.naneurologistas.com.br\/?p=2761\" aria-label=\"Read more about Pesquisa revela ser poss\u00edvel prever o risco de Alzheimer atrav\u00e9s de informa\u00e7\u00f5es demogr\u00e1ficas\" tabindex=\"-1\" >\n\t\t\tLeia mais\t\t<\/a>\n\n\t\t\t\t<\/div>\n\t\t\t\t<\/article>\n\t\t\t\t<article class=\"elementor-post elementor-grid-item post-2732 post type-post status-publish format-standard has-post-thumbnail hentry category-blog entry has-media\">\n\t\t\t\t<a class=\"elementor-post__thumbnail__link\" href=\"https:\/\/www.naneurologistas.com.br\/?p=2732\" tabindex=\"-1\" >\n\t\t\t<div class=\"elementor-post__thumbnail\"><img loading=\"lazy\" decoding=\"async\" width=\"626\" height=\"417\" src=\"https:\/\/www.naneurologistas.com.br\/wp-content\/uploads\/2022\/10\/romantic-beautiful-redhead-woman-embraces-herself-expresses-self-love-care-tilts-head-smiles-gently-closes-eyes-hugs-own-body-wears-warm-yellow-sweater-expresses-calmness_273609-46688-1.webp\" class=\"attachment-full size-full wp-image-2733\" alt=\"\" srcset=\"https:\/\/www.naneurologistas.com.br\/wp-content\/uploads\/2022\/10\/romantic-beautiful-redhead-woman-embraces-herself-expresses-self-love-care-tilts-head-smiles-gently-closes-eyes-hugs-own-body-wears-warm-yellow-sweater-expresses-calmness_273609-46688-1.webp 626w, https:\/\/www.naneurologistas.com.br\/wp-content\/uploads\/2022\/10\/romantic-beautiful-redhead-woman-embraces-herself-expresses-self-love-care-tilts-head-smiles-gently-closes-eyes-hugs-own-body-wears-warm-yellow-sweater-expresses-calmness_273609-46688-1-300x200.webp 300w\" sizes=\"(max-width: 626px) 100vw, 626px\" \/><\/div>\n\t\t<\/a>\n\t\t\t\t<div class=\"elementor-post__text\">\n\t\t\t\t<h3 class=\"elementor-post__title\">\n\t\t\t<a href=\"https:\/\/www.naneurologistas.com.br\/?p=2732\" >\n\t\t\t\t10 de outubro &#8211; Dia Mundial da Sa\u00fade Mental\t\t\t<\/a>\n\t\t<\/h3>\n\t\t\t\t<div class=\"elementor-post__excerpt\">\n\t\t\t<p>Dia Mundial da Sa\u00fade Mental Respons\u00e1vel pelas emo\u00e7\u00f5es e rea\u00e7\u00f5es aos est\u00edmulos do ambiente, por toda experi\u00eancia humana<\/p>\n\t\t<\/div>\n\t\t\n\t\t<a class=\"elementor-post__read-more\" href=\"https:\/\/www.naneurologistas.com.br\/?p=2732\" aria-label=\"Read more about 10 de outubro &#8211; Dia Mundial da Sa\u00fade Mental\" tabindex=\"-1\" >\n\t\t\tLeia mais\t\t<\/a>\n\n\t\t\t\t<\/div>\n\t\t\t\t<\/article>\n\t\t\t\t<article class=\"elementor-post elementor-grid-item post-2725 post type-post status-publish format-standard has-post-thumbnail hentry category-blog entry has-media\">\n\t\t\t\t<a class=\"elementor-post__thumbnail__link\" href=\"https:\/\/www.naneurologistas.com.br\/?p=2725\" tabindex=\"-1\" >\n\t\t\t<div class=\"elementor-post__thumbnail\"><img loading=\"lazy\" decoding=\"async\" width=\"740\" height=\"740\" src=\"https:\/\/www.naneurologistas.com.br\/wp-content\/uploads\/2022\/09\/brain-mental-health-icons-vector-set_53876-61364.jpg\" class=\"attachment-full size-full wp-image-2726\" alt=\"\" srcset=\"https:\/\/www.naneurologistas.com.br\/wp-content\/uploads\/2022\/09\/brain-mental-health-icons-vector-set_53876-61364.jpg 740w, https:\/\/www.naneurologistas.com.br\/wp-content\/uploads\/2022\/09\/brain-mental-health-icons-vector-set_53876-61364-300x300.jpg 300w, https:\/\/www.naneurologistas.com.br\/wp-content\/uploads\/2022\/09\/brain-mental-health-icons-vector-set_53876-61364-150x150.jpg 150w\" sizes=\"(max-width: 740px) 100vw, 740px\" \/><\/div>\n\t\t<\/a>\n\t\t\t\t<div class=\"elementor-post__text\">\n\t\t\t\t<h3 class=\"elementor-post__title\">\n\t\t\t<a href=\"https:\/\/www.naneurologistas.com.br\/?p=2725\" >\n\t\t\t\tEstimula\u00e7\u00e3o Cerebral Profunda tem efic\u00e1cia comprovada no tratamento do TOC\t\t\t<\/a>\n\t\t<\/h3>\n\t\t\t\t<div class=\"elementor-post__excerpt\">\n\t\t\t<p>Cientistas concluem que a t\u00e9cnica beneficia pessoas com TOC (transtorno obsessivo-compulsivo) que n\u00e3o respondem ao tratamento padr\u00e3o.<\/p>\n\t\t<\/div>\n\t\t\n\t\t<a class=\"elementor-post__read-more\" href=\"https:\/\/www.naneurologistas.com.br\/?p=2725\" aria-label=\"Read more about Estimula\u00e7\u00e3o Cerebral Profunda tem efic\u00e1cia comprovada no tratamento do TOC\" tabindex=\"-1\" >\n\t\t\tLeia mais\t\t<\/a>\n\n\t\t\t\t<\/div>\n\t\t\t\t<\/article>\n\t\t\t\t<article class=\"elementor-post elementor-grid-item post-2722 post type-post status-publish format-standard has-post-thumbnail hentry category-blog entry has-media\">\n\t\t\t\t<a class=\"elementor-post__thumbnail__link\" href=\"https:\/\/www.naneurologistas.com.br\/?p=2722\" tabindex=\"-1\" >\n\t\t\t<div class=\"elementor-post__thumbnail\"><img loading=\"lazy\" decoding=\"async\" width=\"740\" height=\"493\" src=\"https:\/\/www.naneurologistas.com.br\/wp-content\/uploads\/2022\/09\/image1-1.png\" class=\"attachment-full size-full wp-image-2723\" alt=\"\" srcset=\"https:\/\/www.naneurologistas.com.br\/wp-content\/uploads\/2022\/09\/image1-1.png 740w, https:\/\/www.naneurologistas.com.br\/wp-content\/uploads\/2022\/09\/image1-1-300x200.png 300w\" sizes=\"(max-width: 740px) 100vw, 740px\" \/><\/div>\n\t\t<\/a>\n\t\t\t\t<div class=\"elementor-post__text\">\n\t\t\t\t<h3 class=\"elementor-post__title\">\n\t\t\t<a href=\"https:\/\/www.naneurologistas.com.br\/?p=2722\" >\n\t\t\t\tDIETA PARA CONSTIPA\u00c7\u00c3O INTESTINAL\t\t\t<\/a>\n\t\t<\/h3>\n\t\t\t\t<div class=\"elementor-post__excerpt\">\n\t\t\t<p>Dicas para evitar a constipa\u00e7\u00e3o Se voc\u00ea sabe que tem uma tend\u00eancia a ficar constipada(o), o que se<\/p>\n\t\t<\/div>\n\t\t\n\t\t<a class=\"elementor-post__read-more\" href=\"https:\/\/www.naneurologistas.com.br\/?p=2722\" aria-label=\"Read more about DIETA PARA CONSTIPA\u00c7\u00c3O INTESTINAL\" tabindex=\"-1\" >\n\t\t\tLeia mais\t\t<\/a>\n\n\t\t\t\t<\/div>\n\t\t\t\t<\/article>\n\t\t\t\t<article class=\"elementor-post elementor-grid-item post-2719 post type-post status-publish format-standard has-post-thumbnail hentry category-blog entry has-media\">\n\t\t\t\t<a class=\"elementor-post__thumbnail__link\" href=\"https:\/\/www.naneurologistas.com.br\/?p=2719\" tabindex=\"-1\" >\n\t\t\t<div class=\"elementor-post__thumbnail\"><img loading=\"lazy\" decoding=\"async\" width=\"740\" height=\"493\" src=\"https:\/\/www.naneurologistas.com.br\/wp-content\/uploads\/2022\/09\/image1.png\" class=\"attachment-full size-full wp-image-2720\" alt=\"\" srcset=\"https:\/\/www.naneurologistas.com.br\/wp-content\/uploads\/2022\/09\/image1.png 740w, https:\/\/www.naneurologistas.com.br\/wp-content\/uploads\/2022\/09\/image1-300x200.png 300w\" sizes=\"(max-width: 740px) 100vw, 740px\" \/><\/div>\n\t\t<\/a>\n\t\t\t\t<div class=\"elementor-post__text\">\n\t\t\t\t<h3 class=\"elementor-post__title\">\n\t\t\t<a href=\"https:\/\/www.naneurologistas.com.br\/?p=2719\" >\n\t\t\t\tMedidas n\u00e3o farmacol\u00f3gicas para hipotens\u00e3o ortost\u00e1tica\t\t\t<\/a>\n\t\t<\/h3>\n\t\t\t\t<div class=\"elementor-post__excerpt\">\n\t\t\t<p>Medidas n\u00e3o farmacol\u00f3gicas s\u00e3o terapia de primeira linha para hipotens\u00e3o ortost\u00e1tica (HO) neurog\u00eanica. A terapia n\u00e3o farmacol\u00f3gica pode<\/p>\n\t\t<\/div>\n\t\t\n\t\t<a class=\"elementor-post__read-more\" href=\"https:\/\/www.naneurologistas.com.br\/?p=2719\" aria-label=\"Read more about Medidas n\u00e3o farmacol\u00f3gicas para hipotens\u00e3o ortost\u00e1tica\" tabindex=\"-1\" >\n\t\t\tLeia mais\t\t<\/a>\n\n\t\t\t\t<\/div>\n\t\t\t\t<\/article>\n\t\t\t\t<article class=\"elementor-post elementor-grid-item post-2709 post type-post status-publish format-standard has-post-thumbnail hentry category-blog entry has-media\">\n\t\t\t\t<a class=\"elementor-post__thumbnail__link\" href=\"https:\/\/www.naneurologistas.com.br\/?p=2709\" tabindex=\"-1\" >\n\t\t\t<div class=\"elementor-post__thumbnail\"><img loading=\"lazy\" decoding=\"async\" width=\"626\" height=\"417\" src=\"https:\/\/www.naneurologistas.com.br\/wp-content\/uploads\/2022\/09\/my-bed-is-my-best-friend_329181-10418.jpg\" class=\"attachment-full size-full wp-image-2711\" alt=\"\" srcset=\"https:\/\/www.naneurologistas.com.br\/wp-content\/uploads\/2022\/09\/my-bed-is-my-best-friend_329181-10418.jpg 626w, https:\/\/www.naneurologistas.com.br\/wp-content\/uploads\/2022\/09\/my-bed-is-my-best-friend_329181-10418-300x200.jpg 300w\" sizes=\"(max-width: 626px) 100vw, 626px\" \/><\/div>\n\t\t<\/a>\n\t\t\t\t<div class=\"elementor-post__text\">\n\t\t\t\t<h3 class=\"elementor-post__title\">\n\t\t\t<a href=\"https:\/\/www.naneurologistas.com.br\/?p=2709\" >\n\t\t\t\tSaiba como fazer a higiene do sono e dormir melhor\t\t\t<\/a>\n\t\t<\/h3>\n\t\t\t\t<div class=\"elementor-post__excerpt\">\n\t\t\t<p>Dormir apenas o tempo necess\u00e1rio para se sentir descansado. Se com 8 horas j\u00e1 se sente bem<\/p>\n\t\t<\/div>\n\t\t\n\t\t<a class=\"elementor-post__read-more\" href=\"https:\/\/www.naneurologistas.com.br\/?p=2709\" aria-label=\"Read more about Saiba como fazer a higiene do sono e dormir melhor\" tabindex=\"-1\" >\n\t\t\tLeia mais\t\t<\/a>\n\n\t\t\t\t<\/div>\n\t\t\t\t<\/article>\n\t\t\t\t<article class=\"elementor-post elementor-grid-item post-2253 post type-post status-publish format-standard has-post-thumbnail hentry category-blog entry has-media\">\n\t\t\t\t<a class=\"elementor-post__thumbnail__link\" href=\"https:\/\/www.naneurologistas.com.br\/?p=2253\" tabindex=\"-1\" >\n\t\t\t<div class=\"elementor-post__thumbnail\"><img loading=\"lazy\" decoding=\"async\" width=\"740\" height=\"740\" src=\"https:\/\/www.naneurologistas.com.br\/wp-content\/uploads\/2022\/07\/obsessive-compulsive-disorder-concept-illustration_114360-3916-1.webp\" class=\"attachment-full size-full wp-image-2254\" alt=\"\" \/><\/div>\n\t\t<\/a>\n\t\t\t\t<div class=\"elementor-post__text\">\n\t\t\t\t<h3 class=\"elementor-post__title\">\n\t\t\t<a href=\"https:\/\/www.naneurologistas.com.br\/?p=2253\" >\n\t\t\t\tTranstorno obsessivo compulsivo (TOC)\t\t\t<\/a>\n\t\t<\/h3>\n\t\t\t\t<div class=\"elementor-post__excerpt\">\n\t\t\t<p>O transtorno obsessivo compulsivo (TOC) \u00e9 um problema de sa\u00fade mental que causa pensamentos obsessivos e compuls\u00f5es. Os<\/p>\n\t\t<\/div>\n\t\t\n\t\t<a class=\"elementor-post__read-more\" href=\"https:\/\/www.naneurologistas.com.br\/?p=2253\" aria-label=\"Read more about Transtorno obsessivo compulsivo (TOC)\" tabindex=\"-1\" >\n\t\t\tLeia mais\t\t<\/a>\n\n\t\t\t\t<\/div>\n\t\t\t\t<\/article>\n\t\t\t\t<article class=\"elementor-post elementor-grid-item post-2250 post type-post status-publish format-standard has-post-thumbnail hentry category-blog entry has-media\">\n\t\t\t\t<a class=\"elementor-post__thumbnail__link\" href=\"https:\/\/www.naneurologistas.com.br\/?p=2250\" tabindex=\"-1\" >\n\t\t\t<div class=\"elementor-post__thumbnail\"><img loading=\"lazy\" decoding=\"async\" width=\"1060\" height=\"706\" src=\"https:\/\/www.naneurologistas.com.br\/wp-content\/uploads\/2022\/07\/portrait-man-suffering-from-schizophrenia_23-2149332538.jpg\" class=\"attachment-full size-full wp-image-2251\" alt=\"\" srcset=\"https:\/\/www.naneurologistas.com.br\/wp-content\/uploads\/2022\/07\/portrait-man-suffering-from-schizophrenia_23-2149332538.jpg 1060w, https:\/\/www.naneurologistas.com.br\/wp-content\/uploads\/2022\/07\/portrait-man-suffering-from-schizophrenia_23-2149332538-300x200.jpg 300w, https:\/\/www.naneurologistas.com.br\/wp-content\/uploads\/2022\/07\/portrait-man-suffering-from-schizophrenia_23-2149332538-1024x682.jpg 1024w, https:\/\/www.naneurologistas.com.br\/wp-content\/uploads\/2022\/07\/portrait-man-suffering-from-schizophrenia_23-2149332538-768x512.jpg 768w\" sizes=\"(max-width: 1060px) 100vw, 1060px\" \/><\/div>\n\t\t<\/a>\n\t\t\t\t<div class=\"elementor-post__text\">\n\t\t\t\t<h3 class=\"elementor-post__title\">\n\t\t\t<a href=\"https:\/\/www.naneurologistas.com.br\/?p=2250\" >\n\t\t\t\tEsquizofrenia\t\t\t<\/a>\n\t\t<\/h3>\n\t\t\t\t<div class=\"elementor-post__excerpt\">\n\t\t\t<p>A esquizofrenia \u00e9 uma doen\u00e7a mental que caracteriza-se por alucina\u00e7\u00f5es, del\u00edrios, falhas na mem\u00f3ria e na capacidade de<\/p>\n\t\t<\/div>\n\t\t\n\t\t<a class=\"elementor-post__read-more\" href=\"https:\/\/www.naneurologistas.com.br\/?p=2250\" aria-label=\"Read more about Esquizofrenia\" tabindex=\"-1\" >\n\t\t\tLeia mais\t\t<\/a>\n\n\t\t\t\t<\/div>\n\t\t\t\t<\/article>\n\t\t\t\t<article class=\"elementor-post elementor-grid-item post-2247 post type-post status-publish format-standard has-post-thumbnail hentry category-blog entry has-media\">\n\t\t\t\t<a class=\"elementor-post__thumbnail__link\" href=\"https:\/\/www.naneurologistas.com.br\/?p=2247\" tabindex=\"-1\" >\n\t\t\t<div class=\"elementor-post__thumbnail\"><img loading=\"lazy\" decoding=\"async\" width=\"1060\" height=\"706\" src=\"https:\/\/www.naneurologistas.com.br\/wp-content\/uploads\/2022\/07\/man-stress-out-cover-his-face-by-his-hands_1150-27287-1.webp\" class=\"attachment-full size-full wp-image-2248\" alt=\"\" \/><\/div>\n\t\t<\/a>\n\t\t\t\t<div class=\"elementor-post__text\">\n\t\t\t\t<h3 class=\"elementor-post__title\">\n\t\t\t<a href=\"https:\/\/www.naneurologistas.com.br\/?p=2247\" >\n\t\t\t\tDepend\u00eancia qu\u00edmica\t\t\t<\/a>\n\t\t<\/h3>\n\t\t\t\t<div class=\"elementor-post__excerpt\">\n\t\t\t<p>Depend\u00eancia qu\u00edmica \u00e9 uma doen\u00e7a cr\u00f4nica que afeta muitas pessoas. Os sintomas podem ser percebidos pelo indiv\u00edduo e<\/p>\n\t\t<\/div>\n\t\t\n\t\t<a class=\"elementor-post__read-more\" href=\"https:\/\/www.naneurologistas.com.br\/?p=2247\" aria-label=\"Read more about Depend\u00eancia qu\u00edmica\" tabindex=\"-1\" >\n\t\t\tLeia mais\t\t<\/a>\n\n\t\t\t\t<\/div>\n\t\t\t\t<\/article>\n\t\t\t\t<article class=\"elementor-post elementor-grid-item post-2244 post type-post status-publish format-standard has-post-thumbnail hentry category-blog entry has-media\">\n\t\t\t\t<a class=\"elementor-post__thumbnail__link\" href=\"https:\/\/www.naneurologistas.com.br\/?p=2244\" tabindex=\"-1\" >\n\t\t\t<div class=\"elementor-post__thumbnail\"><img loading=\"lazy\" decoding=\"async\" width=\"2560\" height=\"1707\" src=\"https:\/\/www.naneurologistas.com.br\/wp-content\/uploads\/2022\/07\/sad-man-holding-head-with-hand-scaled.jpg\" class=\"attachment-full size-full wp-image-2245\" alt=\"\" srcset=\"https:\/\/www.naneurologistas.com.br\/wp-content\/uploads\/2022\/07\/sad-man-holding-head-with-hand-scaled.jpg 2560w, https:\/\/www.naneurologistas.com.br\/wp-content\/uploads\/2022\/07\/sad-man-holding-head-with-hand-300x200.jpg 300w, https:\/\/www.naneurologistas.com.br\/wp-content\/uploads\/2022\/07\/sad-man-holding-head-with-hand-1024x683.jpg 1024w, https:\/\/www.naneurologistas.com.br\/wp-content\/uploads\/2022\/07\/sad-man-holding-head-with-hand-768x512.jpg 768w, https:\/\/www.naneurologistas.com.br\/wp-content\/uploads\/2022\/07\/sad-man-holding-head-with-hand-1536x1024.jpg 1536w, https:\/\/www.naneurologistas.com.br\/wp-content\/uploads\/2022\/07\/sad-man-holding-head-with-hand-2048x1365.jpg 2048w\" sizes=\"(max-width: 2560px) 100vw, 2560px\" \/><\/div>\n\t\t<\/a>\n\t\t\t\t<div class=\"elementor-post__text\">\n\t\t\t\t<h3 class=\"elementor-post__title\">\n\t\t\t<a href=\"https:\/\/www.naneurologistas.com.br\/?p=2244\" >\n\t\t\t\tDepress\u00e3o\t\t\t<\/a>\n\t\t<\/h3>\n\t\t\t\t<div class=\"elementor-post__excerpt\">\n\t\t\t<p>A depress\u00e3o \u00e9 uma doen\u00e7a comum que afeta milh\u00f5es de pessoas ao redor do mundo. Os sintomas incluem:<\/p>\n\t\t<\/div>\n\t\t\n\t\t<a class=\"elementor-post__read-more\" href=\"https:\/\/www.naneurologistas.com.br\/?p=2244\" aria-label=\"Read more about Depress\u00e3o\" tabindex=\"-1\" >\n\t\t\tLeia mais\t\t<\/a>\n\n\t\t\t\t<\/div>\n\t\t\t\t<\/article>\n\t\t\t\t<article class=\"elementor-post elementor-grid-item post-2241 post type-post status-publish format-standard has-post-thumbnail hentry category-blog entry has-media\">\n\t\t\t\t<a class=\"elementor-post__thumbnail__link\" href=\"https:\/\/www.naneurologistas.com.br\/?p=2241\" tabindex=\"-1\" >\n\t\t\t<div class=\"elementor-post__thumbnail\"><img loading=\"lazy\" decoding=\"async\" width=\"2560\" height=\"1969\" src=\"https:\/\/www.naneurologistas.com.br\/wp-content\/uploads\/2022\/07\/Different-emotions-and-mood-change-of-woman-scaled.jpg\" class=\"attachment-full size-full wp-image-2242\" alt=\"\" srcset=\"https:\/\/www.naneurologistas.com.br\/wp-content\/uploads\/2022\/07\/Different-emotions-and-mood-change-of-woman-scaled.jpg 2560w, https:\/\/www.naneurologistas.com.br\/wp-content\/uploads\/2022\/07\/Different-emotions-and-mood-change-of-woman-300x231.jpg 300w, https:\/\/www.naneurologistas.com.br\/wp-content\/uploads\/2022\/07\/Different-emotions-and-mood-change-of-woman-1024x788.jpg 1024w, https:\/\/www.naneurologistas.com.br\/wp-content\/uploads\/2022\/07\/Different-emotions-and-mood-change-of-woman-768x591.jpg 768w, https:\/\/www.naneurologistas.com.br\/wp-content\/uploads\/2022\/07\/Different-emotions-and-mood-change-of-woman-1536x1182.jpg 1536w, https:\/\/www.naneurologistas.com.br\/wp-content\/uploads\/2022\/07\/Different-emotions-and-mood-change-of-woman-2048x1575.jpg 2048w\" sizes=\"(max-width: 2560px) 100vw, 2560px\" \/><\/div>\n\t\t<\/a>\n\t\t\t\t<div class=\"elementor-post__text\">\n\t\t\t\t<h3 class=\"elementor-post__title\">\n\t\t\t<a href=\"https:\/\/www.naneurologistas.com.br\/?p=2241\" >\n\t\t\t\tBipolaridade\t\t\t<\/a>\n\t\t<\/h3>\n\t\t\t\t<div class=\"elementor-post__excerpt\">\n\t\t\t<p>Bipolaridade \u00e9 um transtorno mental caracterizado por altera\u00e7\u00f5es de humor, que podem oscilar entre depress\u00e3o e euforia. Os<\/p>\n\t\t<\/div>\n\t\t\n\t\t<a class=\"elementor-post__read-more\" href=\"https:\/\/www.naneurologistas.com.br\/?p=2241\" aria-label=\"Read more about Bipolaridade\" tabindex=\"-1\" >\n\t\t\tLeia mais\t\t<\/a>\n\n\t\t\t\t<\/div>\n\t\t\t\t<\/article>\n\t\t\t\t<article class=\"elementor-post elementor-grid-item post-2238 post type-post status-publish format-standard has-post-thumbnail hentry category-blog entry has-media\">\n\t\t\t\t<a class=\"elementor-post__thumbnail__link\" href=\"https:\/\/www.naneurologistas.com.br\/?p=2238\" tabindex=\"-1\" >\n\t\t\t<div class=\"elementor-post__thumbnail\"><img loading=\"lazy\" decoding=\"async\" width=\"2560\" height=\"1707\" src=\"https:\/\/www.naneurologistas.com.br\/wp-content\/uploads\/2022\/07\/female-psychologist-consulting-patient-desk-hospital-scaled.jpg\" class=\"attachment-full size-full wp-image-2239\" alt=\"\" srcset=\"https:\/\/www.naneurologistas.com.br\/wp-content\/uploads\/2022\/07\/female-psychologist-consulting-patient-desk-hospital-scaled.jpg 2560w, https:\/\/www.naneurologistas.com.br\/wp-content\/uploads\/2022\/07\/female-psychologist-consulting-patient-desk-hospital-300x200.jpg 300w, https:\/\/www.naneurologistas.com.br\/wp-content\/uploads\/2022\/07\/female-psychologist-consulting-patient-desk-hospital-1024x683.jpg 1024w, https:\/\/www.naneurologistas.com.br\/wp-content\/uploads\/2022\/07\/female-psychologist-consulting-patient-desk-hospital-768x512.jpg 768w, https:\/\/www.naneurologistas.com.br\/wp-content\/uploads\/2022\/07\/female-psychologist-consulting-patient-desk-hospital-1536x1024.jpg 1536w, https:\/\/www.naneurologistas.com.br\/wp-content\/uploads\/2022\/07\/female-psychologist-consulting-patient-desk-hospital-2048x1365.jpg 2048w\" sizes=\"(max-width: 2560px) 100vw, 2560px\" \/><\/div>\n\t\t<\/a>\n\t\t\t\t<div class=\"elementor-post__text\">\n\t\t\t\t<h3 class=\"elementor-post__title\">\n\t\t\t<a href=\"https:\/\/www.naneurologistas.com.br\/?p=2238\" >\n\t\t\t\tAnsiedade\t\t\t<\/a>\n\t\t<\/h3>\n\t\t\t\t<div class=\"elementor-post__excerpt\">\n\t\t\t<p>A ansiedade \u00e9 caracterizada pela preocupa\u00e7\u00e3o, medo ou apreens\u00e3o. Esses sentimentos podem ser desencadeados por situa\u00e7\u00f5es reais ou<\/p>\n\t\t<\/div>\n\t\t\n\t\t<a class=\"elementor-post__read-more\" href=\"https:\/\/www.naneurologistas.com.br\/?p=2238\" aria-label=\"Read more about Ansiedade\" tabindex=\"-1\" >\n\t\t\tLeia mais\t\t<\/a>\n\n\t\t\t\t<\/div>\n\t\t\t\t<\/article>\n\t\t\t\t<article class=\"elementor-post elementor-grid-item post-2121 post type-post status-publish format-standard has-post-thumbnail hentry category-blog entry has-media\">\n\t\t\t\t<a class=\"elementor-post__thumbnail__link\" href=\"https:\/\/www.naneurologistas.com.br\/?p=2121\" tabindex=\"-1\" >\n\t\t\t<div class=\"elementor-post__thumbnail\"><img loading=\"lazy\" decoding=\"async\" width=\"2560\" height=\"1707\" src=\"https:\/\/www.naneurologistas.com.br\/wp-content\/uploads\/2022\/07\/old-man-nursing-home-fist-bumping-nurse-scaled.jpg\" class=\"attachment-full size-full wp-image-2120\" alt=\"\" srcset=\"https:\/\/www.naneurologistas.com.br\/wp-content\/uploads\/2022\/07\/old-man-nursing-home-fist-bumping-nurse-scaled.jpg 2560w, https:\/\/www.naneurologistas.com.br\/wp-content\/uploads\/2022\/07\/old-man-nursing-home-fist-bumping-nurse-300x200.jpg 300w, https:\/\/www.naneurologistas.com.br\/wp-content\/uploads\/2022\/07\/old-man-nursing-home-fist-bumping-nurse-1024x683.jpg 1024w, https:\/\/www.naneurologistas.com.br\/wp-content\/uploads\/2022\/07\/old-man-nursing-home-fist-bumping-nurse-768x512.jpg 768w, https:\/\/www.naneurologistas.com.br\/wp-content\/uploads\/2022\/07\/old-man-nursing-home-fist-bumping-nurse-1536x1024.jpg 1536w, https:\/\/www.naneurologistas.com.br\/wp-content\/uploads\/2022\/07\/old-man-nursing-home-fist-bumping-nurse-2048x1366.jpg 2048w\" sizes=\"(max-width: 2560px) 100vw, 2560px\" \/><\/div>\n\t\t<\/a>\n\t\t\t\t<div class=\"elementor-post__text\">\n\t\t\t\t<h3 class=\"elementor-post__title\">\n\t\t\t<a href=\"https:\/\/www.naneurologistas.com.br\/?p=2121\" >\n\t\t\t\tInstabilidade postural na doen\u00e7a de Parkinson: problemas com equil\u00edbrio e maior risco de quedas\t\t\t<\/a>\n\t\t<\/h3>\n\t\t\t\t<div class=\"elementor-post__excerpt\">\n\t\t\t<p>O que \u00e9 a instabilidade postural? \u00c9 a incapacidade de manter equil\u00edbrio devido \u00e0 perda de reflexos posturais,<\/p>\n\t\t<\/div>\n\t\t\n\t\t<a class=\"elementor-post__read-more\" href=\"https:\/\/www.naneurologistas.com.br\/?p=2121\" aria-label=\"Read more about Instabilidade postural na doen\u00e7a de Parkinson: problemas com equil\u00edbrio e maior risco de quedas\" tabindex=\"-1\" >\n\t\t\tLeia mais\t\t<\/a>\n\n\t\t\t\t<\/div>\n\t\t\t\t<\/article>\n\t\t\t\t<article class=\"elementor-post elementor-grid-item post-2110 post type-post status-publish format-standard has-post-thumbnail hentry category-blog entry has-media\">\n\t\t\t\t<a class=\"elementor-post__thumbnail__link\" href=\"https:\/\/www.naneurologistas.com.br\/?p=2110\" tabindex=\"-1\" >\n\t\t\t<div class=\"elementor-post__thumbnail\"><img loading=\"lazy\" decoding=\"async\" width=\"2560\" height=\"1440\" src=\"https:\/\/www.naneurologistas.com.br\/wp-content\/uploads\/2022\/07\/senior-woman-with-medical-problems-scaled.jpg\" class=\"attachment-full size-full wp-image-2111\" alt=\"\" srcset=\"https:\/\/www.naneurologistas.com.br\/wp-content\/uploads\/2022\/07\/senior-woman-with-medical-problems-scaled.jpg 2560w, https:\/\/www.naneurologistas.com.br\/wp-content\/uploads\/2022\/07\/senior-woman-with-medical-problems-300x169.jpg 300w, https:\/\/www.naneurologistas.com.br\/wp-content\/uploads\/2022\/07\/senior-woman-with-medical-problems-1024x576.jpg 1024w, https:\/\/www.naneurologistas.com.br\/wp-content\/uploads\/2022\/07\/senior-woman-with-medical-problems-768x432.jpg 768w, https:\/\/www.naneurologistas.com.br\/wp-content\/uploads\/2022\/07\/senior-woman-with-medical-problems-1536x864.jpg 1536w, https:\/\/www.naneurologistas.com.br\/wp-content\/uploads\/2022\/07\/senior-woman-with-medical-problems-2048x1152.jpg 2048w\" sizes=\"(max-width: 2560px) 100vw, 2560px\" \/><\/div>\n\t\t<\/a>\n\t\t\t\t<div class=\"elementor-post__text\">\n\t\t\t\t<h3 class=\"elementor-post__title\">\n\t\t\t<a href=\"https:\/\/www.naneurologistas.com.br\/?p=2110\" >\n\t\t\t\tO que \u00e9 um AVC?\t\t\t<\/a>\n\t\t<\/h3>\n\t\t\t\t<div class=\"elementor-post__excerpt\">\n\t\t\t<p>AVC (Acidente vascular cerebral, popularmente conhecido como derrame ou derrame cerebral) \u00e9 um evento que afeta os vasos<\/p>\n\t\t<\/div>\n\t\t\n\t\t<a class=\"elementor-post__read-more\" href=\"https:\/\/www.naneurologistas.com.br\/?p=2110\" aria-label=\"Read more about O que \u00e9 um AVC?\" tabindex=\"-1\" >\n\t\t\tLeia mais\t\t<\/a>\n\n\t\t\t\t<\/div>\n\t\t\t\t<\/article>\n\t\t\t\t<article class=\"elementor-post elementor-grid-item post-2107 post type-post status-publish format-standard has-post-thumbnail hentry category-blog entry has-media\">\n\t\t\t\t<a class=\"elementor-post__thumbnail__link\" href=\"https:\/\/www.naneurologistas.com.br\/?p=2107\" tabindex=\"-1\" >\n\t\t\t<div class=\"elementor-post__thumbnail\"><img loading=\"lazy\" decoding=\"async\" width=\"2000\" height=\"2000\" src=\"https:\/\/www.naneurologistas.com.br\/wp-content\/uploads\/2022\/07\/6425304.jpg\" class=\"attachment-full size-full wp-image-2108\" alt=\"\" srcset=\"https:\/\/www.naneurologistas.com.br\/wp-content\/uploads\/2022\/07\/6425304.jpg 2000w, https:\/\/www.naneurologistas.com.br\/wp-content\/uploads\/2022\/07\/6425304-300x300.jpg 300w, https:\/\/www.naneurologistas.com.br\/wp-content\/uploads\/2022\/07\/6425304-1024x1024.jpg 1024w, https:\/\/www.naneurologistas.com.br\/wp-content\/uploads\/2022\/07\/6425304-150x150.jpg 150w, https:\/\/www.naneurologistas.com.br\/wp-content\/uploads\/2022\/07\/6425304-768x768.jpg 768w, https:\/\/www.naneurologistas.com.br\/wp-content\/uploads\/2022\/07\/6425304-1536x1536.jpg 1536w\" sizes=\"(max-width: 2000px) 100vw, 2000px\" \/><\/div>\n\t\t<\/a>\n\t\t\t\t<div class=\"elementor-post__text\">\n\t\t\t\t<h3 class=\"elementor-post__title\">\n\t\t\t<a href=\"https:\/\/www.naneurologistas.com.br\/?p=2107\" >\n\t\t\t\tS\u00edndrome de Tourette\t\t\t<\/a>\n\t\t<\/h3>\n\t\t\t\t<div class=\"elementor-post__excerpt\">\n\t\t\t<p>A s\u00edndrome de Tourette (ST) \u00e9 um dist\u00farbio neurol\u00f3gico caracterizado por movimentos s\u00fabitos, repetitivos, r\u00e1pidos e indesejados ou<\/p>\n\t\t<\/div>\n\t\t\n\t\t<a class=\"elementor-post__read-more\" href=\"https:\/\/www.naneurologistas.com.br\/?p=2107\" aria-label=\"Read more about S\u00edndrome de Tourette\" tabindex=\"-1\" >\n\t\t\tLeia mais\t\t<\/a>\n\n\t\t\t\t<\/div>\n\t\t\t\t<\/article>\n\t\t\t\t<article class=\"elementor-post elementor-grid-item post-2104 post type-post status-publish format-standard has-post-thumbnail hentry category-blog entry has-media\">\n\t\t\t\t<a class=\"elementor-post__thumbnail__link\" href=\"https:\/\/www.naneurologistas.com.br\/?p=2104\" tabindex=\"-1\" >\n\t\t\t<div class=\"elementor-post__thumbnail\"><img loading=\"lazy\" decoding=\"async\" width=\"2560\" height=\"2560\" src=\"https:\/\/www.naneurologistas.com.br\/wp-content\/uploads\/2022\/07\/61363-scaled.jpg\" class=\"attachment-full size-full wp-image-2105\" alt=\"\" srcset=\"https:\/\/www.naneurologistas.com.br\/wp-content\/uploads\/2022\/07\/61363-scaled.jpg 2560w, https:\/\/www.naneurologistas.com.br\/wp-content\/uploads\/2022\/07\/61363-300x300.jpg 300w, https:\/\/www.naneurologistas.com.br\/wp-content\/uploads\/2022\/07\/61363-1024x1024.jpg 1024w, https:\/\/www.naneurologistas.com.br\/wp-content\/uploads\/2022\/07\/61363-150x150.jpg 150w, https:\/\/www.naneurologistas.com.br\/wp-content\/uploads\/2022\/07\/61363-768x768.jpg 768w, https:\/\/www.naneurologistas.com.br\/wp-content\/uploads\/2022\/07\/61363-1536x1536.jpg 1536w, https:\/\/www.naneurologistas.com.br\/wp-content\/uploads\/2022\/07\/61363-2048x2048.jpg 2048w\" sizes=\"(max-width: 2560px) 100vw, 2560px\" \/><\/div>\n\t\t<\/a>\n\t\t\t\t<div class=\"elementor-post__text\">\n\t\t\t\t<h3 class=\"elementor-post__title\">\n\t\t\t<a href=\"https:\/\/www.naneurologistas.com.br\/?p=2104\" >\n\t\t\t\tParalisia supranuclear progressiva &#8211; o que \u00e9?\t\t\t<\/a>\n\t\t<\/h3>\n\t\t\t\t<div class=\"elementor-post__excerpt\">\n\t\t\t<p>A paralisia supranuclear progressiva (PSP) \u00e9 uma doen\u00e7a neurodegenerativa que n\u00e3o tem causa ou cura conhecida. Afeta as<\/p>\n\t\t<\/div>\n\t\t\n\t\t<a class=\"elementor-post__read-more\" href=\"https:\/\/www.naneurologistas.com.br\/?p=2104\" aria-label=\"Read more about Paralisia supranuclear progressiva &#8211; o que \u00e9?\" tabindex=\"-1\" >\n\t\t\tLeia mais\t\t<\/a>\n\n\t\t\t\t<\/div>\n\t\t\t\t<\/article>\n\t\t\t\t<article class=\"elementor-post elementor-grid-item post-2098 post type-post status-publish format-standard has-post-thumbnail hentry category-blog entry has-media\">\n\t\t\t\t<a class=\"elementor-post__thumbnail__link\" href=\"https:\/\/www.naneurologistas.com.br\/?p=2098\" tabindex=\"-1\" >\n\t\t\t<div class=\"elementor-post__thumbnail\"><img loading=\"lazy\" decoding=\"async\" width=\"2560\" height=\"1707\" src=\"https:\/\/www.naneurologistas.com.br\/wp-content\/uploads\/2022\/07\/old-handsome-bearded-man-touches-neck-suffocates-because-painful-strangle-feels-pain-throat-while-swallow-wears-casual-jumper-isolated-beige-studio-wall-scaled.jpg\" class=\"attachment-full size-full wp-image-2099\" alt=\"\" srcset=\"https:\/\/www.naneurologistas.com.br\/wp-content\/uploads\/2022\/07\/old-handsome-bearded-man-touches-neck-suffocates-because-painful-strangle-feels-pain-throat-while-swallow-wears-casual-jumper-isolated-beige-studio-wall-scaled.jpg 2560w, https:\/\/www.naneurologistas.com.br\/wp-content\/uploads\/2022\/07\/old-handsome-bearded-man-touches-neck-suffocates-because-painful-strangle-feels-pain-throat-while-swallow-wears-casual-jumper-isolated-beige-studio-wall-300x200.jpg 300w, https:\/\/www.naneurologistas.com.br\/wp-content\/uploads\/2022\/07\/old-handsome-bearded-man-touches-neck-suffocates-because-painful-strangle-feels-pain-throat-while-swallow-wears-casual-jumper-isolated-beige-studio-wall-1024x683.jpg 1024w, https:\/\/www.naneurologistas.com.br\/wp-content\/uploads\/2022\/07\/old-handsome-bearded-man-touches-neck-suffocates-because-painful-strangle-feels-pain-throat-while-swallow-wears-casual-jumper-isolated-beige-studio-wall-768x512.jpg 768w, https:\/\/www.naneurologistas.com.br\/wp-content\/uploads\/2022\/07\/old-handsome-bearded-man-touches-neck-suffocates-because-painful-strangle-feels-pain-throat-while-swallow-wears-casual-jumper-isolated-beige-studio-wall-1536x1024.jpg 1536w, https:\/\/www.naneurologistas.com.br\/wp-content\/uploads\/2022\/07\/old-handsome-bearded-man-touches-neck-suffocates-because-painful-strangle-feels-pain-throat-while-swallow-wears-casual-jumper-isolated-beige-studio-wall-2048x1365.jpg 2048w\" sizes=\"(max-width: 2560px) 100vw, 2560px\" \/><\/div>\n\t\t<\/a>\n\t\t\t\t<div class=\"elementor-post__text\">\n\t\t\t\t<h3 class=\"elementor-post__title\">\n\t\t\t<a href=\"https:\/\/www.naneurologistas.com.br\/?p=2098\" >\n\t\t\t\tO que \u00e9 disfagia?\t\t\t<\/a>\n\t\t<\/h3>\n\t\t\t\t<div class=\"elementor-post__excerpt\">\n\t\t\t<p>Disfagia \u00e9 o termo m\u00e9dico que representa dificuldades para degluti\u00e7\u00e3o. Os pacientes com disfagia t\u00eam problemas para engolir<\/p>\n\t\t<\/div>\n\t\t\n\t\t<a class=\"elementor-post__read-more\" href=\"https:\/\/www.naneurologistas.com.br\/?p=2098\" aria-label=\"Read more about O que \u00e9 disfagia?\" tabindex=\"-1\" >\n\t\t\tLeia mais\t\t<\/a>\n\n\t\t\t\t<\/div>\n\t\t\t\t<\/article>\n\t\t\t\t<article class=\"elementor-post elementor-grid-item post-2092 post type-post status-publish format-standard has-post-thumbnail hentry category-blog entry has-media\">\n\t\t\t\t<a class=\"elementor-post__thumbnail__link\" href=\"https:\/\/www.naneurologistas.com.br\/?p=2092\" tabindex=\"-1\" >\n\t\t\t<div class=\"elementor-post__thumbnail\"><img loading=\"lazy\" decoding=\"async\" width=\"2000\" height=\"2000\" src=\"https:\/\/www.naneurologistas.com.br\/wp-content\/uploads\/2022\/07\/6133725.jpg\" class=\"attachment-full size-full wp-image-2093\" alt=\"\" srcset=\"https:\/\/www.naneurologistas.com.br\/wp-content\/uploads\/2022\/07\/6133725.jpg 2000w, https:\/\/www.naneurologistas.com.br\/wp-content\/uploads\/2022\/07\/6133725-300x300.jpg 300w, https:\/\/www.naneurologistas.com.br\/wp-content\/uploads\/2022\/07\/6133725-1024x1024.jpg 1024w, https:\/\/www.naneurologistas.com.br\/wp-content\/uploads\/2022\/07\/6133725-150x150.jpg 150w, https:\/\/www.naneurologistas.com.br\/wp-content\/uploads\/2022\/07\/6133725-768x768.jpg 768w, https:\/\/www.naneurologistas.com.br\/wp-content\/uploads\/2022\/07\/6133725-1536x1536.jpg 1536w\" sizes=\"(max-width: 2000px) 100vw, 2000px\" \/><\/div>\n\t\t<\/a>\n\t\t\t\t<div class=\"elementor-post__text\">\n\t\t\t\t<h3 class=\"elementor-post__title\">\n\t\t\t<a href=\"https:\/\/www.naneurologistas.com.br\/?p=2092\" >\n\t\t\t\tO que \u00e9 a Dem\u00eancia com corpos de Lewy?\t\t\t<\/a>\n\t\t<\/h3>\n\t\t\t\t<div class=\"elementor-post__excerpt\">\n\t\t\t<p>A dem\u00eancia por corpos de Lewy (DCL) \u00e9 o segundo tipo mais comum de dem\u00eancia progressiva ap\u00f3s a<\/p>\n\t\t<\/div>\n\t\t\n\t\t<a class=\"elementor-post__read-more\" href=\"https:\/\/www.naneurologistas.com.br\/?p=2092\" aria-label=\"Read more about O que \u00e9 a Dem\u00eancia com corpos de Lewy?\" tabindex=\"-1\" >\n\t\t\tLeia mais\t\t<\/a>\n\n\t\t\t\t<\/div>\n\t\t\t\t<\/article>\n\t\t\t\t<article class=\"elementor-post elementor-grid-item post-2086 post type-post status-publish format-standard has-post-thumbnail hentry category-blog entry has-media\">\n\t\t\t\t<a class=\"elementor-post__thumbnail__link\" href=\"https:\/\/www.naneurologistas.com.br\/?p=2086\" tabindex=\"-1\" >\n\t\t\t<div class=\"elementor-post__thumbnail\"><img loading=\"lazy\" decoding=\"async\" width=\"2000\" height=\"2000\" src=\"https:\/\/www.naneurologistas.com.br\/wp-content\/uploads\/2022\/07\/6641747.jpg\" class=\"attachment-full size-full wp-image-2087\" alt=\"\" srcset=\"https:\/\/www.naneurologistas.com.br\/wp-content\/uploads\/2022\/07\/6641747.jpg 2000w, https:\/\/www.naneurologistas.com.br\/wp-content\/uploads\/2022\/07\/6641747-300x300.jpg 300w, https:\/\/www.naneurologistas.com.br\/wp-content\/uploads\/2022\/07\/6641747-1024x1024.jpg 1024w, https:\/\/www.naneurologistas.com.br\/wp-content\/uploads\/2022\/07\/6641747-150x150.jpg 150w, https:\/\/www.naneurologistas.com.br\/wp-content\/uploads\/2022\/07\/6641747-768x768.jpg 768w, https:\/\/www.naneurologistas.com.br\/wp-content\/uploads\/2022\/07\/6641747-1536x1536.jpg 1536w\" sizes=\"(max-width: 2000px) 100vw, 2000px\" \/><\/div>\n\t\t<\/a>\n\t\t\t\t<div class=\"elementor-post__text\">\n\t\t\t\t<h3 class=\"elementor-post__title\">\n\t\t\t<a href=\"https:\/\/www.naneurologistas.com.br\/?p=2086\" >\n\t\t\t\tO que \u00e9 a atrofia de m\u00faltiplos sistemas?\t\t\t<\/a>\n\t\t<\/h3>\n\t\t\t\t<div class=\"elementor-post__excerpt\">\n\t\t\t<p>A atrofia de m\u00faltiplos sistemas, ou AMS, \u00e9 uma condi\u00e7\u00e3o neurol\u00f3gica cr\u00f4nica degenerativa rara que afeta homens e<\/p>\n\t\t<\/div>\n\t\t\n\t\t<a class=\"elementor-post__read-more\" href=\"https:\/\/www.naneurologistas.com.br\/?p=2086\" aria-label=\"Read more about O que \u00e9 a atrofia de m\u00faltiplos sistemas?\" tabindex=\"-1\" >\n\t\t\tLeia mais\t\t<\/a>\n\n\t\t\t\t<\/div>\n\t\t\t\t<\/article>\n\t\t\t\t<article class=\"elementor-post elementor-grid-item post-2063 post type-post status-publish format-standard has-post-thumbnail hentry category-blog entry has-media\">\n\t\t\t\t<a class=\"elementor-post__thumbnail__link\" href=\"https:\/\/www.naneurologistas.com.br\/?p=2063\" tabindex=\"-1\" >\n\t\t\t<div class=\"elementor-post__thumbnail\"><img loading=\"lazy\" decoding=\"async\" width=\"740\" height=\"451\" src=\"https:\/\/www.naneurologistas.com.br\/wp-content\/uploads\/2022\/07\/image1-3.png\" class=\"attachment-full size-full wp-image-2064\" alt=\"\" srcset=\"https:\/\/www.naneurologistas.com.br\/wp-content\/uploads\/2022\/07\/image1-3.png 740w, https:\/\/www.naneurologistas.com.br\/wp-content\/uploads\/2022\/07\/image1-3-300x183.png 300w\" sizes=\"(max-width: 740px) 100vw, 740px\" \/><\/div>\n\t\t<\/a>\n\t\t\t\t<div class=\"elementor-post__text\">\n\t\t\t\t<h3 class=\"elementor-post__title\">\n\t\t\t<a href=\"https:\/\/www.naneurologistas.com.br\/?p=2063\" >\n\t\t\t\tComo a S\u00edndrome de Tourette \u00e9 diagnosticada?\t\t\t<\/a>\n\t\t<\/h3>\n\t\t\t\t<div class=\"elementor-post__excerpt\">\n\t\t\t<p>Para diagnosticar a s\u00edndrome de Tourette, o neurologista&nbsp; infantil ou de adultos) procura pelas seguintes caracter\u00edsticas: Presen\u00e7a de<\/p>\n\t\t<\/div>\n\t\t\n\t\t<a class=\"elementor-post__read-more\" href=\"https:\/\/www.naneurologistas.com.br\/?p=2063\" aria-label=\"Read more about Como a S\u00edndrome de Tourette \u00e9 diagnosticada?\" tabindex=\"-1\" >\n\t\t\tLeia mais\t\t<\/a>\n\n\t\t\t\t<\/div>\n\t\t\t\t<\/article>\n\t\t\t\t<article class=\"elementor-post elementor-grid-item post-2054 post type-post status-publish format-standard has-post-thumbnail hentry category-blog entry has-media\">\n\t\t\t\t<a class=\"elementor-post__thumbnail__link\" href=\"https:\/\/www.naneurologistas.com.br\/?p=2054\" tabindex=\"-1\" >\n\t\t\t<div class=\"elementor-post__thumbnail\"><img loading=\"lazy\" decoding=\"async\" width=\"2560\" height=\"1920\" src=\"https:\/\/www.naneurologistas.com.br\/wp-content\/uploads\/2022\/07\/doctor-examining-child-with-stethoscope-hospital-scaled.jpg\" class=\"attachment-full size-full wp-image-2055\" alt=\"\" srcset=\"https:\/\/www.naneurologistas.com.br\/wp-content\/uploads\/2022\/07\/doctor-examining-child-with-stethoscope-hospital-scaled.jpg 2560w, https:\/\/www.naneurologistas.com.br\/wp-content\/uploads\/2022\/07\/doctor-examining-child-with-stethoscope-hospital-300x225.jpg 300w, https:\/\/www.naneurologistas.com.br\/wp-content\/uploads\/2022\/07\/doctor-examining-child-with-stethoscope-hospital-1024x768.jpg 1024w, https:\/\/www.naneurologistas.com.br\/wp-content\/uploads\/2022\/07\/doctor-examining-child-with-stethoscope-hospital-768x576.jpg 768w, https:\/\/www.naneurologistas.com.br\/wp-content\/uploads\/2022\/07\/doctor-examining-child-with-stethoscope-hospital-1536x1152.jpg 1536w, https:\/\/www.naneurologistas.com.br\/wp-content\/uploads\/2022\/07\/doctor-examining-child-with-stethoscope-hospital-2048x1536.jpg 2048w\" sizes=\"(max-width: 2560px) 100vw, 2560px\" \/><\/div>\n\t\t<\/a>\n\t\t\t\t<div class=\"elementor-post__text\">\n\t\t\t\t<h3 class=\"elementor-post__title\">\n\t\t\t<a href=\"https:\/\/www.naneurologistas.com.br\/?p=2054\" >\n\t\t\t\tNeurologia Infantil\t\t\t<\/a>\n\t\t<\/h3>\n\t\t\t\t<div class=\"elementor-post__excerpt\">\n\t\t\t<p>A Neurologia Infantil, Neurologia Pedi\u00e1trica ou simplesmente Neuropediatria se ocupa das particularidades do sistema nervoso desde o momento<\/p>\n\t\t<\/div>\n\t\t\n\t\t<a class=\"elementor-post__read-more\" href=\"https:\/\/www.naneurologistas.com.br\/?p=2054\" aria-label=\"Read more about Neurologia Infantil\" tabindex=\"-1\" >\n\t\t\tLeia mais\t\t<\/a>\n\n\t\t\t\t<\/div>\n\t\t\t\t<\/article>\n\t\t\t\t<article class=\"elementor-post elementor-grid-item post-2051 post type-post status-publish format-standard has-post-thumbnail hentry category-blog entry has-media\">\n\t\t\t\t<a class=\"elementor-post__thumbnail__link\" href=\"https:\/\/www.naneurologistas.com.br\/?p=2051\" tabindex=\"-1\" >\n\t\t\t<div class=\"elementor-post__thumbnail\"><img loading=\"lazy\" decoding=\"async\" width=\"2560\" height=\"1707\" src=\"https:\/\/www.naneurologistas.com.br\/wp-content\/uploads\/2022\/07\/brain-writes-with-white-chalk-is-hand-draw-concept-scaled.jpg\" class=\"attachment-full size-full wp-image-2052\" alt=\"\" srcset=\"https:\/\/www.naneurologistas.com.br\/wp-content\/uploads\/2022\/07\/brain-writes-with-white-chalk-is-hand-draw-concept-scaled.jpg 2560w, https:\/\/www.naneurologistas.com.br\/wp-content\/uploads\/2022\/07\/brain-writes-with-white-chalk-is-hand-draw-concept-300x200.jpg 300w, https:\/\/www.naneurologistas.com.br\/wp-content\/uploads\/2022\/07\/brain-writes-with-white-chalk-is-hand-draw-concept-1024x683.jpg 1024w, https:\/\/www.naneurologistas.com.br\/wp-content\/uploads\/2022\/07\/brain-writes-with-white-chalk-is-hand-draw-concept-768x512.jpg 768w, https:\/\/www.naneurologistas.com.br\/wp-content\/uploads\/2022\/07\/brain-writes-with-white-chalk-is-hand-draw-concept-1536x1024.jpg 1536w, https:\/\/www.naneurologistas.com.br\/wp-content\/uploads\/2022\/07\/brain-writes-with-white-chalk-is-hand-draw-concept-2048x1365.jpg 2048w\" sizes=\"(max-width: 2560px) 100vw, 2560px\" \/><\/div>\n\t\t<\/a>\n\t\t\t\t<div class=\"elementor-post__text\">\n\t\t\t\t<h3 class=\"elementor-post__title\">\n\t\t\t<a href=\"https:\/\/www.naneurologistas.com.br\/?p=2051\" >\n\t\t\t\tEstimula\u00e7\u00e3o cerebral profunda Deep Brain Stimulation (DBS)\t\t\t<\/a>\n\t\t<\/h3>\n\t\t\t\t<div class=\"elementor-post__excerpt\">\n\t\t\t<p>O que \u00e9? A estimula\u00e7\u00e3o cerebral profunda (DBS) \u00e9 um tratamento para a doen\u00e7a de Parkinson (DP) que<\/p>\n\t\t<\/div>\n\t\t\n\t\t<a class=\"elementor-post__read-more\" href=\"https:\/\/www.naneurologistas.com.br\/?p=2051\" aria-label=\"Read more about Estimula\u00e7\u00e3o cerebral profunda Deep Brain Stimulation (DBS)\" tabindex=\"-1\" >\n\t\t\tLeia mais\t\t<\/a>\n\n\t\t\t\t<\/div>\n\t\t\t\t<\/article>\n\t\t\t\t<article class=\"elementor-post elementor-grid-item post-2049 post type-post status-publish format-standard has-post-thumbnail hentry category-blog entry has-media\">\n\t\t\t\t<a class=\"elementor-post__thumbnail__link\" href=\"https:\/\/www.naneurologistas.com.br\/?p=2049\" tabindex=\"-1\" >\n\t\t\t<div class=\"elementor-post__thumbnail\"><img loading=\"lazy\" decoding=\"async\" width=\"2560\" height=\"1707\" src=\"https:\/\/www.naneurologistas.com.br\/wp-content\/uploads\/2022\/07\/concept-problems-with-memory-amnesia-space-text-scaled.jpg\" class=\"attachment-full size-full wp-image-2048\" alt=\"\" srcset=\"https:\/\/www.naneurologistas.com.br\/wp-content\/uploads\/2022\/07\/concept-problems-with-memory-amnesia-space-text-scaled.jpg 2560w, https:\/\/www.naneurologistas.com.br\/wp-content\/uploads\/2022\/07\/concept-problems-with-memory-amnesia-space-text-300x200.jpg 300w, https:\/\/www.naneurologistas.com.br\/wp-content\/uploads\/2022\/07\/concept-problems-with-memory-amnesia-space-text-1024x683.jpg 1024w, https:\/\/www.naneurologistas.com.br\/wp-content\/uploads\/2022\/07\/concept-problems-with-memory-amnesia-space-text-768x512.jpg 768w, https:\/\/www.naneurologistas.com.br\/wp-content\/uploads\/2022\/07\/concept-problems-with-memory-amnesia-space-text-1536x1024.jpg 1536w, https:\/\/www.naneurologistas.com.br\/wp-content\/uploads\/2022\/07\/concept-problems-with-memory-amnesia-space-text-2048x1365.jpg 2048w\" sizes=\"(max-width: 2560px) 100vw, 2560px\" \/><\/div>\n\t\t<\/a>\n\t\t\t\t<div class=\"elementor-post__text\">\n\t\t\t\t<h3 class=\"elementor-post__title\">\n\t\t\t<a href=\"https:\/\/www.naneurologistas.com.br\/?p=2049\" >\n\t\t\t\tAvalia\u00e7\u00e3o pr\u00e9-operat\u00f3ria para DBS na doen\u00e7a de Parkinson\t\t\t<\/a>\n\t\t<\/h3>\n\t\t\t\t<div class=\"elementor-post__excerpt\">\n\t\t\t<p>Quem s\u00e3o os profissionais que participam da sua avalia\u00e7\u00e3o pr\u00e9-operat\u00f3ria e suas fun\u00e7\u00f5es? Equipe de neurologia \u2022 Avalia<\/p>\n\t\t<\/div>\n\t\t\n\t\t<a class=\"elementor-post__read-more\" href=\"https:\/\/www.naneurologistas.com.br\/?p=2049\" aria-label=\"Read more about Avalia\u00e7\u00e3o pr\u00e9-operat\u00f3ria para DBS na doen\u00e7a de Parkinson\" tabindex=\"-1\" >\n\t\t\tLeia mais\t\t<\/a>\n\n\t\t\t\t<\/div>\n\t\t\t\t<\/article>\n\t\t\t\t<article class=\"elementor-post elementor-grid-item post-2024 post type-post status-publish format-standard has-post-thumbnail hentry category-blog entry has-media\">\n\t\t\t\t<a class=\"elementor-post__thumbnail__link\" href=\"https:\/\/www.naneurologistas.com.br\/?p=2024\" tabindex=\"-1\" >\n\t\t\t<div class=\"elementor-post__thumbnail\"><img loading=\"lazy\" decoding=\"async\" width=\"826\" height=\"465\" src=\"https:\/\/www.naneurologistas.com.br\/wp-content\/uploads\/2022\/07\/image1-2.png\" class=\"attachment-full size-full wp-image-2027\" alt=\"\" srcset=\"https:\/\/www.naneurologistas.com.br\/wp-content\/uploads\/2022\/07\/image1-2.png 826w, https:\/\/www.naneurologistas.com.br\/wp-content\/uploads\/2022\/07\/image1-2-300x169.png 300w, https:\/\/www.naneurologistas.com.br\/wp-content\/uploads\/2022\/07\/image1-2-768x432.png 768w\" sizes=\"(max-width: 826px) 100vw, 826px\" \/><\/div>\n\t\t<\/a>\n\t\t\t\t<div class=\"elementor-post__text\">\n\t\t\t\t<h3 class=\"elementor-post__title\">\n\t\t\t<a href=\"https:\/\/www.naneurologistas.com.br\/?p=2024\" >\n\t\t\t\tDistonias\t\t\t<\/a>\n\t\t<\/h3>\n\t\t\t\t<div class=\"elementor-post__excerpt\">\n\t\t\t<p>O que \u00e9 a distonia? A distonia \u00e9 um dist\u00farbio neurol\u00f3gico que causa contra\u00e7\u00f5es musculares excessivas e involunt\u00e1rias.<\/p>\n\t\t<\/div>\n\t\t\n\t\t<a class=\"elementor-post__read-more\" href=\"https:\/\/www.naneurologistas.com.br\/?p=2024\" aria-label=\"Read more about Distonias\" tabindex=\"-1\" >\n\t\t\tLeia mais\t\t<\/a>\n\n\t\t\t\t<\/div>\n\t\t\t\t<\/article>\n\t\t\t\t<article class=\"elementor-post elementor-grid-item post-1985 post type-post status-publish format-standard has-post-thumbnail hentry category-blog entry has-media\">\n\t\t\t\t<a class=\"elementor-post__thumbnail__link\" href=\"https:\/\/www.naneurologistas.com.br\/?p=1985\" tabindex=\"-1\" >\n\t\t\t<div class=\"elementor-post__thumbnail\"><img loading=\"lazy\" decoding=\"async\" width=\"2560\" height=\"1706\" src=\"https:\/\/www.naneurologistas.com.br\/wp-content\/uploads\/2022\/07\/brain-study-background-mental-health-care-medical-technology-scaled.jpg\" class=\"attachment-full size-full wp-image-1986\" alt=\"\" srcset=\"https:\/\/www.naneurologistas.com.br\/wp-content\/uploads\/2022\/07\/brain-study-background-mental-health-care-medical-technology-scaled.jpg 2560w, https:\/\/www.naneurologistas.com.br\/wp-content\/uploads\/2022\/07\/brain-study-background-mental-health-care-medical-technology-300x200.jpg 300w, https:\/\/www.naneurologistas.com.br\/wp-content\/uploads\/2022\/07\/brain-study-background-mental-health-care-medical-technology-1024x683.jpg 1024w, https:\/\/www.naneurologistas.com.br\/wp-content\/uploads\/2022\/07\/brain-study-background-mental-health-care-medical-technology-768x512.jpg 768w, https:\/\/www.naneurologistas.com.br\/wp-content\/uploads\/2022\/07\/brain-study-background-mental-health-care-medical-technology-1536x1024.jpg 1536w, https:\/\/www.naneurologistas.com.br\/wp-content\/uploads\/2022\/07\/brain-study-background-mental-health-care-medical-technology-2048x1365.jpg 2048w\" sizes=\"(max-width: 2560px) 100vw, 2560px\" \/><\/div>\n\t\t<\/a>\n\t\t\t\t<div class=\"elementor-post__text\">\n\t\t\t\t<h3 class=\"elementor-post__title\">\n\t\t\t<a href=\"https:\/\/www.naneurologistas.com.br\/?p=1985\" >\n\t\t\t\tUltrassonografia Transcraniana\t\t\t<\/a>\n\t\t<\/h3>\n\t\t\t\t<div class=\"elementor-post__excerpt\">\n\t\t\t<p>A ultrassonografia transcraniana para dist\u00farbios do movimento \u00e9 uma forma de ecografia cerebral. \u00c9 um exame que analisa<\/p>\n\t\t<\/div>\n\t\t\n\t\t<a class=\"elementor-post__read-more\" href=\"https:\/\/www.naneurologistas.com.br\/?p=1985\" aria-label=\"Read more about Ultrassonografia Transcraniana\" tabindex=\"-1\" >\n\t\t\tLeia mais\t\t<\/a>\n\n\t\t\t\t<\/div>\n\t\t\t\t<\/article>\n\t\t\t\t<article class=\"elementor-post elementor-grid-item post-1979 post type-post status-publish format-standard has-post-thumbnail hentry category-blog entry has-media\">\n\t\t\t\t<a class=\"elementor-post__thumbnail__link\" href=\"https:\/\/www.naneurologistas.com.br\/?p=1979\" tabindex=\"-1\" >\n\t\t\t<div class=\"elementor-post__thumbnail\"><img loading=\"lazy\" decoding=\"async\" width=\"2560\" height=\"1829\" src=\"https:\/\/www.naneurologistas.com.br\/wp-content\/uploads\/2022\/07\/covid-virus-3d-modeling-scaled.jpg\" class=\"attachment-full size-full wp-image-1980\" alt=\"\" srcset=\"https:\/\/www.naneurologistas.com.br\/wp-content\/uploads\/2022\/07\/covid-virus-3d-modeling-scaled.jpg 2560w, https:\/\/www.naneurologistas.com.br\/wp-content\/uploads\/2022\/07\/covid-virus-3d-modeling-300x214.jpg 300w, https:\/\/www.naneurologistas.com.br\/wp-content\/uploads\/2022\/07\/covid-virus-3d-modeling-1024x731.jpg 1024w, https:\/\/www.naneurologistas.com.br\/wp-content\/uploads\/2022\/07\/covid-virus-3d-modeling-768x549.jpg 768w, https:\/\/www.naneurologistas.com.br\/wp-content\/uploads\/2022\/07\/covid-virus-3d-modeling-1536x1097.jpg 1536w, https:\/\/www.naneurologistas.com.br\/wp-content\/uploads\/2022\/07\/covid-virus-3d-modeling-2048x1463.jpg 2048w\" sizes=\"(max-width: 2560px) 100vw, 2560px\" \/><\/div>\n\t\t<\/a>\n\t\t\t\t<div class=\"elementor-post__text\">\n\t\t\t\t<h3 class=\"elementor-post__title\">\n\t\t\t<a href=\"https:\/\/www.naneurologistas.com.br\/?p=1979\" >\n\t\t\t\tReabilita\u00e7\u00e3o COVID-19\t\t\t<\/a>\n\t\t<\/h3>\n\t\t\t\t<div class=\"elementor-post__excerpt\">\n\t\t\t<p>O coronav\u00edrus \u00e9 um RNA v\u00edrus n\u00e3o segmentado e envelopado, que causa doen\u00e7as ent\u00e9ricas e respirat\u00f3rias. O Beta<\/p>\n\t\t<\/div>\n\t\t\n\t\t<a class=\"elementor-post__read-more\" href=\"https:\/\/www.naneurologistas.com.br\/?p=1979\" aria-label=\"Read more about Reabilita\u00e7\u00e3o COVID-19\" tabindex=\"-1\" >\n\t\t\tLeia mais\t\t<\/a>\n\n\t\t\t\t<\/div>\n\t\t\t\t<\/article>\n\t\t\t\t<article class=\"elementor-post elementor-grid-item post-1974 post type-post status-publish format-standard has-post-thumbnail hentry category-blog entry has-media\">\n\t\t\t\t<a class=\"elementor-post__thumbnail__link\" href=\"https:\/\/www.naneurologistas.com.br\/?p=1974\" tabindex=\"-1\" >\n\t\t\t<div class=\"elementor-post__thumbnail\"><img loading=\"lazy\" decoding=\"async\" width=\"1298\" height=\"865\" src=\"https:\/\/www.naneurologistas.com.br\/wp-content\/uploads\/2022\/07\/image1.jpg\" class=\"attachment-full size-full wp-image-1975\" alt=\"\" srcset=\"https:\/\/www.naneurologistas.com.br\/wp-content\/uploads\/2022\/07\/image1.jpg 1298w, https:\/\/www.naneurologistas.com.br\/wp-content\/uploads\/2022\/07\/image1-300x200.jpg 300w, https:\/\/www.naneurologistas.com.br\/wp-content\/uploads\/2022\/07\/image1-1024x682.jpg 1024w, https:\/\/www.naneurologistas.com.br\/wp-content\/uploads\/2022\/07\/image1-768x512.jpg 768w\" sizes=\"(max-width: 1298px) 100vw, 1298px\" \/><\/div>\n\t\t<\/a>\n\t\t\t\t<div class=\"elementor-post__text\">\n\t\t\t\t<h3 class=\"elementor-post__title\">\n\t\t\t<a href=\"https:\/\/www.naneurologistas.com.br\/?p=1974\" >\n\t\t\t\tFascite Plantar\t\t\t<\/a>\n\t\t<\/h3>\n\t\t\t\t<div class=\"elementor-post__excerpt\">\n\t\t\t<p>A dor na proemin\u00eancia medial do calcanhar, especialmente quando se levanta pela primeira vez pela manh\u00e3, \u00e9 caracter\u00edstica<\/p>\n\t\t<\/div>\n\t\t\n\t\t<a class=\"elementor-post__read-more\" href=\"https:\/\/www.naneurologistas.com.br\/?p=1974\" aria-label=\"Read more about Fascite Plantar\" tabindex=\"-1\" >\n\t\t\tLeia mais\t\t<\/a>\n\n\t\t\t\t<\/div>\n\t\t\t\t<\/article>\n\t\t\t\t<article class=\"elementor-post elementor-grid-item post-1970 post type-post status-publish format-standard has-post-thumbnail hentry category-blog entry has-media\">\n\t\t\t\t<a class=\"elementor-post__thumbnail__link\" href=\"https:\/\/www.naneurologistas.com.br\/?p=1970\" tabindex=\"-1\" >\n\t\t\t<div class=\"elementor-post__thumbnail\"><img loading=\"lazy\" decoding=\"async\" width=\"2000\" height=\"2000\" src=\"https:\/\/www.naneurologistas.com.br\/wp-content\/uploads\/2022\/07\/4724357.jpg\" class=\"attachment-full size-full wp-image-1971\" alt=\"\" srcset=\"https:\/\/www.naneurologistas.com.br\/wp-content\/uploads\/2022\/07\/4724357.jpg 2000w, https:\/\/www.naneurologistas.com.br\/wp-content\/uploads\/2022\/07\/4724357-300x300.jpg 300w, https:\/\/www.naneurologistas.com.br\/wp-content\/uploads\/2022\/07\/4724357-1024x1024.jpg 1024w, https:\/\/www.naneurologistas.com.br\/wp-content\/uploads\/2022\/07\/4724357-150x150.jpg 150w, https:\/\/www.naneurologistas.com.br\/wp-content\/uploads\/2022\/07\/4724357-768x768.jpg 768w, https:\/\/www.naneurologistas.com.br\/wp-content\/uploads\/2022\/07\/4724357-1536x1536.jpg 1536w\" sizes=\"(max-width: 2000px) 100vw, 2000px\" \/><\/div>\n\t\t<\/a>\n\t\t\t\t<div class=\"elementor-post__text\">\n\t\t\t\t<h3 class=\"elementor-post__title\">\n\t\t\t<a href=\"https:\/\/www.naneurologistas.com.br\/?p=1970\" >\n\t\t\t\t10 sinais da doen\u00e7a de Parkinson\t\t\t<\/a>\n\t\t<\/h3>\n\t\t\t\t<div class=\"elementor-post__excerpt\">\n\t\t\t<p>Tremor na m\u00e3o.&nbsp; Voc\u00ea notou um leve tremor ou tremor em seus dedos, polegar, m\u00e3o ou queixo? Um<\/p>\n\t\t<\/div>\n\t\t\n\t\t<a class=\"elementor-post__read-more\" href=\"https:\/\/www.naneurologistas.com.br\/?p=1970\" aria-label=\"Read more about 10 sinais da doen\u00e7a de Parkinson\" tabindex=\"-1\" >\n\t\t\tLeia mais\t\t<\/a>\n\n\t\t\t\t<\/div>\n\t\t\t\t<\/article>\n\t\t\t\t<article class=\"elementor-post elementor-grid-item post-1861 post type-post status-publish format-standard has-post-thumbnail hentry category-blog entry has-media\">\n\t\t\t\t<a class=\"elementor-post__thumbnail__link\" href=\"https:\/\/www.naneurologistas.com.br\/?p=1861\" tabindex=\"-1\" >\n\t\t\t<div class=\"elementor-post__thumbnail\"><img loading=\"lazy\" decoding=\"async\" width=\"826\" height=\"826\" src=\"https:\/\/www.naneurologistas.com.br\/wp-content\/uploads\/2022\/07\/dor-de-cabeca_1048-2651.jpg\" class=\"attachment-full size-full wp-image-1865\" alt=\"\" srcset=\"https:\/\/www.naneurologistas.com.br\/wp-content\/uploads\/2022\/07\/dor-de-cabeca_1048-2651.jpg 826w, https:\/\/www.naneurologistas.com.br\/wp-content\/uploads\/2022\/07\/dor-de-cabeca_1048-2651-300x300.jpg 300w, https:\/\/www.naneurologistas.com.br\/wp-content\/uploads\/2022\/07\/dor-de-cabeca_1048-2651-150x150.jpg 150w, https:\/\/www.naneurologistas.com.br\/wp-content\/uploads\/2022\/07\/dor-de-cabeca_1048-2651-768x768.jpg 768w\" sizes=\"(max-width: 826px) 100vw, 826px\" \/><\/div>\n\t\t<\/a>\n\t\t\t\t<div class=\"elementor-post__text\">\n\t\t\t\t<h3 class=\"elementor-post__title\">\n\t\t\t<a href=\"https:\/\/www.naneurologistas.com.br\/?p=1861\" >\n\t\t\t\tO que \u00e9 epilepsia?\t\t\t<\/a>\n\t\t<\/h3>\n\t\t\t\t<div class=\"elementor-post__excerpt\">\n\t\t\t<p>As epilepsias s\u00e3o um espectro de doen\u00e7as cerebrais que t\u00eam como caracter\u00edstica uma predisposi\u00e7\u00e3o a crises epil\u00e9pticas recorrentes,<\/p>\n\t\t<\/div>\n\t\t\n\t\t<a class=\"elementor-post__read-more\" href=\"https:\/\/www.naneurologistas.com.br\/?p=1861\" aria-label=\"Read more about O que \u00e9 epilepsia?\" tabindex=\"-1\" >\n\t\t\tLeia mais\t\t<\/a>\n\n\t\t\t\t<\/div>\n\t\t\t\t<\/article>\n\t\t\t\t<article class=\"elementor-post elementor-grid-item post-1859 post type-post status-publish format-standard has-post-thumbnail hentry category-blog entry has-media\">\n\t\t\t\t<a class=\"elementor-post__thumbnail__link\" href=\"https:\/\/www.naneurologistas.com.br\/?p=1859\" tabindex=\"-1\" >\n\t\t\t<div class=\"elementor-post__thumbnail\"><img loading=\"lazy\" decoding=\"async\" width=\"740\" height=\"740\" src=\"https:\/\/www.naneurologistas.com.br\/wp-content\/uploads\/2022\/07\/ilustracao-do-conceito-de-parkinson_114360-4710.webp\" class=\"attachment-full size-full wp-image-1866\" alt=\"\" \/><\/div>\n\t\t<\/a>\n\t\t\t\t<div class=\"elementor-post__text\">\n\t\t\t\t<h3 class=\"elementor-post__title\">\n\t\t\t<a href=\"https:\/\/www.naneurologistas.com.br\/?p=1859\" >\n\t\t\t\tDoen\u00e7a de Parkinson\t\t\t<\/a>\n\t\t<\/h3>\n\t\t\t\t<div class=\"elementor-post__excerpt\">\n\t\t\t<p>O que \u00e9 a doen\u00e7a de Parkinson? A doen\u00e7a de Parkinson (DP) pertence a um grupo de condi\u00e7\u00f5es<\/p>\n\t\t<\/div>\n\t\t\n\t\t<a class=\"elementor-post__read-more\" href=\"https:\/\/www.naneurologistas.com.br\/?p=1859\" aria-label=\"Read more about Doen\u00e7a de Parkinson\" tabindex=\"-1\" >\n\t\t\tLeia mais\t\t<\/a>\n\n\t\t\t\t<\/div>\n\t\t\t\t<\/article>\n\t\t\t\t<article class=\"elementor-post elementor-grid-item post-1857 post type-post status-publish format-standard has-post-thumbnail hentry category-blog entry has-media\">\n\t\t\t\t<a class=\"elementor-post__thumbnail__link\" href=\"https:\/\/www.naneurologistas.com.br\/?p=1857\" tabindex=\"-1\" >\n\t\t\t<div class=\"elementor-post__thumbnail\"><img loading=\"lazy\" decoding=\"async\" width=\"2560\" height=\"1708\" src=\"https:\/\/www.naneurologistas.com.br\/wp-content\/uploads\/2022\/07\/senior-woman-confronting-alzheimer-disease-scaled.jpg\" class=\"attachment-full size-full wp-image-1864\" alt=\"\" srcset=\"https:\/\/www.naneurologistas.com.br\/wp-content\/uploads\/2022\/07\/senior-woman-confronting-alzheimer-disease-scaled.jpg 2560w, https:\/\/www.naneurologistas.com.br\/wp-content\/uploads\/2022\/07\/senior-woman-confronting-alzheimer-disease-300x200.jpg 300w, https:\/\/www.naneurologistas.com.br\/wp-content\/uploads\/2022\/07\/senior-woman-confronting-alzheimer-disease-1024x683.jpg 1024w, https:\/\/www.naneurologistas.com.br\/wp-content\/uploads\/2022\/07\/senior-woman-confronting-alzheimer-disease-768x512.jpg 768w, https:\/\/www.naneurologistas.com.br\/wp-content\/uploads\/2022\/07\/senior-woman-confronting-alzheimer-disease-1536x1025.jpg 1536w, https:\/\/www.naneurologistas.com.br\/wp-content\/uploads\/2022\/07\/senior-woman-confronting-alzheimer-disease-2048x1366.jpg 2048w\" sizes=\"(max-width: 2560px) 100vw, 2560px\" \/><\/div>\n\t\t<\/a>\n\t\t\t\t<div class=\"elementor-post__text\">\n\t\t\t\t<h3 class=\"elementor-post__title\">\n\t\t\t<a href=\"https:\/\/www.naneurologistas.com.br\/?p=1857\" >\n\t\t\t\tDoen\u00e7a de Alzheimer\t\t\t<\/a>\n\t\t<\/h3>\n\t\t\t\t<div class=\"elementor-post__excerpt\">\n\t\t\t<p>O que \u00e9 a doen\u00e7a de Alzheimer? A doen\u00e7a de Alzheimer (DA) \u00e9 uma doen\u00e7a cerebral neurodegenerativa, com<\/p>\n\t\t<\/div>\n\t\t\n\t\t<a class=\"elementor-post__read-more\" href=\"https:\/\/www.naneurologistas.com.br\/?p=1857\" aria-label=\"Read more about Doen\u00e7a de Alzheimer\" tabindex=\"-1\" >\n\t\t\tLeia mais\t\t<\/a>\n\n\t\t\t\t<\/div>\n\t\t\t\t<\/article>\n\t\t\t\t<article class=\"elementor-post elementor-grid-item post-1850 post type-post status-publish format-standard has-post-thumbnail hentry category-blog entry has-media\">\n\t\t\t\t<a class=\"elementor-post__thumbnail__link\" href=\"https:\/\/www.naneurologistas.com.br\/?p=1850\" tabindex=\"-1\" >\n\t\t\t<div class=\"elementor-post__thumbnail\"><img loading=\"lazy\" decoding=\"async\" width=\"2560\" height=\"1707\" src=\"https:\/\/www.naneurologistas.com.br\/wp-content\/uploads\/2022\/07\/medicine-health-care-and-eyesight-concept-unrecognizable-female-shows-her-inflated-red-eye-with-blood-capillary-scaled.jpg\" class=\"attachment-full size-full wp-image-1863\" alt=\"\" srcset=\"https:\/\/www.naneurologistas.com.br\/wp-content\/uploads\/2022\/07\/medicine-health-care-and-eyesight-concept-unrecognizable-female-shows-her-inflated-red-eye-with-blood-capillary-scaled.jpg 2560w, https:\/\/www.naneurologistas.com.br\/wp-content\/uploads\/2022\/07\/medicine-health-care-and-eyesight-concept-unrecognizable-female-shows-her-inflated-red-eye-with-blood-capillary-300x200.jpg 300w, https:\/\/www.naneurologistas.com.br\/wp-content\/uploads\/2022\/07\/medicine-health-care-and-eyesight-concept-unrecognizable-female-shows-her-inflated-red-eye-with-blood-capillary-1024x683.jpg 1024w, https:\/\/www.naneurologistas.com.br\/wp-content\/uploads\/2022\/07\/medicine-health-care-and-eyesight-concept-unrecognizable-female-shows-her-inflated-red-eye-with-blood-capillary-768x512.jpg 768w, https:\/\/www.naneurologistas.com.br\/wp-content\/uploads\/2022\/07\/medicine-health-care-and-eyesight-concept-unrecognizable-female-shows-her-inflated-red-eye-with-blood-capillary-1536x1024.jpg 1536w, https:\/\/www.naneurologistas.com.br\/wp-content\/uploads\/2022\/07\/medicine-health-care-and-eyesight-concept-unrecognizable-female-shows-her-inflated-red-eye-with-blood-capillary-2048x1365.jpg 2048w\" sizes=\"(max-width: 2560px) 100vw, 2560px\" \/><\/div>\n\t\t<\/a>\n\t\t\t\t<div class=\"elementor-post__text\">\n\t\t\t\t<h3 class=\"elementor-post__title\">\n\t\t\t<a href=\"https:\/\/www.naneurologistas.com.br\/?p=1850\" >\n\t\t\t\tBlefaroespasmo essencial\t\t\t<\/a>\n\t\t<\/h3>\n\t\t\t\t<div class=\"elementor-post__excerpt\">\n\t\t\t<p>O que \u00e9 o blefaroespasmo essencial? O blefaroespasmo essencial \u00e9 um tipo de distonia focal comum em adultos.<\/p>\n\t\t<\/div>\n\t\t\n\t\t<a class=\"elementor-post__read-more\" href=\"https:\/\/www.naneurologistas.com.br\/?p=1850\" aria-label=\"Read more about Blefaroespasmo essencial\" tabindex=\"-1\" >\n\t\t\tLeia mais\t\t<\/a>\n\n\t\t\t\t<\/div>\n\t\t\t\t<\/article>\n\t\t\t\t<article class=\"elementor-post elementor-grid-item post-1838 post type-post status-publish format-standard has-post-thumbnail hentry category-blog entry has-media\">\n\t\t\t\t<a class=\"elementor-post__thumbnail__link\" href=\"https:\/\/www.naneurologistas.com.br\/?p=1838\" tabindex=\"-1\" >\n\t\t\t<div class=\"elementor-post__thumbnail\"><img loading=\"lazy\" decoding=\"async\" width=\"2560\" height=\"1707\" src=\"https:\/\/www.naneurologistas.com.br\/wp-content\/uploads\/2022\/07\/the-human-brain-scaled.jpg\" class=\"attachment-full size-full wp-image-1852\" alt=\"\" srcset=\"https:\/\/www.naneurologistas.com.br\/wp-content\/uploads\/2022\/07\/the-human-brain-scaled.jpg 2560w, https:\/\/www.naneurologistas.com.br\/wp-content\/uploads\/2022\/07\/the-human-brain-300x200.jpg 300w, https:\/\/www.naneurologistas.com.br\/wp-content\/uploads\/2022\/07\/the-human-brain-1024x683.jpg 1024w, https:\/\/www.naneurologistas.com.br\/wp-content\/uploads\/2022\/07\/the-human-brain-768x512.jpg 768w, https:\/\/www.naneurologistas.com.br\/wp-content\/uploads\/2022\/07\/the-human-brain-1536x1024.jpg 1536w, https:\/\/www.naneurologistas.com.br\/wp-content\/uploads\/2022\/07\/the-human-brain-2048x1365.jpg 2048w\" sizes=\"(max-width: 2560px) 100vw, 2560px\" \/><\/div>\n\t\t<\/a>\n\t\t\t\t<div class=\"elementor-post__text\">\n\t\t\t\t<h3 class=\"elementor-post__title\">\n\t\t\t<a href=\"https:\/\/www.naneurologistas.com.br\/?p=1838\" >\n\t\t\t\tAcidente Vascular Cerebral (AVC)\t\t\t<\/a>\n\t\t<\/h3>\n\t\t\t\t<div class=\"elementor-post__excerpt\">\n\t\t\t<p>O que \u00e9 o AVC? O acidente vascular cerebral, popularmente chamado de \u201cderrame\u201d, ocorre quando o fluxo sangu\u00edneo<\/p>\n\t\t<\/div>\n\t\t\n\t\t<a class=\"elementor-post__read-more\" href=\"https:\/\/www.naneurologistas.com.br\/?p=1838\" aria-label=\"Read more about Acidente Vascular Cerebral (AVC)\" tabindex=\"-1\" >\n\t\t\tLeia mais\t\t<\/a>\n\n\t\t\t\t<\/div>\n\t\t\t\t<\/article>\n\t\t\t\t<article class=\"elementor-post elementor-grid-item post-1834 post type-post status-publish format-standard has-post-thumbnail hentry category-blog entry has-media\">\n\t\t\t\t<a class=\"elementor-post__thumbnail__link\" href=\"https:\/\/www.naneurologistas.com.br\/?p=1834\" tabindex=\"-1\" >\n\t\t\t<div class=\"elementor-post__thumbnail\"><img loading=\"lazy\" decoding=\"async\" width=\"740\" height=\"493\" src=\"https:\/\/www.naneurologistas.com.br\/wp-content\/uploads\/2022\/07\/image2.png\" class=\"attachment-full size-full wp-image-1835\" alt=\"\" srcset=\"https:\/\/www.naneurologistas.com.br\/wp-content\/uploads\/2022\/07\/image2.png 740w, https:\/\/www.naneurologistas.com.br\/wp-content\/uploads\/2022\/07\/image2-300x200.png 300w\" sizes=\"(max-width: 740px) 100vw, 740px\" \/><\/div>\n\t\t<\/a>\n\t\t\t\t<div class=\"elementor-post__text\">\n\t\t\t\t<h3 class=\"elementor-post__title\">\n\t\t\t<a href=\"https:\/\/www.naneurologistas.com.br\/?p=1834\" >\n\t\t\t\tComo aproveitar melhor sua consulta? O que levar at\u00e9 a consulta m\u00e9dica?\t\t\t<\/a>\n\t\t<\/h3>\n\t\t\t\t<div class=\"elementor-post__excerpt\">\n\t\t\t<p>Veja as dicas abaixo! Liste os 3 assuntos principais que queira esclarecer\/discutir \u00c9 importante planejar o que voc\u00ea<\/p>\n\t\t<\/div>\n\t\t\n\t\t<a class=\"elementor-post__read-more\" href=\"https:\/\/www.naneurologistas.com.br\/?p=1834\" aria-label=\"Read more about Como aproveitar melhor sua consulta? O que levar at\u00e9 a consulta m\u00e9dica?\" tabindex=\"-1\" >\n\t\t\tLeia mais\t\t<\/a>\n\n\t\t\t\t<\/div>\n\t\t\t\t<\/article>\n\t\t\t\t<article class=\"elementor-post elementor-grid-item post-852 post type-post status-publish format-standard has-post-thumbnail hentry category-blog entry has-media\">\n\t\t\t\t<a class=\"elementor-post__thumbnail__link\" href=\"https:\/\/www.naneurologistas.com.br\/?p=852\" tabindex=\"-1\" >\n\t\t\t<div class=\"elementor-post__thumbnail\"><img loading=\"lazy\" decoding=\"async\" width=\"768\" height=\"459\" src=\"https:\/\/www.naneurologistas.com.br\/wp-content\/uploads\/2022\/06\/ani-kolleshi-vu-DaZVeny0-unsplash-768x459-1.jpg\" class=\"attachment-full size-full wp-image-853\" alt=\"\" srcset=\"https:\/\/www.naneurologistas.com.br\/wp-content\/uploads\/2022\/06\/ani-kolleshi-vu-DaZVeny0-unsplash-768x459-1.jpg 768w, https:\/\/www.naneurologistas.com.br\/wp-content\/uploads\/2022\/06\/ani-kolleshi-vu-DaZVeny0-unsplash-768x459-1-300x179.jpg 300w\" sizes=\"(max-width: 768px) 100vw, 768px\" \/><\/div>\n\t\t<\/a>\n\t\t\t\t<div class=\"elementor-post__text\">\n\t\t\t\t<h3 class=\"elementor-post__title\">\n\t\t\t<a href=\"https:\/\/www.naneurologistas.com.br\/?p=852\" >\n\t\t\t\tImpactos da quarentena e do distanciamento social no paciente psiqui\u00e1trico\t\t\t<\/a>\n\t\t<\/h3>\n\t\t\t\t<div class=\"elementor-post__excerpt\">\n\t\t\t<p>O direito de ir e vir \u00e9 uma prerrogativa t\u00e3o b\u00e1sica que o mundo precisou viver uma pandemia<\/p>\n\t\t<\/div>\n\t\t\n\t\t<a class=\"elementor-post__read-more\" href=\"https:\/\/www.naneurologistas.com.br\/?p=852\" aria-label=\"Read more about Impactos da quarentena e do distanciamento social no paciente psiqui\u00e1trico\" tabindex=\"-1\" >\n\t\t\tLeia mais\t\t<\/a>\n\n\t\t\t\t<\/div>\n\t\t\t\t<\/article>\n\t\t\t\t<article class=\"elementor-post elementor-grid-item post-849 post type-post status-publish format-standard has-post-thumbnail hentry category-blog entry has-media\">\n\t\t\t\t<a class=\"elementor-post__thumbnail__link\" href=\"https:\/\/www.naneurologistas.com.br\/?p=849\" tabindex=\"-1\" >\n\t\t\t<div class=\"elementor-post__thumbnail\"><img loading=\"lazy\" decoding=\"async\" width=\"768\" height=\"432\" src=\"https:\/\/www.naneurologistas.com.br\/wp-content\/uploads\/2022\/06\/EMT-768x432-1.jpg\" class=\"attachment-full size-full wp-image-850\" alt=\"\" srcset=\"https:\/\/www.naneurologistas.com.br\/wp-content\/uploads\/2022\/06\/EMT-768x432-1.jpg 768w, https:\/\/www.naneurologistas.com.br\/wp-content\/uploads\/2022\/06\/EMT-768x432-1-300x169.jpg 300w\" sizes=\"(max-width: 768px) 100vw, 768px\" \/><\/div>\n\t\t<\/a>\n\t\t\t\t<div class=\"elementor-post__text\">\n\t\t\t\t<h3 class=\"elementor-post__title\">\n\t\t\t<a href=\"https:\/\/www.naneurologistas.com.br\/?p=849\" >\n\t\t\t\tEstimula\u00e7\u00e3o Magn\u00e9tica Transcraniana: indolor, sem contraindica\u00e7\u00e3o e com resultados importantes.\t\t\t<\/a>\n\t\t<\/h3>\n\t\t\t\t<div class=\"elementor-post__excerpt\">\n\t\t\t<p>A t\u00e9cnica, que chegou ao Brasil no in\u00edcio dos anos 2000, \u00e9 utilizada para diferentes doen\u00e7as neurol\u00f3gicas e<\/p>\n\t\t<\/div>\n\t\t\n\t\t<a class=\"elementor-post__read-more\" href=\"https:\/\/www.naneurologistas.com.br\/?p=849\" aria-label=\"Read more about Estimula\u00e7\u00e3o Magn\u00e9tica Transcraniana: indolor, sem contraindica\u00e7\u00e3o e com resultados importantes.\" tabindex=\"-1\" >\n\t\t\tLeia mais\t\t<\/a>\n\n\t\t\t\t<\/div>\n\t\t\t\t<\/article>\n\t\t\t\t<article class=\"elementor-post elementor-grid-item post-846 post type-post status-publish format-standard has-post-thumbnail hentry category-blog entry has-media\">\n\t\t\t\t<a class=\"elementor-post__thumbnail__link\" href=\"https:\/\/www.naneurologistas.com.br\/?p=846\" tabindex=\"-1\" >\n\t\t\t<div class=\"elementor-post__thumbnail\"><img loading=\"lazy\" decoding=\"async\" width=\"768\" height=\"512\" src=\"https:\/\/www.naneurologistas.com.br\/wp-content\/uploads\/2022\/06\/enxaqueca_crianca-768x512-1.jpg\" class=\"attachment-full size-full wp-image-847\" alt=\"\" srcset=\"https:\/\/www.naneurologistas.com.br\/wp-content\/uploads\/2022\/06\/enxaqueca_crianca-768x512-1.jpg 768w, https:\/\/www.naneurologistas.com.br\/wp-content\/uploads\/2022\/06\/enxaqueca_crianca-768x512-1-300x200.jpg 300w\" sizes=\"(max-width: 768px) 100vw, 768px\" \/><\/div>\n\t\t<\/a>\n\t\t\t\t<div class=\"elementor-post__text\">\n\t\t\t\t<h3 class=\"elementor-post__title\">\n\t\t\t<a href=\"https:\/\/www.naneurologistas.com.br\/?p=846\" >\n\t\t\t\tDor de cabe\u00e7a em crian\u00e7as: a import\u00e2ncia do atendimento adequado\t\t\t<\/a>\n\t\t<\/h3>\n\t\t\t\t<div class=\"elementor-post__excerpt\">\n\t\t\t<p>Crian\u00e7as tamb\u00e9m podem ter enxaqueca e \u00e9 necess\u00e1ria, aten\u00e7\u00e3o. A cena acontece com mais frequ\u00eancia do que imaginamos:<\/p>\n\t\t<\/div>\n\t\t\n\t\t<a class=\"elementor-post__read-more\" href=\"https:\/\/www.naneurologistas.com.br\/?p=846\" aria-label=\"Read more about Dor de cabe\u00e7a em crian\u00e7as: a import\u00e2ncia do atendimento adequado\" tabindex=\"-1\" >\n\t\t\tLeia mais\t\t<\/a>\n\n\t\t\t\t<\/div>\n\t\t\t\t<\/article>\n\t\t\t\t<article class=\"elementor-post elementor-grid-item post-843 post type-post status-publish format-standard has-post-thumbnail hentry category-blog entry has-media\">\n\t\t\t\t<a class=\"elementor-post__thumbnail__link\" href=\"https:\/\/www.naneurologistas.com.br\/?p=843\" tabindex=\"-1\" >\n\t\t\t<div class=\"elementor-post__thumbnail\"><img loading=\"lazy\" decoding=\"async\" width=\"768\" height=\"512\" src=\"https:\/\/www.naneurologistas.com.br\/wp-content\/uploads\/2022\/06\/caleb-woods-ecRuhwPIW7c-unsplash-768x512-1.jpg\" class=\"attachment-full size-full wp-image-844\" alt=\"\" srcset=\"https:\/\/www.naneurologistas.com.br\/wp-content\/uploads\/2022\/06\/caleb-woods-ecRuhwPIW7c-unsplash-768x512-1.jpg 768w, https:\/\/www.naneurologistas.com.br\/wp-content\/uploads\/2022\/06\/caleb-woods-ecRuhwPIW7c-unsplash-768x512-1-300x200.jpg 300w\" sizes=\"(max-width: 768px) 100vw, 768px\" \/><\/div>\n\t\t<\/a>\n\t\t\t\t<div class=\"elementor-post__text\">\n\t\t\t\t<h3 class=\"elementor-post__title\">\n\t\t\t<a href=\"https:\/\/www.naneurologistas.com.br\/?p=843\" >\n\t\t\t\tTranstorno do Espectro Autista\t\t\t<\/a>\n\t\t<\/h3>\n\t\t\t\t<div class=\"elementor-post__excerpt\">\n\t\t\t<p>Quando buscar ajuda especializada? O Transtorno do Espectro do Autismo \u00e9 caracterizado por&nbsp;D\u00e9ficits persistentes na comunica\u00e7\u00e3o social e<\/p>\n\t\t<\/div>\n\t\t\n\t\t<a class=\"elementor-post__read-more\" href=\"https:\/\/www.naneurologistas.com.br\/?p=843\" aria-label=\"Read more about Transtorno do Espectro Autista\" tabindex=\"-1\" >\n\t\t\tLeia mais\t\t<\/a>\n\n\t\t\t\t<\/div>\n\t\t\t\t<\/article>\n\t\t\t\t<article class=\"elementor-post elementor-grid-item post-840 post type-post status-publish format-standard has-post-thumbnail hentry category-blog entry has-media\">\n\t\t\t\t<a class=\"elementor-post__thumbnail__link\" href=\"https:\/\/www.naneurologistas.com.br\/?p=840\" tabindex=\"-1\" >\n\t\t\t<div class=\"elementor-post__thumbnail\"><img loading=\"lazy\" decoding=\"async\" width=\"768\" height=\"384\" src=\"https:\/\/www.naneurologistas.com.br\/wp-content\/uploads\/2022\/06\/live01-destaque2-768x384-1.jpg\" class=\"attachment-full size-full wp-image-841\" alt=\"\" srcset=\"https:\/\/www.naneurologistas.com.br\/wp-content\/uploads\/2022\/06\/live01-destaque2-768x384-1.jpg 768w, https:\/\/www.naneurologistas.com.br\/wp-content\/uploads\/2022\/06\/live01-destaque2-768x384-1-300x150.jpg 300w\" sizes=\"(max-width: 768px) 100vw, 768px\" \/><\/div>\n\t\t<\/a>\n\t\t\t\t<div class=\"elementor-post__text\">\n\t\t\t\t<h3 class=\"elementor-post__title\">\n\t\t\t<a href=\"https:\/\/www.naneurologistas.com.br\/?p=840\" >\n\t\t\t\tLive: Sintomas P\u00f3s-Covid\t\t\t<\/a>\n\t\t<\/h3>\n\t\t\t\t<div class=\"elementor-post__excerpt\">\n\t\t\t\t\t<\/div>\n\t\t\n\t\t<a class=\"elementor-post__read-more\" href=\"https:\/\/www.naneurologistas.com.br\/?p=840\" aria-label=\"Read more about Live: Sintomas P\u00f3s-Covid\" tabindex=\"-1\" >\n\t\t\tLeia mais\t\t<\/a>\n\n\t\t\t\t<\/div>\n\t\t\t\t<\/article>\n\t\t\t\t<article class=\"elementor-post elementor-grid-item post-837 post type-post status-publish format-standard has-post-thumbnail hentry category-blog entry has-media\">\n\t\t\t\t<a class=\"elementor-post__thumbnail__link\" href=\"https:\/\/www.naneurologistas.com.br\/?p=837\" tabindex=\"-1\" >\n\t\t\t<div class=\"elementor-post__thumbnail\"><img loading=\"lazy\" decoding=\"async\" width=\"1004\" height=\"752\" src=\"https:\/\/www.naneurologistas.com.br\/wp-content\/uploads\/2022\/06\/download.png\" class=\"attachment-full size-full wp-image-838\" alt=\"\" srcset=\"https:\/\/www.naneurologistas.com.br\/wp-content\/uploads\/2022\/06\/download.png 1004w, https:\/\/www.naneurologistas.com.br\/wp-content\/uploads\/2022\/06\/download-300x225.png 300w, https:\/\/www.naneurologistas.com.br\/wp-content\/uploads\/2022\/06\/download-768x575.png 768w\" sizes=\"(max-width: 1004px) 100vw, 1004px\" \/><\/div>\n\t\t<\/a>\n\t\t\t\t<div class=\"elementor-post__text\">\n\t\t\t\t<h3 class=\"elementor-post__title\">\n\t\t\t<a href=\"https:\/\/www.naneurologistas.com.br\/?p=837\" >\n\t\t\t\tParticipa\u00e7\u00e3o no XXIX Congresso Brasileiro de Neurologia: Dr. Nasser Allam\t\t\t<\/a>\n\t\t<\/h3>\n\t\t\t\t<div class=\"elementor-post__excerpt\">\n\t\t\t<p>Dr. Nasser Allam, m\u00e9dico da NA Neurologistas Associados participou do XXIX Congresso Brasileiro de Neurologia. Por causa do<\/p>\n\t\t<\/div>\n\t\t\n\t\t<a class=\"elementor-post__read-more\" href=\"https:\/\/www.naneurologistas.com.br\/?p=837\" aria-label=\"Read more about Participa\u00e7\u00e3o no XXIX Congresso Brasileiro de Neurologia: Dr. Nasser Allam\" tabindex=\"-1\" >\n\t\t\tLeia mais\t\t<\/a>\n\n\t\t\t\t<\/div>\n\t\t\t\t<\/article>\n\t\t\t\t<\/div>\n\t\t\n\t\t\t\t<\/div>\n\t\t\t\t<\/div>\n\t\t\t\t\t<\/div>\n\t\t<\/div>\n\t\t\t\t\t<\/div>\n\t\t<\/section>\n\t\t\t\t<\/div>\n\t\t","protected":false},"excerpt":{"rendered":"<p>Blog<\/p>\n","protected":false},"author":7,"featured_media":0,"parent":0,"menu_order":0,"comment_status":"closed","ping_status":"closed","template":"elementor_header_footer","meta":{"ocean_post_layout":"","ocean_both_sidebars_style":"","ocean_both_sidebars_content_width":0,"ocean_both_sidebars_sidebars_width":0,"ocean_sidebar":"0","ocean_second_sidebar":"0","ocean_disable_margins":"enable","ocean_add_body_class":"","ocean_shortcode_before_top_bar":"","ocean_shortcode_after_top_bar":"","ocean_shortcode_before_header":"","ocean_shortcode_after_header":"","ocean_has_shortcode":"","ocean_shortcode_after_title":"","ocean_shortcode_before_footer_widgets":"","ocean_shortcode_after_footer_widgets":"","ocean_shortcode_before_footer_bottom":"","ocean_shortcode_after_footer_bottom":"","ocean_display_top_bar":"default","ocean_display_header":"default","ocean_header_style":"","ocean_center_header_left_menu":"0","ocean_custom_header_template":"0","ocean_custom_logo":0,"ocean_custom_retina_logo":0,"ocean_custom_logo_max_width":0,"ocean_custom_logo_tablet_max_width":0,"ocean_custom_logo_mobile_max_width":0,"ocean_custom_logo_max_height":0,"ocean_custom_logo_tablet_max_height":0,"ocean_custom_logo_mobile_max_height":0,"ocean_header_custom_menu":"0","ocean_menu_typo_font_family":"0","ocean_menu_typo_font_subset":"","ocean_menu_typo_font_size":0,"ocean_menu_typo_font_size_tablet":0,"ocean_menu_typo_font_size_mobile":0,"ocean_menu_typo_font_size_unit":"px","ocean_menu_typo_font_weight":"","ocean_menu_typo_font_weight_tablet":"","ocean_menu_typo_font_weight_mobile":"","ocean_menu_typo_transform":"","ocean_menu_typo_transform_tablet":"","ocean_menu_typo_transform_mobile":"","ocean_menu_typo_line_height":0,"ocean_menu_typo_line_height_tablet":0,"ocean_menu_typo_line_height_mobile":0,"ocean_menu_typo_line_height_unit":"","ocean_menu_typo_spacing":0,"ocean_menu_typo_spacing_tablet":0,"ocean_menu_typo_spacing_mobile":0,"ocean_menu_typo_spacing_unit":"","ocean_menu_link_color":"","ocean_menu_link_color_hover":"","ocean_menu_link_color_active":"","ocean_menu_link_background":"","ocean_menu_link_hover_background":"","ocean_menu_link_active_background":"","ocean_menu_social_links_bg":"","ocean_menu_social_hover_links_bg":"","ocean_menu_social_links_color":"","ocean_menu_social_hover_links_color":"","ocean_disable_title":"default","ocean_disable_heading":"default","ocean_post_title":"","ocean_post_subheading":"","ocean_post_title_style":"","ocean_post_title_background_color":"","ocean_post_title_background":0,"ocean_post_title_bg_image_position":"","ocean_post_title_bg_image_attachment":"","ocean_post_title_bg_image_repeat":"","ocean_post_title_bg_image_size":"","ocean_post_title_height":0,"ocean_post_title_bg_overlay":0.5,"ocean_post_title_bg_overlay_color":"","ocean_disable_breadcrumbs":"default","ocean_breadcrumbs_color":"","ocean_breadcrumbs_separator_color":"","ocean_breadcrumbs_links_color":"","ocean_breadcrumbs_links_hover_color":"","ocean_display_footer_widgets":"default","ocean_display_footer_bottom":"default","ocean_custom_footer_template":"0","footnotes":""},"class_list":["post-1357","page","type-page","status-publish","hentry","entry","has-media"],"_links":{"self":[{"href":"https:\/\/www.naneurologistas.com.br\/index.php?rest_route=\/wp\/v2\/pages\/1357","targetHints":{"allow":["GET"]}}],"collection":[{"href":"https:\/\/www.naneurologistas.com.br\/index.php?rest_route=\/wp\/v2\/pages"}],"about":[{"href":"https:\/\/www.naneurologistas.com.br\/index.php?rest_route=\/wp\/v2\/types\/page"}],"author":[{"embeddable":true,"href":"https:\/\/www.naneurologistas.com.br\/index.php?rest_route=\/wp\/v2\/users\/7"}],"replies":[{"embeddable":true,"href":"https:\/\/www.naneurologistas.com.br\/index.php?rest_route=%2Fwp%2Fv2%2Fcomments&post=1357"}],"version-history":[{"count":37,"href":"https:\/\/www.naneurologistas.com.br\/index.php?rest_route=\/wp\/v2\/pages\/1357\/revisions"}],"predecessor-version":[{"id":2902,"href":"https:\/\/www.naneurologistas.com.br\/index.php?rest_route=\/wp\/v2\/pages\/1357\/revisions\/2902"}],"wp:attachment":[{"href":"https:\/\/www.naneurologistas.com.br\/index.php?rest_route=%2Fwp%2Fv2%2Fmedia&parent=1357"}],"curies":[{"name":"wp","href":"https:\/\/api.w.org\/{rel}","templated":true}]}}