{"id":1224,"date":"2022-06-21T15:39:05","date_gmt":"2022-06-21T18:39:05","guid":{"rendered":"https:\/\/conectandopessoas.net\/cria\/na\/?page_id=1224"},"modified":"2024-02-27T12:27:55","modified_gmt":"2024-02-27T15:27:55","slug":"doencas","status":"publish","type":"page","link":"https:\/\/www.naneurologistas.com.br\/?page_id=1224","title":{"rendered":"Doen\u00e7as"},"content":{"rendered":"\t\t<div data-elementor-type=\"wp-page\" data-elementor-id=\"1224\" class=\"elementor elementor-1224\" data-elementor-post-type=\"page\">\n\t\t\t\t\t\t<section class=\"elementor-section elementor-top-section elementor-element elementor-element-6c0f4ef elementor-section-height-min-height elementor-section-items-bottom elementor-section-boxed elementor-section-height-default\" data-id=\"6c0f4ef\" data-element_type=\"section\" data-settings=\"{&quot;background_background&quot;:&quot;classic&quot;}\">\n\t\t\t\t\t\t<div class=\"elementor-container elementor-column-gap-default\">\n\t\t\t\t\t<div class=\"elementor-column elementor-col-100 elementor-top-column elementor-element elementor-element-086dedb\" data-id=\"086dedb\" data-element_type=\"column\">\n\t\t\t<div class=\"elementor-widget-wrap elementor-element-populated\">\n\t\t\t\t\t\t<div class=\"elementor-element elementor-element-0f9918d animated-slow elementor-invisible elementor-widget elementor-widget-heading\" data-id=\"0f9918d\" data-element_type=\"widget\" data-settings=\"{&quot;_animation&quot;:&quot;fadeIn&quot;,&quot;_animation_delay&quot;:200}\" data-widget_type=\"heading.default\">\n\t\t\t\t<div class=\"elementor-widget-container\">\n\t\t\t<h2 class=\"elementor-heading-title elementor-size-default\">Doen\u00e7as<\/h2>\t\t<\/div>\n\t\t\t\t<\/div>\n\t\t\t\t\t<\/div>\n\t\t<\/div>\n\t\t\t\t\t<\/div>\n\t\t<\/section>\n\t\t\t\t<section class=\"elementor-section elementor-top-section elementor-element elementor-element-100d346 elementor-section-boxed elementor-section-height-default elementor-section-height-default\" data-id=\"100d346\" data-element_type=\"section\" data-settings=\"{&quot;background_background&quot;:&quot;classic&quot;}\">\n\t\t\t\t\t\t<div class=\"elementor-container elementor-column-gap-default\">\n\t\t\t\t\t<div class=\"elementor-column elementor-col-100 elementor-top-column elementor-element elementor-element-425340f\" data-id=\"425340f\" data-element_type=\"column\">\n\t\t\t<div class=\"elementor-widget-wrap elementor-element-populated\">\n\t\t\t\t\t\t<div class=\"elementor-element elementor-element-def3096 elementor-widget elementor-widget-html\" data-id=\"def3096\" data-element_type=\"widget\" data-widget_type=\"html.default\">\n\t\t\t\t<div class=\"elementor-widget-container\">\n\t\t\t<script>\r\njQuery(document).ready(function($) {\r\nvar delay = 100; setTimeout(function() {\r\n$('.elementor-tab-title').removeClass('elementor-active');\r\n $('.elementor-tab-content').css('display', 'none'); }, delay);\r\n});\r\n<\/script>\t\t<\/div>\n\t\t\t\t<\/div>\n\t\t\t\t<div class=\"elementor-element elementor-element-b104548 elementor-hidden-mobile elementor-widget elementor-widget-toggle\" data-id=\"b104548\" data-element_type=\"widget\" data-widget_type=\"toggle.default\">\n\t\t\t\t<div class=\"elementor-widget-container\">\n\t\t\t\t\t<div class=\"elementor-toggle\">\n\t\t\t\t\t\t\t<div class=\"elementor-toggle-item\">\n\t\t\t\t\t<div id=\"elementor-tab-title-1851\" class=\"elementor-tab-title\" data-tab=\"1\" role=\"button\" aria-controls=\"elementor-tab-content-1851\" aria-expanded=\"false\">\n\t\t\t\t\t\t\t\t\t\t\t\t<span class=\"elementor-toggle-icon elementor-toggle-icon-right\" aria-hidden=\"true\">\n\t\t\t\t\t\t\t\t\t\t\t\t\t\t\t<span class=\"elementor-toggle-icon-closed\"><svg xmlns=\"http:\/\/www.w3.org\/2000\/svg\" xmlns:xlink=\"http:\/\/www.w3.org\/1999\/xlink\" id=\"Capa_1\" x=\"0px\" y=\"0px\" viewBox=\"0 0 512 512\" style=\"enable-background:new 0 0 512 512;\" xml:space=\"preserve\"><style type=\"text\/css\">\t.st0{stroke:#000000;stroke-width:5;stroke-miterlimit:10;}<\/style><g>\t<g>\t\t<path d=\"M256,512c141.1,0,256-114.8,256-256S397.2,0,256,0S0,114.8,0,256S114.9,512,256,512z M256,472.3   c-119.3,0-216.3-97.1-216.3-216.3S136.7,39.7,256,39.7S472.3,136.7,472.3,256C472.3,375.3,375.3,472.3,256,472.3z\"><\/path>\t<\/g><\/g><g>\t<path class=\"st0\" d=\"M256,325.1c4.3,0,8.7-1.7,12-5l104.3-104.3c6.6-6.6,6.6-17.4,0-24c-6.6-6.6-17.4-6.6-24,0L256,284.1  l-92.3-92.3c-6.6-6.6-17.4-6.6-24,0c-6.6,6.6-6.6,17.4,0,24L244,320.1C247.3,323.5,251.7,325.1,256,325.1z\"><\/path><\/g><\/svg><\/span>\n\t\t\t\t\t\t\t\t<span class=\"elementor-toggle-icon-opened\"><svg xmlns=\"http:\/\/www.w3.org\/2000\/svg\" xmlns:xlink=\"http:\/\/www.w3.org\/1999\/xlink\" id=\"Capa_1\" x=\"0px\" y=\"0px\" viewBox=\"0 0 512 512\" style=\"enable-background:new 0 0 512 512;\" xml:space=\"preserve\"><style type=\"text\/css\">\t.st0{stroke:#000000;stroke-width:5;stroke-miterlimit:10;}<\/style><g>\t<g>\t\t<path d=\"M0,256c0,141.2,114.8,256,256,256s256-114.8,256-256S397.1,0,256,0S0,114.8,0,256z M472.3,256   c0,119.3-97,216.3-216.3,216.3S39.7,375.3,39.7,256S136.7,39.7,256,39.7S472.3,136.7,472.3,256z\"><\/path>\t<\/g><\/g><g>\t<path class=\"st0\" d=\"M256,186.9c4.3,0,8.7,1.7,12,5l104.3,104.3c6.6,6.6,6.6,17.4,0,24c-6.6,6.6-17.4,6.6-24,0L256,227.9  l-92.3,92.3c-6.6,6.6-17.4,6.6-24,0c-6.6-6.6-6.6-17.4,0-24L244,191.9C247.3,188.5,251.7,186.9,256,186.9z\"><\/path><\/g><\/svg><\/span>\n\t\t\t\t\t\t\t\t\t\t\t\t\t<\/span>\n\t\t\t\t\t\t\t\t\t\t\t\t<a class=\"elementor-toggle-title\" tabindex=\"0\">Ansiedade<\/a>\n\t\t\t\t\t<\/div>\n\n\t\t\t\t\t<div id=\"elementor-tab-content-1851\" class=\"elementor-tab-content elementor-clearfix\" data-tab=\"1\" role=\"region\" aria-labelledby=\"elementor-tab-title-1851\"><div style=\"display: flex;\">\n<div style=\"width: 50%;\">\n\n<span style=\"font-weight: 400;\"><span style=\"font-weight: 400;\">Os transtornos de ansiedade est\u00e3o relacionados ao funcionamento do corpo e as experi\u00eancias de vida. Dependendo da intensidade, a ansiedade pode vir a tornar-se patol\u00f3gica, prejudicial ao nosso funcionamento ps\u00edquico (mental) e som\u00e1tico (corporal).<\/span><\/span>\n\n&nbsp;\n\n<span style=\"font-weight: 400;\">Os sintomas s\u00e3o intensos,o que causa:\u00a0<\/span>\n<ul>\n \t<li style=\"font-weight: 400;\" aria-level=\"1\"><span style=\"font-weight: 400;\">Preocupa\u00e7\u00f5es, tens\u00f5es ou medos exagerados;<\/span><\/li>\n \t<li style=\"font-weight: 400;\" aria-level=\"1\"><span style=\"font-weight: 400;\">Fadiga, falta de ar;<\/span><\/li>\n \t<li style=\"font-weight: 400;\" aria-level=\"1\"><span style=\"font-weight: 400;\">Dores musculares na regi\u00e3o dos ombros e pesco\u00e7o;<\/span><\/li>\n \t<li style=\"font-weight: 400;\" aria-level=\"1\"><span style=\"font-weight: 400;\">Inquieta\u00e7\u00e3o e dificuldade para se concentrar;<\/span><\/li>\n \t<li style=\"font-weight: 400;\" aria-level=\"1\"><span style=\"font-weight: 400;\">Falta de controle sobre pensamentos, imagens ou atitudes, que se repetem independentemente da vontade;<\/span><\/li>\n \t<li style=\"font-weight: 400;\" aria-level=\"1\"><span style=\"font-weight: 400;\">Pavor depois de uma situa\u00e7\u00e3o dif\u00edcil.<\/span><\/li>\n<\/ul>\n<\/div>\n<div style=\"width: 50%;\"><img decoding=\"async\" class=\"alignnone size-medium wp-image-1227\" style=\"float: right;\" src=\"https:\/\/www.naneurologistas.com.br\/wp-content\/uploads\/2022\/06\/imagem_ansiedade-300x214.jpg\" alt=\"\" width=\"468px\" height=\"334px\" srcset=\"https:\/\/www.naneurologistas.com.br\/wp-content\/uploads\/2022\/06\/imagem_ansiedade-300x214.jpg 300w, https:\/\/www.naneurologistas.com.br\/wp-content\/uploads\/2022\/06\/imagem_ansiedade.jpg 468w\" sizes=\"(max-width: 300px) 100vw, 300px\" \/><\/div>\n<\/div><\/div>\n\t\t\t\t<\/div>\n\t\t\t\t\t\t\t<div class=\"elementor-toggle-item\">\n\t\t\t\t\t<div id=\"elementor-tab-title-1852\" class=\"elementor-tab-title\" data-tab=\"2\" role=\"button\" aria-controls=\"elementor-tab-content-1852\" aria-expanded=\"false\">\n\t\t\t\t\t\t\t\t\t\t\t\t<span class=\"elementor-toggle-icon elementor-toggle-icon-right\" aria-hidden=\"true\">\n\t\t\t\t\t\t\t\t\t\t\t\t\t\t\t<span class=\"elementor-toggle-icon-closed\"><svg xmlns=\"http:\/\/www.w3.org\/2000\/svg\" xmlns:xlink=\"http:\/\/www.w3.org\/1999\/xlink\" id=\"Capa_1\" x=\"0px\" y=\"0px\" viewBox=\"0 0 512 512\" style=\"enable-background:new 0 0 512 512;\" xml:space=\"preserve\"><style type=\"text\/css\">\t.st0{stroke:#000000;stroke-width:5;stroke-miterlimit:10;}<\/style><g>\t<g>\t\t<path d=\"M256,512c141.1,0,256-114.8,256-256S397.2,0,256,0S0,114.8,0,256S114.9,512,256,512z M256,472.3   c-119.3,0-216.3-97.1-216.3-216.3S136.7,39.7,256,39.7S472.3,136.7,472.3,256C472.3,375.3,375.3,472.3,256,472.3z\"><\/path>\t<\/g><\/g><g>\t<path class=\"st0\" d=\"M256,325.1c4.3,0,8.7-1.7,12-5l104.3-104.3c6.6-6.6,6.6-17.4,0-24c-6.6-6.6-17.4-6.6-24,0L256,284.1  l-92.3-92.3c-6.6-6.6-17.4-6.6-24,0c-6.6,6.6-6.6,17.4,0,24L244,320.1C247.3,323.5,251.7,325.1,256,325.1z\"><\/path><\/g><\/svg><\/span>\n\t\t\t\t\t\t\t\t<span class=\"elementor-toggle-icon-opened\"><svg xmlns=\"http:\/\/www.w3.org\/2000\/svg\" xmlns:xlink=\"http:\/\/www.w3.org\/1999\/xlink\" id=\"Capa_1\" x=\"0px\" y=\"0px\" viewBox=\"0 0 512 512\" style=\"enable-background:new 0 0 512 512;\" xml:space=\"preserve\"><style type=\"text\/css\">\t.st0{stroke:#000000;stroke-width:5;stroke-miterlimit:10;}<\/style><g>\t<g>\t\t<path d=\"M0,256c0,141.2,114.8,256,256,256s256-114.8,256-256S397.1,0,256,0S0,114.8,0,256z M472.3,256   c0,119.3-97,216.3-216.3,216.3S39.7,375.3,39.7,256S136.7,39.7,256,39.7S472.3,136.7,472.3,256z\"><\/path>\t<\/g><\/g><g>\t<path class=\"st0\" d=\"M256,186.9c4.3,0,8.7,1.7,12,5l104.3,104.3c6.6,6.6,6.6,17.4,0,24c-6.6,6.6-17.4,6.6-24,0L256,227.9  l-92.3,92.3c-6.6,6.6-17.4,6.6-24,0c-6.6-6.6-6.6-17.4,0-24L244,191.9C247.3,188.5,251.7,186.9,256,186.9z\"><\/path><\/g><\/svg><\/span>\n\t\t\t\t\t\t\t\t\t\t\t\t\t<\/span>\n\t\t\t\t\t\t\t\t\t\t\t\t<a class=\"elementor-toggle-title\" tabindex=\"0\">Acidente Vascular Cerebral (AVC)<\/a>\n\t\t\t\t\t<\/div>\n\n\t\t\t\t\t<div id=\"elementor-tab-content-1852\" class=\"elementor-tab-content elementor-clearfix\" data-tab=\"2\" role=\"region\" aria-labelledby=\"elementor-tab-title-1852\"><div style=\"display: flex;\">\n<div style=\"width: 50%;\">\n\n<span style=\"font-weight: 400;\">O que \u00e9 o AVC?<\/span>\n<br><br>\n<span style=\"font-weight: 400;\">O acidente vascular cerebral, popularmente chamado de \u201cderrame\u201d, ocorre quando o fluxo sangu\u00edneo para parte do c\u00e9rebro \u00e9 subitamente interrompido (geralmente por um co\u00e1gulo) ou quando um vaso sangu\u00edneo cerebral se rompe, espalhando sangue nos espa\u00e7os entre os neur\u00f4nios. Neur\u00f4nios morrem quando n\u00e3o podem mais receber o oxig\u00eanio ou os nutrientes trazidos pelo sangue ou quando h\u00e1 um s\u00fabito sangramento dentro ou em torno do c\u00e9rebro.<\/span>\n<br><br>\n<button class=\"botaoDoencas\"><a href=\"https:\/\/www.naneurologistas.com.br\/blog\/avc-quais-sao-os-sintomas\" target=\"_blank\" rel=\"noopener\">SAIBA MAIS<\/a><\/button>\n\n<\/div>\n<div style=\"width: 50%;\"><img fetchpriority=\"high\" decoding=\"async\" class=\"alignnone size-medium wp-image-1258\" style=\"float: right;\" src=\"https:\/\/www.naneurologistas.com.br\/wp-content\/uploads\/2022\/06\/imagem_avc-300x214.jpg\" alt=\"\" width=\"468\" height=\"334\" srcset=\"https:\/\/www.naneurologistas.com.br\/wp-content\/uploads\/2022\/06\/imagem_avc-300x214.jpg 300w, https:\/\/www.naneurologistas.com.br\/wp-content\/uploads\/2022\/06\/imagem_avc.jpg 468w\" sizes=\"(max-width: 468px) 100vw, 468px\" \/><\/div>\n<\/div><\/div>\n\t\t\t\t<\/div>\n\t\t\t\t\t\t\t<div class=\"elementor-toggle-item\">\n\t\t\t\t\t<div id=\"elementor-tab-title-1853\" class=\"elementor-tab-title\" data-tab=\"3\" role=\"button\" aria-controls=\"elementor-tab-content-1853\" aria-expanded=\"false\">\n\t\t\t\t\t\t\t\t\t\t\t\t<span class=\"elementor-toggle-icon elementor-toggle-icon-right\" aria-hidden=\"true\">\n\t\t\t\t\t\t\t\t\t\t\t\t\t\t\t<span class=\"elementor-toggle-icon-closed\"><svg xmlns=\"http:\/\/www.w3.org\/2000\/svg\" xmlns:xlink=\"http:\/\/www.w3.org\/1999\/xlink\" id=\"Capa_1\" x=\"0px\" y=\"0px\" viewBox=\"0 0 512 512\" style=\"enable-background:new 0 0 512 512;\" xml:space=\"preserve\"><style type=\"text\/css\">\t.st0{stroke:#000000;stroke-width:5;stroke-miterlimit:10;}<\/style><g>\t<g>\t\t<path d=\"M256,512c141.1,0,256-114.8,256-256S397.2,0,256,0S0,114.8,0,256S114.9,512,256,512z M256,472.3   c-119.3,0-216.3-97.1-216.3-216.3S136.7,39.7,256,39.7S472.3,136.7,472.3,256C472.3,375.3,375.3,472.3,256,472.3z\"><\/path>\t<\/g><\/g><g>\t<path class=\"st0\" d=\"M256,325.1c4.3,0,8.7-1.7,12-5l104.3-104.3c6.6-6.6,6.6-17.4,0-24c-6.6-6.6-17.4-6.6-24,0L256,284.1  l-92.3-92.3c-6.6-6.6-17.4-6.6-24,0c-6.6,6.6-6.6,17.4,0,24L244,320.1C247.3,323.5,251.7,325.1,256,325.1z\"><\/path><\/g><\/svg><\/span>\n\t\t\t\t\t\t\t\t<span class=\"elementor-toggle-icon-opened\"><svg xmlns=\"http:\/\/www.w3.org\/2000\/svg\" xmlns:xlink=\"http:\/\/www.w3.org\/1999\/xlink\" id=\"Capa_1\" x=\"0px\" y=\"0px\" viewBox=\"0 0 512 512\" style=\"enable-background:new 0 0 512 512;\" xml:space=\"preserve\"><style type=\"text\/css\">\t.st0{stroke:#000000;stroke-width:5;stroke-miterlimit:10;}<\/style><g>\t<g>\t\t<path d=\"M0,256c0,141.2,114.8,256,256,256s256-114.8,256-256S397.1,0,256,0S0,114.8,0,256z M472.3,256   c0,119.3-97,216.3-216.3,216.3S39.7,375.3,39.7,256S136.7,39.7,256,39.7S472.3,136.7,472.3,256z\"><\/path>\t<\/g><\/g><g>\t<path class=\"st0\" d=\"M256,186.9c4.3,0,8.7,1.7,12,5l104.3,104.3c6.6,6.6,6.6,17.4,0,24c-6.6,6.6-17.4,6.6-24,0L256,227.9  l-92.3,92.3c-6.6,6.6-17.4,6.6-24,0c-6.6-6.6-6.6-17.4,0-24L244,191.9C247.3,188.5,251.7,186.9,256,186.9z\"><\/path><\/g><\/svg><\/span>\n\t\t\t\t\t\t\t\t\t\t\t\t\t<\/span>\n\t\t\t\t\t\t\t\t\t\t\t\t<a class=\"elementor-toggle-title\" tabindex=\"0\">Blefaroespasmo essencial<\/a>\n\t\t\t\t\t<\/div>\n\n\t\t\t\t\t<div id=\"elementor-tab-content-1853\" class=\"elementor-tab-content elementor-clearfix\" data-tab=\"3\" role=\"region\" aria-labelledby=\"elementor-tab-title-1853\"><div style=\"display: flex;\">\n    <div style=\"width: 50%;\">\n        <span style=\"font-weight: 400;\">O que \u00e9 o blefaroespasmo essencial?<\/span>\n\n        <br><br>\n        <span style=\"font-weight: 400;\">O blefaroespasmo essencial \u00e9 um tipo de distonia focal comum em adultos. A sua\n            manifesta\u00e7\u00e3o mais caracter\u00edstica \u00e9 a ocorr\u00eancia de contra\u00e7\u00f5es involunt\u00e1rias dos m\u00fasculos localizados ao\n            redor dos olhos, levando a fechamento for\u00e7ado dos olhos e impedindo sua abertura e fechamento\n            normais.<\/span>\n        <br><br>\n        <span style=\"font-weight: 400;\">Sua ocorr\u00eancia predomina ap\u00f3s a sexta d\u00e9cada de vida e em mulheres. A gravidade\n            \u00e9 bem vari\u00e1vel: podem ocorrer de pequenos desconfortos pelo piscamento excessivo a fechamento for\u00e7ado\n            persistente dos olhos.\n        <\/span>\n        <br><br>\n        <button class=\"botaoDoencas\"><a href=\"https:\/\/www.naneurologistas.com.br\/blog\/blefaroespasmo-essencial\"\n                target=\"_blank\" rel=\"noopener\">SAIBA MAIS<\/a><\/button>\n            <\/div>\n        <div style=\"width: 50%;\"><img decoding=\"async\" class=\"alignnone size-medium wp-image-1227\" style=\"float: right;\"\n                src=\"https:\/\/www.naneurologistas.com.br\/wp-content\/uploads\/2022\/07\/medicine-health-care-and-eyesight-concept-unrecognizable-female-shows-her-inflated-red-eye-with-blood-capillary-2048x1365-1-300x200.jpg\"\n                alt=\"\" width=\"468px\" height=\"334px\" \/><\/div>\n    <\/div><\/div>\n\t\t\t\t<\/div>\n\t\t\t\t\t\t\t<div class=\"elementor-toggle-item\">\n\t\t\t\t\t<div id=\"elementor-tab-title-1854\" class=\"elementor-tab-title\" data-tab=\"4\" role=\"button\" aria-controls=\"elementor-tab-content-1854\" aria-expanded=\"false\">\n\t\t\t\t\t\t\t\t\t\t\t\t<span class=\"elementor-toggle-icon elementor-toggle-icon-right\" aria-hidden=\"true\">\n\t\t\t\t\t\t\t\t\t\t\t\t\t\t\t<span class=\"elementor-toggle-icon-closed\"><svg xmlns=\"http:\/\/www.w3.org\/2000\/svg\" xmlns:xlink=\"http:\/\/www.w3.org\/1999\/xlink\" id=\"Capa_1\" x=\"0px\" y=\"0px\" viewBox=\"0 0 512 512\" style=\"enable-background:new 0 0 512 512;\" xml:space=\"preserve\"><style type=\"text\/css\">\t.st0{stroke:#000000;stroke-width:5;stroke-miterlimit:10;}<\/style><g>\t<g>\t\t<path d=\"M256,512c141.1,0,256-114.8,256-256S397.2,0,256,0S0,114.8,0,256S114.9,512,256,512z M256,472.3   c-119.3,0-216.3-97.1-216.3-216.3S136.7,39.7,256,39.7S472.3,136.7,472.3,256C472.3,375.3,375.3,472.3,256,472.3z\"><\/path>\t<\/g><\/g><g>\t<path class=\"st0\" d=\"M256,325.1c4.3,0,8.7-1.7,12-5l104.3-104.3c6.6-6.6,6.6-17.4,0-24c-6.6-6.6-17.4-6.6-24,0L256,284.1  l-92.3-92.3c-6.6-6.6-17.4-6.6-24,0c-6.6,6.6-6.6,17.4,0,24L244,320.1C247.3,323.5,251.7,325.1,256,325.1z\"><\/path><\/g><\/svg><\/span>\n\t\t\t\t\t\t\t\t<span class=\"elementor-toggle-icon-opened\"><svg xmlns=\"http:\/\/www.w3.org\/2000\/svg\" xmlns:xlink=\"http:\/\/www.w3.org\/1999\/xlink\" id=\"Capa_1\" x=\"0px\" y=\"0px\" viewBox=\"0 0 512 512\" style=\"enable-background:new 0 0 512 512;\" xml:space=\"preserve\"><style type=\"text\/css\">\t.st0{stroke:#000000;stroke-width:5;stroke-miterlimit:10;}<\/style><g>\t<g>\t\t<path d=\"M0,256c0,141.2,114.8,256,256,256s256-114.8,256-256S397.1,0,256,0S0,114.8,0,256z M472.3,256   c0,119.3-97,216.3-216.3,216.3S39.7,375.3,39.7,256S136.7,39.7,256,39.7S472.3,136.7,472.3,256z\"><\/path>\t<\/g><\/g><g>\t<path class=\"st0\" d=\"M256,186.9c4.3,0,8.7,1.7,12,5l104.3,104.3c6.6,6.6,6.6,17.4,0,24c-6.6,6.6-17.4,6.6-24,0L256,227.9  l-92.3,92.3c-6.6,6.6-17.4,6.6-24,0c-6.6-6.6-6.6-17.4,0-24L244,191.9C247.3,188.5,251.7,186.9,256,186.9z\"><\/path><\/g><\/svg><\/span>\n\t\t\t\t\t\t\t\t\t\t\t\t\t<\/span>\n\t\t\t\t\t\t\t\t\t\t\t\t<a class=\"elementor-toggle-title\" tabindex=\"0\">Depress\u00e3o<\/a>\n\t\t\t\t\t<\/div>\n\n\t\t\t\t\t<div id=\"elementor-tab-content-1854\" class=\"elementor-tab-content elementor-clearfix\" data-tab=\"4\" role=\"region\" aria-labelledby=\"elementor-tab-title-1854\"><div style=\"display: flex;\">\n<div style=\"width: 50%;\"><span style=\"font-weight: 400;\">A depress\u00e3o \u00e9 considerada pela Organiza\u00e7\u00e3o Mundial da Sa\u00fade (OMS) como o &#8220;Mal do S\u00e9culo&#8221;. No sentido patol\u00f3gico, h\u00e1 presen\u00e7a de pessimismo, tristeza, baixa auto-estima, que aparecem com frequ\u00eancia e podem combinar-se entre si. A depress\u00e3o provoca a aus\u00eancia de prazer em coisas que antes faziam bem, e grande oscila\u00e7\u00e3o de humor e pensamentos, que podem culminar em comportamentos e atos suicidas.\u00a0<\/span><span style=\"font-weight: 400;\"><br><br>Al\u00e9m das altera\u00e7\u00f5es de humor ou irritabilidade, ansiedade e ang\u00fastia, a depress\u00e3o possui diversos sinais e sintomas, que podem ser isolados ou somatizados. Os principais sintomas s\u00e3o:<\/span>\n<ul>\n \t<li style=\"font-weight: 400;\" aria-level=\"1\"><span style=\"font-weight: 400;\">Irritabilidade, ansiedade e ang\u00fastia;<\/span><\/li>\n \t<li style=\"font-weight: 400;\" aria-level=\"1\"><span style=\"font-weight: 400;\">Des\u00e2nimo, cansa\u00e7o f\u00e1cil, necessidade de maior esfor\u00e7o para fazer as coisas;<\/span><\/li>\n \t<li style=\"font-weight: 400;\" aria-level=\"1\"><span style=\"font-weight: 400;\">Diminui\u00e7\u00e3o ou incapacidade de sentir alegria e prazer ;<\/span><\/li>\n \t<li style=\"font-weight: 400;\" aria-level=\"1\"><span style=\"font-weight: 400;\">Desinteresse, falta de motiva\u00e7\u00e3o e apatia;<\/span><\/li>\n \t<li style=\"font-weight: 400;\" aria-level=\"1\"><span style=\"font-weight: 400;\">Sentimentos de medo, inseguran\u00e7a, desesperan\u00e7a, desespero e desamparo;<\/span><\/li>\n \t<li style=\"font-weight: 400;\" aria-level=\"1\"><span style=\"font-weight: 400;\">Pessimismo, ideias frequentes e desproporcionais de culpa, baixa auto-estima;<\/span><\/li>\n \t<li style=\"font-weight: 400;\" aria-level=\"1\"><span style=\"font-weight: 400;\">Sensa\u00e7\u00e3o, inutilidade, ru\u00edna e fracasso;<\/span><\/li>\n \t<li style=\"font-weight: 400;\" aria-level=\"1\"><span style=\"font-weight: 400;\">Interpreta\u00e7\u00e3o distorcida e negativa da realidade;<\/span><\/li>\n \t<li style=\"font-weight: 400;\" aria-level=\"1\"><span style=\"font-weight: 400;\">Ins\u00f4nia ou despertar matinal precoce;<\/span><\/li>\n \t<li style=\"font-weight: 400;\" aria-level=\"1\"><span style=\"font-weight: 400;\">Dores e outros sintomas f\u00edsicos n\u00e3o justificados por problemas m\u00e9dicos, entre outros.\u00a0<\/span><\/li>\n<\/ul>\n<\/div>\n<div style=\"width: 50%;\"><img decoding=\"async\" class=\"alignnone size-medium wp-image-1260\" style=\"float: right;\" src=\"https:\/\/www.naneurologistas.com.br\/wp-content\/uploads\/2022\/06\/imagem_depressao-300x214.jpg\" alt=\"\" width=\"468\" height=\"334\" srcset=\"https:\/\/www.naneurologistas.com.br\/wp-content\/uploads\/2022\/06\/imagem_depressao-300x214.jpg 300w, https:\/\/www.naneurologistas.com.br\/wp-content\/uploads\/2022\/06\/imagem_depressao.jpg 468w\" sizes=\"(max-width: 468px) 100vw, 468px\" \/><\/div>\n<\/div><\/div>\n\t\t\t\t<\/div>\n\t\t\t\t\t\t\t<div class=\"elementor-toggle-item\">\n\t\t\t\t\t<div id=\"elementor-tab-title-1855\" class=\"elementor-tab-title\" data-tab=\"5\" role=\"button\" aria-controls=\"elementor-tab-content-1855\" aria-expanded=\"false\">\n\t\t\t\t\t\t\t\t\t\t\t\t<span class=\"elementor-toggle-icon elementor-toggle-icon-right\" aria-hidden=\"true\">\n\t\t\t\t\t\t\t\t\t\t\t\t\t\t\t<span class=\"elementor-toggle-icon-closed\"><svg xmlns=\"http:\/\/www.w3.org\/2000\/svg\" xmlns:xlink=\"http:\/\/www.w3.org\/1999\/xlink\" id=\"Capa_1\" x=\"0px\" y=\"0px\" viewBox=\"0 0 512 512\" style=\"enable-background:new 0 0 512 512;\" xml:space=\"preserve\"><style type=\"text\/css\">\t.st0{stroke:#000000;stroke-width:5;stroke-miterlimit:10;}<\/style><g>\t<g>\t\t<path d=\"M256,512c141.1,0,256-114.8,256-256S397.2,0,256,0S0,114.8,0,256S114.9,512,256,512z M256,472.3   c-119.3,0-216.3-97.1-216.3-216.3S136.7,39.7,256,39.7S472.3,136.7,472.3,256C472.3,375.3,375.3,472.3,256,472.3z\"><\/path>\t<\/g><\/g><g>\t<path class=\"st0\" d=\"M256,325.1c4.3,0,8.7-1.7,12-5l104.3-104.3c6.6-6.6,6.6-17.4,0-24c-6.6-6.6-17.4-6.6-24,0L256,284.1  l-92.3-92.3c-6.6-6.6-17.4-6.6-24,0c-6.6,6.6-6.6,17.4,0,24L244,320.1C247.3,323.5,251.7,325.1,256,325.1z\"><\/path><\/g><\/svg><\/span>\n\t\t\t\t\t\t\t\t<span class=\"elementor-toggle-icon-opened\"><svg xmlns=\"http:\/\/www.w3.org\/2000\/svg\" xmlns:xlink=\"http:\/\/www.w3.org\/1999\/xlink\" id=\"Capa_1\" x=\"0px\" y=\"0px\" viewBox=\"0 0 512 512\" style=\"enable-background:new 0 0 512 512;\" xml:space=\"preserve\"><style type=\"text\/css\">\t.st0{stroke:#000000;stroke-width:5;stroke-miterlimit:10;}<\/style><g>\t<g>\t\t<path d=\"M0,256c0,141.2,114.8,256,256,256s256-114.8,256-256S397.1,0,256,0S0,114.8,0,256z M472.3,256   c0,119.3-97,216.3-216.3,216.3S39.7,375.3,39.7,256S136.7,39.7,256,39.7S472.3,136.7,472.3,256z\"><\/path>\t<\/g><\/g><g>\t<path class=\"st0\" d=\"M256,186.9c4.3,0,8.7,1.7,12,5l104.3,104.3c6.6,6.6,6.6,17.4,0,24c-6.6,6.6-17.4,6.6-24,0L256,227.9  l-92.3,92.3c-6.6,6.6-17.4,6.6-24,0c-6.6-6.6-6.6-17.4,0-24L244,191.9C247.3,188.5,251.7,186.9,256,186.9z\"><\/path><\/g><\/svg><\/span>\n\t\t\t\t\t\t\t\t\t\t\t\t\t<\/span>\n\t\t\t\t\t\t\t\t\t\t\t\t<a class=\"elementor-toggle-title\" tabindex=\"0\">Depend\u00eancia qu\u00edmica<\/a>\n\t\t\t\t\t<\/div>\n\n\t\t\t\t\t<div id=\"elementor-tab-content-1855\" class=\"elementor-tab-content elementor-clearfix\" data-tab=\"5\" role=\"region\" aria-labelledby=\"elementor-tab-title-1855\"><div style=\"display: flex;\">\n<div style=\"width: 50%;\">\n\n<span style=\"font-weight: 400;\">Reconhecida como uma doen\u00e7a pela Organiza\u00e7\u00e3o Mundial da Sa\u00fade (OMS), a depend\u00eancia qu\u00edmica consiste nas consequ\u00eancias f\u00edsicas e mentais trazidas pelo abuso de subst\u00e2ncias nocivas ao organismo. Elas podem ser tanto l\u00edcitas como o \u00e1lcool e a nicotina quanto il\u00edcitas como a <\/span><a href=\"https:\/\/hospitalsantamonica.com.br\/dependencia-quimica\/maconha\/\"><span style=\"font-weight: 400;\">maconha<\/span><\/a><span style=\"font-weight: 400;\">, <\/span><a href=\"https:\/\/hospitalsantamonica.com.br\/dependencia-quimica\/cocaina\/\"><span style=\"font-weight: 400;\">coca\u00edna<\/span><\/a><span style=\"font-weight: 400;\"> e o <\/span><a href=\"https:\/\/hospitalsantamonica.com.br\/dependencia-quimica\/crack\/\"><span style=\"font-weight: 400;\">crack<\/span><\/a><span style=\"font-weight: 400;\">, por exemplo.<\/span><br><br>\n\n<span style=\"font-weight: 400;\">Existe quem acredita que a doen\u00e7a n\u00e3o passa de um mero v\u00edcio ou falta de car\u00e1ter, o que n\u00e3o \u00e9 verdade. A depend\u00eancia qu\u00edmica, al\u00e9m de doen\u00e7a, tamb\u00e9m \u00e9 definida como um tipo de transtorno mental. Isso porque o uso excessivo e descontrolado de <\/span><a href=\"https:\/\/hospitalsantamonica.com.br\/tudo-o-que-voce-precisa-saber-sobre-drogas\/\"><span style=\"font-weight: 400;\">drogas<\/span><\/a><span style=\"font-weight: 400;\"> acaba por alterar a percep\u00e7\u00e3o do dependente qu\u00edmico, que muitas vezes n\u00e3o tem consci\u00eancia da sua situa\u00e7\u00e3o.<\/span>\n<\/div>\n<div style=\"width: 50%\">\n<img decoding=\"async\" class=\"alignnone size-medium wp-image-1265\" style=\"float: right;\" src=\"https:\/\/www.naneurologistas.com.br\/wp-content\/uploads\/2022\/06\/imagem_dependencia_quimica-300x214.jpg\"  alt=\"\" width=\"468\" height=\"334\" srcset=\"https:\/\/www.naneurologistas.com.br\/wp-content\/uploads\/2022\/06\/imagem_dependencia_quimica-300x214.jpg 300w, https:\/\/www.naneurologistas.com.br\/wp-content\/uploads\/2022\/06\/imagem_dependencia_quimica.jpg 468w\" sizes=\"(max-width: 468px) 100vw, 468px\" \/>\n<\/div>\n<\/div><\/div>\n\t\t\t\t<\/div>\n\t\t\t\t\t\t\t<div class=\"elementor-toggle-item\">\n\t\t\t\t\t<div id=\"elementor-tab-title-1856\" class=\"elementor-tab-title\" data-tab=\"6\" role=\"button\" aria-controls=\"elementor-tab-content-1856\" aria-expanded=\"false\">\n\t\t\t\t\t\t\t\t\t\t\t\t<span class=\"elementor-toggle-icon elementor-toggle-icon-right\" aria-hidden=\"true\">\n\t\t\t\t\t\t\t\t\t\t\t\t\t\t\t<span class=\"elementor-toggle-icon-closed\"><svg xmlns=\"http:\/\/www.w3.org\/2000\/svg\" xmlns:xlink=\"http:\/\/www.w3.org\/1999\/xlink\" id=\"Capa_1\" x=\"0px\" y=\"0px\" viewBox=\"0 0 512 512\" style=\"enable-background:new 0 0 512 512;\" xml:space=\"preserve\"><style type=\"text\/css\">\t.st0{stroke:#000000;stroke-width:5;stroke-miterlimit:10;}<\/style><g>\t<g>\t\t<path d=\"M256,512c141.1,0,256-114.8,256-256S397.2,0,256,0S0,114.8,0,256S114.9,512,256,512z M256,472.3   c-119.3,0-216.3-97.1-216.3-216.3S136.7,39.7,256,39.7S472.3,136.7,472.3,256C472.3,375.3,375.3,472.3,256,472.3z\"><\/path>\t<\/g><\/g><g>\t<path class=\"st0\" d=\"M256,325.1c4.3,0,8.7-1.7,12-5l104.3-104.3c6.6-6.6,6.6-17.4,0-24c-6.6-6.6-17.4-6.6-24,0L256,284.1  l-92.3-92.3c-6.6-6.6-17.4-6.6-24,0c-6.6,6.6-6.6,17.4,0,24L244,320.1C247.3,323.5,251.7,325.1,256,325.1z\"><\/path><\/g><\/svg><\/span>\n\t\t\t\t\t\t\t\t<span class=\"elementor-toggle-icon-opened\"><svg xmlns=\"http:\/\/www.w3.org\/2000\/svg\" xmlns:xlink=\"http:\/\/www.w3.org\/1999\/xlink\" id=\"Capa_1\" x=\"0px\" y=\"0px\" viewBox=\"0 0 512 512\" style=\"enable-background:new 0 0 512 512;\" xml:space=\"preserve\"><style type=\"text\/css\">\t.st0{stroke:#000000;stroke-width:5;stroke-miterlimit:10;}<\/style><g>\t<g>\t\t<path d=\"M0,256c0,141.2,114.8,256,256,256s256-114.8,256-256S397.1,0,256,0S0,114.8,0,256z M472.3,256   c0,119.3-97,216.3-216.3,216.3S39.7,375.3,39.7,256S136.7,39.7,256,39.7S472.3,136.7,472.3,256z\"><\/path>\t<\/g><\/g><g>\t<path class=\"st0\" d=\"M256,186.9c4.3,0,8.7,1.7,12,5l104.3,104.3c6.6,6.6,6.6,17.4,0,24c-6.6,6.6-17.4,6.6-24,0L256,227.9  l-92.3,92.3c-6.6,6.6-17.4,6.6-24,0c-6.6-6.6-6.6-17.4,0-24L244,191.9C247.3,188.5,251.7,186.9,256,186.9z\"><\/path><\/g><\/svg><\/span>\n\t\t\t\t\t\t\t\t\t\t\t\t\t<\/span>\n\t\t\t\t\t\t\t\t\t\t\t\t<a class=\"elementor-toggle-title\" tabindex=\"0\">Distonia<\/a>\n\t\t\t\t\t<\/div>\n\n\t\t\t\t\t<div id=\"elementor-tab-content-1856\" class=\"elementor-tab-content elementor-clearfix\" data-tab=\"6\" role=\"region\" aria-labelledby=\"elementor-tab-title-1856\"><div style=\"display: flex;\">\n<div style=\"width: 50%;\">\n\n<b>O que \u00e9 a distonia?<\/b>\n\n<span style=\"font-weight: 400;\">A distonia \u00e9 um dist\u00farbio neurol\u00f3gico que causa contra\u00e7\u00f5es musculares excessivas e involunt\u00e1rias. Essas contra\u00e7\u00f5es musculares resultam em movimentos musculares anormais e posturas corporais, dificultando o controle dos movimentos pelos indiv\u00edduos. Os movimentos e posturas podem ser dolorosos. Os movimentos dist\u00f4nicos s\u00e3o tipicamente padronizados (estereotipados) e repetitivos.<\/span>\n\n<span style=\"font-weight: 400;\">A distonia pode afetar qualquer regi\u00e3o do corpo, incluindo p\u00e1lpebras, rosto, mand\u00edbula, pesco\u00e7o, cordas vocais, tronco, membros, m\u00e3os e p\u00e9s. Dependendo da regi\u00e3o do corpo afetada, a distonia pode ser bem diferente de pessoa para pessoa.<\/span>\n\n<\/div>\n<div style=\"width: 50%;\"><img loading=\"lazy\" decoding=\"async\" class=\"alignnone size-medium wp-image-1270\" style=\"float: right;\" src=\"https:\/\/www.naneurologistas.com.br\/wp-content\/uploads\/2022\/06\/imagem_distonia-300x214.jpg\" alt=\"\" width=\"468\" height=\"344\" \/><\/div>\n<\/div>\n<button class=\"botaoDoencas\"><a href=\"https:\/\/www.naneurologistas.com.br\/sem-categoria\/distonia?\" target=\"_blank\" rel=\"noopener\">SAIBA MAIS<\/a><\/button><\/div>\n\t\t\t\t<\/div>\n\t\t\t\t\t\t\t<div class=\"elementor-toggle-item\">\n\t\t\t\t\t<div id=\"elementor-tab-title-1857\" class=\"elementor-tab-title\" data-tab=\"7\" role=\"button\" aria-controls=\"elementor-tab-content-1857\" aria-expanded=\"false\">\n\t\t\t\t\t\t\t\t\t\t\t\t<span class=\"elementor-toggle-icon elementor-toggle-icon-right\" aria-hidden=\"true\">\n\t\t\t\t\t\t\t\t\t\t\t\t\t\t\t<span class=\"elementor-toggle-icon-closed\"><svg xmlns=\"http:\/\/www.w3.org\/2000\/svg\" xmlns:xlink=\"http:\/\/www.w3.org\/1999\/xlink\" id=\"Capa_1\" x=\"0px\" y=\"0px\" viewBox=\"0 0 512 512\" style=\"enable-background:new 0 0 512 512;\" xml:space=\"preserve\"><style type=\"text\/css\">\t.st0{stroke:#000000;stroke-width:5;stroke-miterlimit:10;}<\/style><g>\t<g>\t\t<path d=\"M256,512c141.1,0,256-114.8,256-256S397.2,0,256,0S0,114.8,0,256S114.9,512,256,512z M256,472.3   c-119.3,0-216.3-97.1-216.3-216.3S136.7,39.7,256,39.7S472.3,136.7,472.3,256C472.3,375.3,375.3,472.3,256,472.3z\"><\/path>\t<\/g><\/g><g>\t<path class=\"st0\" d=\"M256,325.1c4.3,0,8.7-1.7,12-5l104.3-104.3c6.6-6.6,6.6-17.4,0-24c-6.6-6.6-17.4-6.6-24,0L256,284.1  l-92.3-92.3c-6.6-6.6-17.4-6.6-24,0c-6.6,6.6-6.6,17.4,0,24L244,320.1C247.3,323.5,251.7,325.1,256,325.1z\"><\/path><\/g><\/svg><\/span>\n\t\t\t\t\t\t\t\t<span class=\"elementor-toggle-icon-opened\"><svg xmlns=\"http:\/\/www.w3.org\/2000\/svg\" xmlns:xlink=\"http:\/\/www.w3.org\/1999\/xlink\" id=\"Capa_1\" x=\"0px\" y=\"0px\" viewBox=\"0 0 512 512\" style=\"enable-background:new 0 0 512 512;\" xml:space=\"preserve\"><style type=\"text\/css\">\t.st0{stroke:#000000;stroke-width:5;stroke-miterlimit:10;}<\/style><g>\t<g>\t\t<path d=\"M0,256c0,141.2,114.8,256,256,256s256-114.8,256-256S397.1,0,256,0S0,114.8,0,256z M472.3,256   c0,119.3-97,216.3-216.3,216.3S39.7,375.3,39.7,256S136.7,39.7,256,39.7S472.3,136.7,472.3,256z\"><\/path>\t<\/g><\/g><g>\t<path class=\"st0\" d=\"M256,186.9c4.3,0,8.7,1.7,12,5l104.3,104.3c6.6,6.6,6.6,17.4,0,24c-6.6,6.6-17.4,6.6-24,0L256,227.9  l-92.3,92.3c-6.6,6.6-17.4,6.6-24,0c-6.6-6.6-6.6-17.4,0-24L244,191.9C247.3,188.5,251.7,186.9,256,186.9z\"><\/path><\/g><\/svg><\/span>\n\t\t\t\t\t\t\t\t\t\t\t\t\t<\/span>\n\t\t\t\t\t\t\t\t\t\t\t\t<a class=\"elementor-toggle-title\" tabindex=\"0\">Dist\u00farbio Cognitivo<\/a>\n\t\t\t\t\t<\/div>\n\n\t\t\t\t\t<div id=\"elementor-tab-content-1857\" class=\"elementor-tab-content elementor-clearfix\" data-tab=\"7\" role=\"region\" aria-labelledby=\"elementor-tab-title-1857\"><div style=\"display: flex;\">\n<div style=\"width: 50%;\"><span style=\"font-weight: 400;\">Os dist\u00farbios da cogni\u00e7\u00e3o e mem\u00f3ria costumam aparecer com o avan\u00e7o da idade. Muitas vezes quem os nota s\u00e3o familiares e amigos. A principal preocupa\u00e7\u00e3o \u00e9 se eles est\u00e3o ligados a doen\u00e7as degenerativas, que podem, gradativamente, fazer com que o paciente perca fun\u00e7\u00f5es importantes como a linguagem, capacidade de realizar tarefas de forma aut\u00f4noma, mem\u00f3ria, e habilidades cotidianas. Nesses casos \u00e9 imprescind\u00edvel o acompanhamento e tratamento m\u00e9dico.\u00a0<\/span><span style=\"font-weight: 400;\">Entre as principais patologias que comprometem a mem\u00f3ria e as habilidades cognitivas, est\u00e3o:<\/span>\n<ul>\n \t<li><span style=\"font-weight: 400;\">Doen\u00e7a de Alzheimer;<\/span><\/li>\n \t<li><span style=\"font-weight: 400;\">Dem\u00eancia vascular;<\/span><\/li>\n \t<li><span style=\"font-weight: 400;\">Dem\u00eancia frontotemporal;<\/span><\/li>\n \t<li><span style=\"font-weight: 400;\">Afasias prim\u00e1rias progressivas;<\/span><\/li>\n \t<li><span style=\"font-weight: 400;\">Hidrocefalia de press\u00e3o normal;<\/span><\/li>\n \t<li><span style=\"font-weight: 400;\">Neuross\u00edfilis;<\/span><\/li>\n \t<li><span style=\"font-weight: 400;\">Encefalopatias auto-imunes;<\/span><\/li>\n \t<li><span style=\"font-weight: 400;\">Dem\u00eancia com corpos de Lewy;<\/span><\/li>\n \t<li><span style=\"font-weight: 400;\">Comprometimento cognitivo leve;<\/span><\/li>\n \t<li><span style=\"font-weight: 400;\">Doen\u00e7a de Creutzfeldt-Jakob (doen\u00e7a pri\u00f4nica);<\/span><\/li>\n \t<li><span style=\"font-weight: 400;\">Encefalopatia de Wernicke-Korsakoff.<\/span><\/li>\n<\/ul>\n<\/div>\n<div style=\"width: 50%\">\n<img loading=\"lazy\" decoding=\"async\" class=\"alignnone size-medium wp-image-1274\" src=\"https:\/\/www.naneurologistas.com.br\/wp-content\/uploads\/2022\/06\/imagem_disturbio_cognitivo-300x214.jpg\" style=\"float: right\" alt=\"\" width=\"468\" height=\"334\" srcset=\"https:\/\/www.naneurologistas.com.br\/wp-content\/uploads\/2022\/06\/imagem_disturbio_cognitivo-300x214.jpg 300w, https:\/\/www.naneurologistas.com.br\/wp-content\/uploads\/2022\/06\/imagem_disturbio_cognitivo.jpg 468w\" sizes=\"(max-width: 468px) 100vw, 468px\" \/>\n\n<\/div>\n<\/div><\/div>\n\t\t\t\t<\/div>\n\t\t\t\t\t\t\t<div class=\"elementor-toggle-item\">\n\t\t\t\t\t<div id=\"elementor-tab-title-1858\" class=\"elementor-tab-title\" data-tab=\"8\" role=\"button\" aria-controls=\"elementor-tab-content-1858\" aria-expanded=\"false\">\n\t\t\t\t\t\t\t\t\t\t\t\t<span class=\"elementor-toggle-icon elementor-toggle-icon-right\" aria-hidden=\"true\">\n\t\t\t\t\t\t\t\t\t\t\t\t\t\t\t<span class=\"elementor-toggle-icon-closed\"><svg xmlns=\"http:\/\/www.w3.org\/2000\/svg\" xmlns:xlink=\"http:\/\/www.w3.org\/1999\/xlink\" id=\"Capa_1\" x=\"0px\" y=\"0px\" viewBox=\"0 0 512 512\" style=\"enable-background:new 0 0 512 512;\" xml:space=\"preserve\"><style type=\"text\/css\">\t.st0{stroke:#000000;stroke-width:5;stroke-miterlimit:10;}<\/style><g>\t<g>\t\t<path d=\"M256,512c141.1,0,256-114.8,256-256S397.2,0,256,0S0,114.8,0,256S114.9,512,256,512z M256,472.3   c-119.3,0-216.3-97.1-216.3-216.3S136.7,39.7,256,39.7S472.3,136.7,472.3,256C472.3,375.3,375.3,472.3,256,472.3z\"><\/path>\t<\/g><\/g><g>\t<path class=\"st0\" d=\"M256,325.1c4.3,0,8.7-1.7,12-5l104.3-104.3c6.6-6.6,6.6-17.4,0-24c-6.6-6.6-17.4-6.6-24,0L256,284.1  l-92.3-92.3c-6.6-6.6-17.4-6.6-24,0c-6.6,6.6-6.6,17.4,0,24L244,320.1C247.3,323.5,251.7,325.1,256,325.1z\"><\/path><\/g><\/svg><\/span>\n\t\t\t\t\t\t\t\t<span class=\"elementor-toggle-icon-opened\"><svg xmlns=\"http:\/\/www.w3.org\/2000\/svg\" xmlns:xlink=\"http:\/\/www.w3.org\/1999\/xlink\" id=\"Capa_1\" x=\"0px\" y=\"0px\" viewBox=\"0 0 512 512\" style=\"enable-background:new 0 0 512 512;\" xml:space=\"preserve\"><style type=\"text\/css\">\t.st0{stroke:#000000;stroke-width:5;stroke-miterlimit:10;}<\/style><g>\t<g>\t\t<path d=\"M0,256c0,141.2,114.8,256,256,256s256-114.8,256-256S397.1,0,256,0S0,114.8,0,256z M472.3,256   c0,119.3-97,216.3-216.3,216.3S39.7,375.3,39.7,256S136.7,39.7,256,39.7S472.3,136.7,472.3,256z\"><\/path>\t<\/g><\/g><g>\t<path class=\"st0\" d=\"M256,186.9c4.3,0,8.7,1.7,12,5l104.3,104.3c6.6,6.6,6.6,17.4,0,24c-6.6,6.6-17.4,6.6-24,0L256,227.9  l-92.3,92.3c-6.6,6.6-17.4,6.6-24,0c-6.6-6.6-6.6-17.4,0-24L244,191.9C247.3,188.5,251.7,186.9,256,186.9z\"><\/path><\/g><\/svg><\/span>\n\t\t\t\t\t\t\t\t\t\t\t\t\t<\/span>\n\t\t\t\t\t\t\t\t\t\t\t\t<a class=\"elementor-toggle-title\" tabindex=\"0\">Dist\u00farbios do movimento<\/a>\n\t\t\t\t\t<\/div>\n\n\t\t\t\t\t<div id=\"elementor-tab-content-1858\" class=\"elementor-tab-content elementor-clearfix\" data-tab=\"8\" role=\"region\" aria-labelledby=\"elementor-tab-title-1858\"><div style=\"display: flex;\">\n<div style=\"width: 50%;\"><span style=\"font-weight: 400;\">Para nos movimentarmos utilizamos um complexo sistema motor que engloba estruturas cerebrais como o cerebelo, os n\u00facleos de base, medula, sistema corticoespinhal, membros superiores e inferiores, al\u00e9m do controle e sustenta\u00e7\u00e3o do tronco.<\/span><br><br>\n\n<span style=\"font-weight: 400;\">Chamamos de <\/span><span style=\"font-weight: 400;\">transtornos do movimento<\/span><span style=\"font-weight: 400;\"> qualquer altera\u00e7\u00e3o do controle, ritmo, movimentos volunt\u00e1rios, for\u00e7a dos membros, tremores, dificuldades de locomo\u00e7\u00e3o, ou de sustentar o tronco, bem como lentid\u00e3o, falta de coordena\u00e7\u00e3o motora, excesso de movimentos de forma involunt\u00e1ria e fraqueza muscular, entre outros sintomas.<\/span><br><br>\n\n<span style=\"font-weight: 400;\">Existem in\u00fameras doen\u00e7as heredit\u00e1rias que provocam degenera\u00e7\u00e3o cerebelar (ou espinocerebelar), sendo as mais frequentes a ataxia de Friedreich e a doen\u00e7a de Machado-Joseph. V\u00e1rias muta\u00e7\u00f5es j\u00e1 foram identificadas e testes gen\u00e9ticos est\u00e3o dispon\u00edveis para diagn\u00f3stico e aconselhamento gen\u00e9tico em situa\u00e7\u00f5es de pesquisa.<\/span>\n<\/div>\n<div style=\"width: 50%\">\n<img loading=\"lazy\" decoding=\"async\" class=\"alignnone size-medium wp-image-1279\" src=\"https:\/\/www.naneurologistas.com.br\/wp-content\/uploads\/2022\/06\/imagem_disturbios_do_movimento-300x214.jpg\" style=\"float: right\" alt=\"\" width=\"468\" height=\"334\" srcset=\"https:\/\/www.naneurologistas.com.br\/wp-content\/uploads\/2022\/06\/imagem_disturbios_do_movimento-300x214.jpg 300w, https:\/\/www.naneurologistas.com.br\/wp-content\/uploads\/2022\/06\/imagem_disturbios_do_movimento.jpg 468w\" sizes=\"(max-width: 468px) 100vw, 468px\" \/>\n<\/div>\n<\/div><\/div>\n\t\t\t\t<\/div>\n\t\t\t\t\t\t\t<div class=\"elementor-toggle-item\">\n\t\t\t\t\t<div id=\"elementor-tab-title-1859\" class=\"elementor-tab-title\" data-tab=\"9\" role=\"button\" aria-controls=\"elementor-tab-content-1859\" aria-expanded=\"false\">\n\t\t\t\t\t\t\t\t\t\t\t\t<span class=\"elementor-toggle-icon elementor-toggle-icon-right\" aria-hidden=\"true\">\n\t\t\t\t\t\t\t\t\t\t\t\t\t\t\t<span class=\"elementor-toggle-icon-closed\"><svg xmlns=\"http:\/\/www.w3.org\/2000\/svg\" xmlns:xlink=\"http:\/\/www.w3.org\/1999\/xlink\" id=\"Capa_1\" x=\"0px\" y=\"0px\" viewBox=\"0 0 512 512\" style=\"enable-background:new 0 0 512 512;\" xml:space=\"preserve\"><style type=\"text\/css\">\t.st0{stroke:#000000;stroke-width:5;stroke-miterlimit:10;}<\/style><g>\t<g>\t\t<path d=\"M256,512c141.1,0,256-114.8,256-256S397.2,0,256,0S0,114.8,0,256S114.9,512,256,512z M256,472.3   c-119.3,0-216.3-97.1-216.3-216.3S136.7,39.7,256,39.7S472.3,136.7,472.3,256C472.3,375.3,375.3,472.3,256,472.3z\"><\/path>\t<\/g><\/g><g>\t<path class=\"st0\" d=\"M256,325.1c4.3,0,8.7-1.7,12-5l104.3-104.3c6.6-6.6,6.6-17.4,0-24c-6.6-6.6-17.4-6.6-24,0L256,284.1  l-92.3-92.3c-6.6-6.6-17.4-6.6-24,0c-6.6,6.6-6.6,17.4,0,24L244,320.1C247.3,323.5,251.7,325.1,256,325.1z\"><\/path><\/g><\/svg><\/span>\n\t\t\t\t\t\t\t\t<span class=\"elementor-toggle-icon-opened\"><svg xmlns=\"http:\/\/www.w3.org\/2000\/svg\" xmlns:xlink=\"http:\/\/www.w3.org\/1999\/xlink\" id=\"Capa_1\" x=\"0px\" y=\"0px\" viewBox=\"0 0 512 512\" style=\"enable-background:new 0 0 512 512;\" xml:space=\"preserve\"><style type=\"text\/css\">\t.st0{stroke:#000000;stroke-width:5;stroke-miterlimit:10;}<\/style><g>\t<g>\t\t<path d=\"M0,256c0,141.2,114.8,256,256,256s256-114.8,256-256S397.1,0,256,0S0,114.8,0,256z M472.3,256   c0,119.3-97,216.3-216.3,216.3S39.7,375.3,39.7,256S136.7,39.7,256,39.7S472.3,136.7,472.3,256z\"><\/path>\t<\/g><\/g><g>\t<path class=\"st0\" d=\"M256,186.9c4.3,0,8.7,1.7,12,5l104.3,104.3c6.6,6.6,6.6,17.4,0,24c-6.6,6.6-17.4,6.6-24,0L256,227.9  l-92.3,92.3c-6.6,6.6-17.4,6.6-24,0c-6.6-6.6-6.6-17.4,0-24L244,191.9C247.3,188.5,251.7,186.9,256,186.9z\"><\/path><\/g><\/svg><\/span>\n\t\t\t\t\t\t\t\t\t\t\t\t\t<\/span>\n\t\t\t\t\t\t\t\t\t\t\t\t<a class=\"elementor-toggle-title\" tabindex=\"0\">Doen\u00e7a de Alzheimer<\/a>\n\t\t\t\t\t<\/div>\n\n\t\t\t\t\t<div id=\"elementor-tab-content-1859\" class=\"elementor-tab-content elementor-clearfix\" data-tab=\"9\" role=\"region\" aria-labelledby=\"elementor-tab-title-1859\"><div style=\"display: flex;\">\n<div style=\"width: 50%;\">\n\n<span style=\"font-weight: 400;\">O que \u00e9 a doen\u00e7a de Alzheimer?<\/span>\n\n<span style=\"font-weight: 400;\">A doen\u00e7a de Alzheimer (DA) \u00e9 uma doen\u00e7a cerebral neurodegenerativa, com forte rela\u00e7\u00e3o \u00e0\nidade, que se desenvolve ao longo de anos. Seu quadro inicial \u00e9 de perda de mem\u00f3ria e confus\u00e3o, o que pode ser\nconfundido com altera\u00e7\u00f5es de mem\u00f3ria eventualmente associadas ao envelhecimento natural. Entretanto, os sintomas da\nDA gradualmente levam a altera\u00e7\u00f5es do comportamento e da personalidade, com decl\u00ednio em fun\u00e7\u00f5es cognitivas como a\ncapacidade de tomar decis\u00f5es e de se comunicar adequadamente, al\u00e9m de dificuldades de reconhecimento de familiares e\namigos. No seu est\u00e1gio avan\u00e7ado, leva a grave perda de fun\u00e7\u00f5es mentais superiores. Esses sintomas se relacionam com\na perda da conex\u00e3o entre neur\u00f4nios em determinadas \u00e1reas do c\u00e9rebro, associada tamb\u00e9m a perda dos neur\u00f4nios em si. A\nDA faz parte de um grupo de doen\u00e7as denominado \u201cdem\u00eancias\u201d, caracterizado por problemas cognitivos e\ncomportamentais. \u00c9 a causa mais comum de dem\u00eancia entre pessoas com mais de 65 anos de idade.<\/span>\n\n<button class=\"botaoDoencas\"><a href=\"https:\/\/www.naneurologistas.com.br\/blog\/doenca-de-alzheimer\" target=\"_blank\" rel=\"noopener\">SAIBA MAIS<\/a><\/button>\n\n<\/div>\n<div style=\"width: 50%;\"><img loading=\"lazy\" decoding=\"async\" class=\"alignnone size-medium wp-image-2072\" style=\"float: right;\" src=\"https:\/\/www.naneurologistas.com.br\/wp-content\/uploads\/2022\/07\/senior-woman-confronting-alzheimer-disease-2048x1366-1-300x200.jpg\" alt=\"\" width=\"468\" height=\"334\" \/><\/div>\n<\/div><\/div>\n\t\t\t\t<\/div>\n\t\t\t\t\t\t\t<div class=\"elementor-toggle-item\">\n\t\t\t\t\t<div id=\"elementor-tab-title-18510\" class=\"elementor-tab-title\" data-tab=\"10\" role=\"button\" aria-controls=\"elementor-tab-content-18510\" aria-expanded=\"false\">\n\t\t\t\t\t\t\t\t\t\t\t\t<span class=\"elementor-toggle-icon elementor-toggle-icon-right\" aria-hidden=\"true\">\n\t\t\t\t\t\t\t\t\t\t\t\t\t\t\t<span class=\"elementor-toggle-icon-closed\"><svg xmlns=\"http:\/\/www.w3.org\/2000\/svg\" xmlns:xlink=\"http:\/\/www.w3.org\/1999\/xlink\" id=\"Capa_1\" x=\"0px\" y=\"0px\" viewBox=\"0 0 512 512\" style=\"enable-background:new 0 0 512 512;\" xml:space=\"preserve\"><style type=\"text\/css\">\t.st0{stroke:#000000;stroke-width:5;stroke-miterlimit:10;}<\/style><g>\t<g>\t\t<path d=\"M256,512c141.1,0,256-114.8,256-256S397.2,0,256,0S0,114.8,0,256S114.9,512,256,512z M256,472.3   c-119.3,0-216.3-97.1-216.3-216.3S136.7,39.7,256,39.7S472.3,136.7,472.3,256C472.3,375.3,375.3,472.3,256,472.3z\"><\/path>\t<\/g><\/g><g>\t<path class=\"st0\" d=\"M256,325.1c4.3,0,8.7-1.7,12-5l104.3-104.3c6.6-6.6,6.6-17.4,0-24c-6.6-6.6-17.4-6.6-24,0L256,284.1  l-92.3-92.3c-6.6-6.6-17.4-6.6-24,0c-6.6,6.6-6.6,17.4,0,24L244,320.1C247.3,323.5,251.7,325.1,256,325.1z\"><\/path><\/g><\/svg><\/span>\n\t\t\t\t\t\t\t\t<span class=\"elementor-toggle-icon-opened\"><svg xmlns=\"http:\/\/www.w3.org\/2000\/svg\" xmlns:xlink=\"http:\/\/www.w3.org\/1999\/xlink\" id=\"Capa_1\" x=\"0px\" y=\"0px\" viewBox=\"0 0 512 512\" style=\"enable-background:new 0 0 512 512;\" xml:space=\"preserve\"><style type=\"text\/css\">\t.st0{stroke:#000000;stroke-width:5;stroke-miterlimit:10;}<\/style><g>\t<g>\t\t<path d=\"M0,256c0,141.2,114.8,256,256,256s256-114.8,256-256S397.1,0,256,0S0,114.8,0,256z M472.3,256   c0,119.3-97,216.3-216.3,216.3S39.7,375.3,39.7,256S136.7,39.7,256,39.7S472.3,136.7,472.3,256z\"><\/path>\t<\/g><\/g><g>\t<path class=\"st0\" d=\"M256,186.9c4.3,0,8.7,1.7,12,5l104.3,104.3c6.6,6.6,6.6,17.4,0,24c-6.6,6.6-17.4,6.6-24,0L256,227.9  l-92.3,92.3c-6.6,6.6-17.4,6.6-24,0c-6.6-6.6-6.6-17.4,0-24L244,191.9C247.3,188.5,251.7,186.9,256,186.9z\"><\/path><\/g><\/svg><\/span>\n\t\t\t\t\t\t\t\t\t\t\t\t\t<\/span>\n\t\t\t\t\t\t\t\t\t\t\t\t<a class=\"elementor-toggle-title\" tabindex=\"0\">Doen\u00e7a de Parkinson<\/a>\n\t\t\t\t\t<\/div>\n\n\t\t\t\t\t<div id=\"elementor-tab-content-18510\" class=\"elementor-tab-content elementor-clearfix\" data-tab=\"10\" role=\"region\" aria-labelledby=\"elementor-tab-title-18510\"><div style=\"display: flex;\">\n<div style=\"width: 50%;\">\n\n<span style=\"font-weight: 400;\">O que \u00e9 a doen\u00e7a de Parkinson?<\/span>\n<br><br>\n<span style=\"font-weight: 400;\">A doen\u00e7a de Parkinson (DP) pertence a um grupo de condi\u00e7\u00f5es chamado de dist\u00farbios do movimento, e resulta da perda de neur\u00f4nios cerebrais que produzem dopamina. Os quatro sintomas principais da DP s\u00e3o: tremor, que pode envolver as m\u00e3os, bra\u00e7os, pernas, mand\u00edbula e face; rigidez, geralmente dos membros e do tronco; lentid\u00e3o de movimentos, e dificuldade de equil\u00edbrio, tamb\u00e9m chamada de instabilidade postural. Quando os sintomas est\u00e3o pronunciados, podem atrapalhar o paciente a andar, falar ou at\u00e9 mesmo completar outras tarefas simples.<\/span>\n<br><br>\n<button class=\"botaoDoencas\"><a href=\"https:\/\/www.naneurologistas.com.br\/blog\/doenca-de-parkinson\" target=\"_blank\" rel=\"noopener\">SAIBA MAIS<\/a><\/button>\n\n<\/div>\n<div style=\"width: 50%;\"><img loading=\"lazy\" decoding=\"async\" class=\"alignnone size-medium wp-image-1384\" style=\"float: right;\" src=\"https:\/\/www.naneurologistas.com.br\/wp-content\/uploads\/2022\/06\/imagem_parkinson-300x214.jpg\" alt=\"\" width=\"468\" height=\"334\" srcset=\"https:\/\/www.naneurologistas.com.br\/wp-content\/uploads\/2022\/06\/imagem_parkinson-300x214.jpg 300w, https:\/\/www.naneurologistas.com.br\/wp-content\/uploads\/2022\/06\/imagem_parkinson.jpg 468w\" sizes=\"(max-width: 468px) 100vw, 468px\" \/><\/div>\n<\/div><\/div>\n\t\t\t\t<\/div>\n\t\t\t\t\t\t\t<div class=\"elementor-toggle-item\">\n\t\t\t\t\t<div id=\"elementor-tab-title-18511\" class=\"elementor-tab-title\" data-tab=\"11\" role=\"button\" aria-controls=\"elementor-tab-content-18511\" aria-expanded=\"false\">\n\t\t\t\t\t\t\t\t\t\t\t\t<span class=\"elementor-toggle-icon elementor-toggle-icon-right\" aria-hidden=\"true\">\n\t\t\t\t\t\t\t\t\t\t\t\t\t\t\t<span class=\"elementor-toggle-icon-closed\"><svg xmlns=\"http:\/\/www.w3.org\/2000\/svg\" xmlns:xlink=\"http:\/\/www.w3.org\/1999\/xlink\" id=\"Capa_1\" x=\"0px\" y=\"0px\" viewBox=\"0 0 512 512\" style=\"enable-background:new 0 0 512 512;\" xml:space=\"preserve\"><style type=\"text\/css\">\t.st0{stroke:#000000;stroke-width:5;stroke-miterlimit:10;}<\/style><g>\t<g>\t\t<path d=\"M256,512c141.1,0,256-114.8,256-256S397.2,0,256,0S0,114.8,0,256S114.9,512,256,512z M256,472.3   c-119.3,0-216.3-97.1-216.3-216.3S136.7,39.7,256,39.7S472.3,136.7,472.3,256C472.3,375.3,375.3,472.3,256,472.3z\"><\/path>\t<\/g><\/g><g>\t<path class=\"st0\" d=\"M256,325.1c4.3,0,8.7-1.7,12-5l104.3-104.3c6.6-6.6,6.6-17.4,0-24c-6.6-6.6-17.4-6.6-24,0L256,284.1  l-92.3-92.3c-6.6-6.6-17.4-6.6-24,0c-6.6,6.6-6.6,17.4,0,24L244,320.1C247.3,323.5,251.7,325.1,256,325.1z\"><\/path><\/g><\/svg><\/span>\n\t\t\t\t\t\t\t\t<span class=\"elementor-toggle-icon-opened\"><svg xmlns=\"http:\/\/www.w3.org\/2000\/svg\" xmlns:xlink=\"http:\/\/www.w3.org\/1999\/xlink\" id=\"Capa_1\" x=\"0px\" y=\"0px\" viewBox=\"0 0 512 512\" style=\"enable-background:new 0 0 512 512;\" xml:space=\"preserve\"><style type=\"text\/css\">\t.st0{stroke:#000000;stroke-width:5;stroke-miterlimit:10;}<\/style><g>\t<g>\t\t<path d=\"M0,256c0,141.2,114.8,256,256,256s256-114.8,256-256S397.1,0,256,0S0,114.8,0,256z M472.3,256   c0,119.3-97,216.3-216.3,216.3S39.7,375.3,39.7,256S136.7,39.7,256,39.7S472.3,136.7,472.3,256z\"><\/path>\t<\/g><\/g><g>\t<path class=\"st0\" d=\"M256,186.9c4.3,0,8.7,1.7,12,5l104.3,104.3c6.6,6.6,6.6,17.4,0,24c-6.6,6.6-17.4,6.6-24,0L256,227.9  l-92.3,92.3c-6.6,6.6-17.4,6.6-24,0c-6.6-6.6-6.6-17.4,0-24L244,191.9C247.3,188.5,251.7,186.9,256,186.9z\"><\/path><\/g><\/svg><\/span>\n\t\t\t\t\t\t\t\t\t\t\t\t\t<\/span>\n\t\t\t\t\t\t\t\t\t\t\t\t<a class=\"elementor-toggle-title\" tabindex=\"0\">Dor cr\u00f4nica<\/a>\n\t\t\t\t\t<\/div>\n\n\t\t\t\t\t<div id=\"elementor-tab-content-18511\" class=\"elementor-tab-content elementor-clearfix\" data-tab=\"11\" role=\"region\" aria-labelledby=\"elementor-tab-title-18511\"><div style=\"display: flex;\">\n<div style=\"width: 50%;\">\n\n<span style=\"font-weight: 400;\">Chamamos de dor cr\u00f4nica, as dores que persistem por mais de tr\u00eas meses ap\u00f3s diagn\u00f3stico ou tratamento de les\u00f5es, ou, ainda, dores que n\u00e3o tem origem definida, tais como: fibromialgia, s\u00edndrome miofascial, enxaqueca, cefaleias, entre outras.<\/span><span style=\"font-weight: 400;\">\n\nDe acordo com a OMS (Organiza\u00e7\u00e3o Mundial da Sa\u00fade) 30% da popula\u00e7\u00e3o mundial sofre com alguma dor cr\u00f4nica. No Brasil, o percentual \u00e9 ainda maior: 37% da popula\u00e7\u00e3o brasileira tem alguma dor persistente. Grande parte dessas dores tem origem neurol\u00f3gica, entre elas:<\/span>\n<ul>\n \t<li><span style=\"font-weight: 400;\">Enxaqueca com\/sem aura;<\/span><\/li>\n \t<li><span style=\"font-weight: 400;\">Enxaqueca hemipl\u00e9gica;<\/span><\/li>\n \t<li><span style=\"font-weight: 400;\">Enxaqueca cr\u00f4nica;<\/span><\/li>\n \t<li><span style=\"font-weight: 400;\">Cefaleia tensional;<\/span><\/li>\n \t<li><span style=\"font-weight: 400;\">Cefaleia em Salvas;<\/span><\/li>\n \t<li><span style=\"font-weight: 400;\">Outras cefaleias trigeminais-auton\u00f4micas (SUNCT\/SUNA\/hemicrania parox\u00edstica)<\/span><\/li>\n \t<li><span style=\"font-weight: 400;\">Hemicrania cont\u00ednua;<\/span><\/li>\n \t<li><span style=\"font-weight: 400;\">Outras cefaleias prim\u00e1rias: cefaleia prim\u00e1ria da tosse, da atividade sexual, cefaleia prim\u00e1ria em facadas\/pontadas, cefaleia do esfor\u00e7o f\u00edsico, cefaleia h\u00edpnica;<\/span><\/li>\n \t<li><span style=\"font-weight: 400;\">Arterite temporal (de c\u00e9lulas gigantes);<\/span><\/li>\n \t<li><span style=\"font-weight: 400;\">Cefaleia da hipotens\u00e3o liqu\u00f3rica;<\/span><\/li>\n \t<li><span style=\"font-weight: 400;\">Cefaleia induzida por f\u00e1rmacos;<\/span><\/li>\n \t<li><span style=\"font-weight: 400;\">S\u00edndrome dolorosa miofascial;<\/span><\/li>\n \t<li><span style=\"font-weight: 400;\">S\u00edndromes de hipermobilidade;<\/span><\/li>\n \t<li><span style=\"font-weight: 400;\">S\u00edndrome da vasoconstri\u00e7\u00e3o cerebral revers\u00edvel;<\/span><\/li>\n \t<li><span style=\"font-weight: 400;\">Cefaleia da hipertens\u00e3o intracraniana.<\/span><\/li>\n<\/ul>\n<\/div>\n<div style=\"width: 50%;\"><img loading=\"lazy\" decoding=\"async\" class=\"alignnone size-medium wp-image-1283\" style=\"float: right;\" src=\"https:\/\/www.naneurologistas.com.br\/wp-content\/uploads\/2022\/06\/imagem_dor_cronica-300x214.jpg\" alt=\"\" width=\"468\" height=\"334\" srcset=\"https:\/\/www.naneurologistas.com.br\/wp-content\/uploads\/2022\/06\/imagem_dor_cronica-300x214.jpg 300w, https:\/\/www.naneurologistas.com.br\/wp-content\/uploads\/2022\/06\/imagem_dor_cronica.jpg 468w\" sizes=\"(max-width: 468px) 100vw, 468px\" \/><\/div>\n<\/div><\/div>\n\t\t\t\t<\/div>\n\t\t\t\t\t\t\t<div class=\"elementor-toggle-item\">\n\t\t\t\t\t<div id=\"elementor-tab-title-18512\" class=\"elementor-tab-title\" data-tab=\"12\" role=\"button\" aria-controls=\"elementor-tab-content-18512\" aria-expanded=\"false\">\n\t\t\t\t\t\t\t\t\t\t\t\t<span class=\"elementor-toggle-icon elementor-toggle-icon-right\" aria-hidden=\"true\">\n\t\t\t\t\t\t\t\t\t\t\t\t\t\t\t<span class=\"elementor-toggle-icon-closed\"><svg xmlns=\"http:\/\/www.w3.org\/2000\/svg\" xmlns:xlink=\"http:\/\/www.w3.org\/1999\/xlink\" id=\"Capa_1\" x=\"0px\" y=\"0px\" viewBox=\"0 0 512 512\" style=\"enable-background:new 0 0 512 512;\" xml:space=\"preserve\"><style type=\"text\/css\">\t.st0{stroke:#000000;stroke-width:5;stroke-miterlimit:10;}<\/style><g>\t<g>\t\t<path d=\"M256,512c141.1,0,256-114.8,256-256S397.2,0,256,0S0,114.8,0,256S114.9,512,256,512z M256,472.3   c-119.3,0-216.3-97.1-216.3-216.3S136.7,39.7,256,39.7S472.3,136.7,472.3,256C472.3,375.3,375.3,472.3,256,472.3z\"><\/path>\t<\/g><\/g><g>\t<path class=\"st0\" d=\"M256,325.1c4.3,0,8.7-1.7,12-5l104.3-104.3c6.6-6.6,6.6-17.4,0-24c-6.6-6.6-17.4-6.6-24,0L256,284.1  l-92.3-92.3c-6.6-6.6-17.4-6.6-24,0c-6.6,6.6-6.6,17.4,0,24L244,320.1C247.3,323.5,251.7,325.1,256,325.1z\"><\/path><\/g><\/svg><\/span>\n\t\t\t\t\t\t\t\t<span class=\"elementor-toggle-icon-opened\"><svg xmlns=\"http:\/\/www.w3.org\/2000\/svg\" xmlns:xlink=\"http:\/\/www.w3.org\/1999\/xlink\" id=\"Capa_1\" x=\"0px\" y=\"0px\" viewBox=\"0 0 512 512\" style=\"enable-background:new 0 0 512 512;\" xml:space=\"preserve\"><style type=\"text\/css\">\t.st0{stroke:#000000;stroke-width:5;stroke-miterlimit:10;}<\/style><g>\t<g>\t\t<path d=\"M0,256c0,141.2,114.8,256,256,256s256-114.8,256-256S397.1,0,256,0S0,114.8,0,256z M472.3,256   c0,119.3-97,216.3-216.3,216.3S39.7,375.3,39.7,256S136.7,39.7,256,39.7S472.3,136.7,472.3,256z\"><\/path>\t<\/g><\/g><g>\t<path class=\"st0\" d=\"M256,186.9c4.3,0,8.7,1.7,12,5l104.3,104.3c6.6,6.6,6.6,17.4,0,24c-6.6,6.6-17.4,6.6-24,0L256,227.9  l-92.3,92.3c-6.6,6.6-17.4,6.6-24,0c-6.6-6.6-6.6-17.4,0-24L244,191.9C247.3,188.5,251.7,186.9,256,186.9z\"><\/path><\/g><\/svg><\/span>\n\t\t\t\t\t\t\t\t\t\t\t\t\t<\/span>\n\t\t\t\t\t\t\t\t\t\t\t\t<a class=\"elementor-toggle-title\" tabindex=\"0\">Epilepsia<\/a>\n\t\t\t\t\t<\/div>\n\n\t\t\t\t\t<div id=\"elementor-tab-content-18512\" class=\"elementor-tab-content elementor-clearfix\" data-tab=\"12\" role=\"region\" aria-labelledby=\"elementor-tab-title-18512\"><div style=\"display: flex;\">\n<div style=\"width: 50%;\">\n\nO que \u00e9 epilepsia?\n<br><br>\nAs epilepsias s\u00e3o um espectro de doen\u00e7as cerebrais que t\u00eam como caracter\u00edstica uma predisposi\u00e7\u00e3o a crises epil\u00e9pticas recorrentes, que variam desde crises graves, incapacitantes e que amea\u00e7am a vida a crises bem mais leves, mais \u201cbenignas\u201d. Na epilepsia, o padr\u00e3o normal da atividade el\u00e9trica dos neur\u00f4nios \u00e9 alterado, podendo causar crises que se manifestam com: sensa\u00e7\u00f5es, emo\u00e7\u00f5es ou comportamentos n\u00e3o habituais a at\u00e9 crises com manifesta\u00e7\u00f5es convulsivas, contra\u00e7\u00f5es musculares e perda de consci\u00eancia. As epilepsias t\u00eam diversas causas e h\u00e1 v\u00e1rios tipos de crises epil\u00e9pticas conhecidas. Ou seja, qualquer situa\u00e7\u00e3o que leve a uma atividade el\u00e9trica anormal cerebral pode levar a crises epil\u00e9pticas, como les\u00f5es cerebrais adquiridas ou mesmo desenvolvimento cerebral anormal durante a inf\u00e2ncia, por exemplo.\n<br><br>\n<button class=\"botaoDoencas\"><a href=\"https:\/\/www.naneurologistas.com.br\/blog\/o-que-e-epilepsia\" target=\"_blank\" rel=\"noopener\">SAIBA MAIS<\/a><\/button>\n\n<\/div>\n<div style=\"width: 50%;\"><img loading=\"lazy\" decoding=\"async\" class=\"alignnone size-medium wp-image-1384\" style=\"float: right;\" src=\"https:\/\/www.naneurologistas.com.br\/wp-content\/uploads\/2022\/06\/imagem_epilepsia.jpg\" alt=\"\" width=\"468\" height=\"334\" \/><\/div>\n<\/div><\/div>\n\t\t\t\t<\/div>\n\t\t\t\t\t\t\t<div class=\"elementor-toggle-item\">\n\t\t\t\t\t<div id=\"elementor-tab-title-18513\" class=\"elementor-tab-title\" data-tab=\"13\" role=\"button\" aria-controls=\"elementor-tab-content-18513\" aria-expanded=\"false\">\n\t\t\t\t\t\t\t\t\t\t\t\t<span class=\"elementor-toggle-icon elementor-toggle-icon-right\" aria-hidden=\"true\">\n\t\t\t\t\t\t\t\t\t\t\t\t\t\t\t<span class=\"elementor-toggle-icon-closed\"><svg xmlns=\"http:\/\/www.w3.org\/2000\/svg\" xmlns:xlink=\"http:\/\/www.w3.org\/1999\/xlink\" id=\"Capa_1\" x=\"0px\" y=\"0px\" viewBox=\"0 0 512 512\" style=\"enable-background:new 0 0 512 512;\" xml:space=\"preserve\"><style type=\"text\/css\">\t.st0{stroke:#000000;stroke-width:5;stroke-miterlimit:10;}<\/style><g>\t<g>\t\t<path d=\"M256,512c141.1,0,256-114.8,256-256S397.2,0,256,0S0,114.8,0,256S114.9,512,256,512z M256,472.3   c-119.3,0-216.3-97.1-216.3-216.3S136.7,39.7,256,39.7S472.3,136.7,472.3,256C472.3,375.3,375.3,472.3,256,472.3z\"><\/path>\t<\/g><\/g><g>\t<path class=\"st0\" d=\"M256,325.1c4.3,0,8.7-1.7,12-5l104.3-104.3c6.6-6.6,6.6-17.4,0-24c-6.6-6.6-17.4-6.6-24,0L256,284.1  l-92.3-92.3c-6.6-6.6-17.4-6.6-24,0c-6.6,6.6-6.6,17.4,0,24L244,320.1C247.3,323.5,251.7,325.1,256,325.1z\"><\/path><\/g><\/svg><\/span>\n\t\t\t\t\t\t\t\t<span class=\"elementor-toggle-icon-opened\"><svg xmlns=\"http:\/\/www.w3.org\/2000\/svg\" xmlns:xlink=\"http:\/\/www.w3.org\/1999\/xlink\" id=\"Capa_1\" x=\"0px\" y=\"0px\" viewBox=\"0 0 512 512\" style=\"enable-background:new 0 0 512 512;\" xml:space=\"preserve\"><style type=\"text\/css\">\t.st0{stroke:#000000;stroke-width:5;stroke-miterlimit:10;}<\/style><g>\t<g>\t\t<path d=\"M0,256c0,141.2,114.8,256,256,256s256-114.8,256-256S397.1,0,256,0S0,114.8,0,256z M472.3,256   c0,119.3-97,216.3-216.3,216.3S39.7,375.3,39.7,256S136.7,39.7,256,39.7S472.3,136.7,472.3,256z\"><\/path>\t<\/g><\/g><g>\t<path class=\"st0\" d=\"M256,186.9c4.3,0,8.7,1.7,12,5l104.3,104.3c6.6,6.6,6.6,17.4,0,24c-6.6,6.6-17.4,6.6-24,0L256,227.9  l-92.3,92.3c-6.6,6.6-17.4,6.6-24,0c-6.6-6.6-6.6-17.4,0-24L244,191.9C247.3,188.5,251.7,186.9,256,186.9z\"><\/path><\/g><\/svg><\/span>\n\t\t\t\t\t\t\t\t\t\t\t\t\t<\/span>\n\t\t\t\t\t\t\t\t\t\t\t\t<a class=\"elementor-toggle-title\" tabindex=\"0\">Esquizofrenia<\/a>\n\t\t\t\t\t<\/div>\n\n\t\t\t\t\t<div id=\"elementor-tab-content-18513\" class=\"elementor-tab-content elementor-clearfix\" data-tab=\"13\" role=\"region\" aria-labelledby=\"elementor-tab-title-18513\"><div style=\"display: flex;\">\n<div style=\"width: 50%;\">A esquizofrenia \u00e9 um transtorno mental caracterizado pela perda de contato com a realidade (psicose), alucina\u00e7\u00f5es, falsas convic\u00e7\u00f5es (del\u00edrios), pensamento e comportamento an\u00f4malo, redu\u00e7\u00e3o das demonstra\u00e7\u00f5es de emo\u00e7\u00f5es, diminui\u00e7\u00e3o da motiva\u00e7\u00e3o, uma piora da fun\u00e7\u00e3o mental (cogni\u00e7\u00e3o) e problemas no desempenho di\u00e1rio, incluindo no \u00e2mbito profissional, social, relacionamentos e autocuidado.<br><br>Os sintomas da esquizofrenia pertencem a quatro categorias principais:\n<ul>\n \t<li>Sintomas positivos;<\/li>\n \t<li>Sintomas negativos;<\/li>\n \t<li>Desorganiza\u00e7\u00e3o;<\/li>\n \t<li>Comprometimento cognitivo.<\/li>\n<\/ul>\n<strong>O paciente pode ter sintomas de uma ou de todas as categorias.<\/strong>\n\n<\/div>\n<div style=\"width: 50%;\"><img loading=\"lazy\" decoding=\"async\" class=\"alignnone size-medium wp-image-1382\" style=\"float: right;\" src=\"https:\/\/www.naneurologistas.com.br\/wp-content\/uploads\/2022\/06\/imagem_esquizofrenia-300x214.jpg\" alt=\"\" width=\"468\" height=\"334\" srcset=\"https:\/\/www.naneurologistas.com.br\/wp-content\/uploads\/2022\/06\/imagem_esquizofrenia-300x214.jpg 300w, https:\/\/www.naneurologistas.com.br\/wp-content\/uploads\/2022\/06\/imagem_esquizofrenia.jpg 468w\" sizes=\"(max-width: 468px) 100vw, 468px\" \/><\/div>\n<\/div><\/div>\n\t\t\t\t<\/div>\n\t\t\t\t\t\t\t<div class=\"elementor-toggle-item\">\n\t\t\t\t\t<div id=\"elementor-tab-title-18514\" class=\"elementor-tab-title\" data-tab=\"14\" role=\"button\" aria-controls=\"elementor-tab-content-18514\" aria-expanded=\"false\">\n\t\t\t\t\t\t\t\t\t\t\t\t<span class=\"elementor-toggle-icon elementor-toggle-icon-right\" aria-hidden=\"true\">\n\t\t\t\t\t\t\t\t\t\t\t\t\t\t\t<span class=\"elementor-toggle-icon-closed\"><svg xmlns=\"http:\/\/www.w3.org\/2000\/svg\" xmlns:xlink=\"http:\/\/www.w3.org\/1999\/xlink\" id=\"Capa_1\" x=\"0px\" y=\"0px\" viewBox=\"0 0 512 512\" style=\"enable-background:new 0 0 512 512;\" xml:space=\"preserve\"><style type=\"text\/css\">\t.st0{stroke:#000000;stroke-width:5;stroke-miterlimit:10;}<\/style><g>\t<g>\t\t<path d=\"M256,512c141.1,0,256-114.8,256-256S397.2,0,256,0S0,114.8,0,256S114.9,512,256,512z M256,472.3   c-119.3,0-216.3-97.1-216.3-216.3S136.7,39.7,256,39.7S472.3,136.7,472.3,256C472.3,375.3,375.3,472.3,256,472.3z\"><\/path>\t<\/g><\/g><g>\t<path class=\"st0\" d=\"M256,325.1c4.3,0,8.7-1.7,12-5l104.3-104.3c6.6-6.6,6.6-17.4,0-24c-6.6-6.6-17.4-6.6-24,0L256,284.1  l-92.3-92.3c-6.6-6.6-17.4-6.6-24,0c-6.6,6.6-6.6,17.4,0,24L244,320.1C247.3,323.5,251.7,325.1,256,325.1z\"><\/path><\/g><\/svg><\/span>\n\t\t\t\t\t\t\t\t<span class=\"elementor-toggle-icon-opened\"><svg xmlns=\"http:\/\/www.w3.org\/2000\/svg\" xmlns:xlink=\"http:\/\/www.w3.org\/1999\/xlink\" id=\"Capa_1\" x=\"0px\" y=\"0px\" viewBox=\"0 0 512 512\" style=\"enable-background:new 0 0 512 512;\" xml:space=\"preserve\"><style type=\"text\/css\">\t.st0{stroke:#000000;stroke-width:5;stroke-miterlimit:10;}<\/style><g>\t<g>\t\t<path d=\"M0,256c0,141.2,114.8,256,256,256s256-114.8,256-256S397.1,0,256,0S0,114.8,0,256z M472.3,256   c0,119.3-97,216.3-216.3,216.3S39.7,375.3,39.7,256S136.7,39.7,256,39.7S472.3,136.7,472.3,256z\"><\/path>\t<\/g><\/g><g>\t<path class=\"st0\" d=\"M256,186.9c4.3,0,8.7,1.7,12,5l104.3,104.3c6.6,6.6,6.6,17.4,0,24c-6.6,6.6-17.4,6.6-24,0L256,227.9  l-92.3,92.3c-6.6,6.6-17.4,6.6-24,0c-6.6-6.6-6.6-17.4,0-24L244,191.9C247.3,188.5,251.7,186.9,256,186.9z\"><\/path><\/g><\/svg><\/span>\n\t\t\t\t\t\t\t\t\t\t\t\t\t<\/span>\n\t\t\t\t\t\t\t\t\t\t\t\t<a class=\"elementor-toggle-title\" tabindex=\"0\">Transtorno obsessivo compulsivo (TOC)<\/a>\n\t\t\t\t\t<\/div>\n\n\t\t\t\t\t<div id=\"elementor-tab-content-18514\" class=\"elementor-tab-content elementor-clearfix\" data-tab=\"14\" role=\"region\" aria-labelledby=\"elementor-tab-title-18514\"><div style=\"display: flex;\"><div style=\"width: 50%;\"><p><span style=\"font-weight: 400;\">O TOC \u00e9 definido por uma s\u00e9rie de obsess\u00f5es e manias que os pacientes podem apresentar em suas rotinas<\/span><span style=\"font-weight: 400;\">, e <\/span><span style=\"font-weight: 400;\">pode ser incapacitante se n\u00e3o tratado<\/span><span style=\"font-weight: 400;\">. <\/span><span style=\"font-weight: 400;\">Os rituais comportamentais que se originam dos sintomas come\u00e7am a tomar tempo (cerca de mais de uma hora por dia) e causar sofrimento emocional.<\/span><\/p><p><span style=\"font-weight: 400;\">Obsess\u00f5es e <\/span><a href=\"https:\/\/www.vittude.com\/blog\/compulsao\/\"><span style=\"font-weight: 400;\">compuls\u00f5es<\/span><\/a><span style=\"font-weight: 400;\"> s\u00e3o os principais sintomas. As obsess\u00f5es se referem a pensamentos, impulsos ou imagens persistentes e intrusivas consideradas indesejadas pelos indiv\u00edduos, j\u00e1 as compuls\u00f5es s\u00e3o caracterizadas por comportamentos ou atos mentais repetitivos.<\/span><\/p><p><span style=\"font-weight: 400;\">Muitas pessoas acreditam ter TOC apenas por possu\u00edrem manias de limpeza, ou organiza\u00e7\u00e3o, saiba que isso difere dos sintomas do transtorno. \u00c9 <\/span><span style=\"font-weight: 400;\">configurado um quadro de TOC quando as &#8221;manias&#8221; apresentam preju\u00edzo para a sua vida a n\u00edvel emocional, psicol\u00f3gico, social, profissional, entre outros.\u00a0<\/span><\/p><\/div><div style=\"width: 50%;\"><img loading=\"lazy\" decoding=\"async\" class=\"alignnone size-medium wp-image-1394\" style=\"float: right;\" src=\"https:\/\/www.naneurologistas.com.br\/wp-content\/uploads\/2022\/06\/imagem_toc-300x214.jpg\" alt=\"\" width=\"468\" height=\"334\" srcset=\"https:\/\/www.naneurologistas.com.br\/wp-content\/uploads\/2022\/06\/imagem_toc-300x214.jpg 300w, https:\/\/www.naneurologistas.com.br\/wp-content\/uploads\/2022\/06\/imagem_toc.jpg 468w\" sizes=\"(max-width: 468px) 100vw, 468px\" \/><\/div><\/div><\/div>\n\t\t\t\t<\/div>\n\t\t\t\t\t\t\t\t<\/div>\n\t\t\t\t<\/div>\n\t\t\t\t<\/div>\n\t\t\t\t<div class=\"elementor-element elementor-element-b0c0cf6 elementor-hidden-desktop elementor-hidden-tablet elementor-widget elementor-widget-toggle\" data-id=\"b0c0cf6\" data-element_type=\"widget\" data-widget_type=\"toggle.default\">\n\t\t\t\t<div class=\"elementor-widget-container\">\n\t\t\t\t\t<div class=\"elementor-toggle\">\n\t\t\t\t\t\t\t<div class=\"elementor-toggle-item\">\n\t\t\t\t\t<div id=\"elementor-tab-title-1851\" class=\"elementor-tab-title\" data-tab=\"1\" role=\"button\" aria-controls=\"elementor-tab-content-1851\" aria-expanded=\"false\">\n\t\t\t\t\t\t\t\t\t\t\t\t<span class=\"elementor-toggle-icon elementor-toggle-icon-right\" aria-hidden=\"true\">\n\t\t\t\t\t\t\t\t\t\t\t\t\t\t\t<span class=\"elementor-toggle-icon-closed\"><svg xmlns=\"http:\/\/www.w3.org\/2000\/svg\" xmlns:xlink=\"http:\/\/www.w3.org\/1999\/xlink\" id=\"Capa_1\" x=\"0px\" y=\"0px\" viewBox=\"0 0 512 512\" style=\"enable-background:new 0 0 512 512;\" xml:space=\"preserve\"><style type=\"text\/css\">\t.st0{stroke:#000000;stroke-width:5;stroke-miterlimit:10;}<\/style><g>\t<g>\t\t<path d=\"M256,512c141.1,0,256-114.8,256-256S397.2,0,256,0S0,114.8,0,256S114.9,512,256,512z M256,472.3   c-119.3,0-216.3-97.1-216.3-216.3S136.7,39.7,256,39.7S472.3,136.7,472.3,256C472.3,375.3,375.3,472.3,256,472.3z\"><\/path>\t<\/g><\/g><g>\t<path class=\"st0\" d=\"M256,325.1c4.3,0,8.7-1.7,12-5l104.3-104.3c6.6-6.6,6.6-17.4,0-24c-6.6-6.6-17.4-6.6-24,0L256,284.1  l-92.3-92.3c-6.6-6.6-17.4-6.6-24,0c-6.6,6.6-6.6,17.4,0,24L244,320.1C247.3,323.5,251.7,325.1,256,325.1z\"><\/path><\/g><\/svg><\/span>\n\t\t\t\t\t\t\t\t<span class=\"elementor-toggle-icon-opened\"><svg xmlns=\"http:\/\/www.w3.org\/2000\/svg\" xmlns:xlink=\"http:\/\/www.w3.org\/1999\/xlink\" id=\"Capa_1\" x=\"0px\" y=\"0px\" viewBox=\"0 0 512 512\" style=\"enable-background:new 0 0 512 512;\" xml:space=\"preserve\"><style type=\"text\/css\">\t.st0{stroke:#000000;stroke-width:5;stroke-miterlimit:10;}<\/style><g>\t<g>\t\t<path d=\"M0,256c0,141.2,114.8,256,256,256s256-114.8,256-256S397.1,0,256,0S0,114.8,0,256z M472.3,256   c0,119.3-97,216.3-216.3,216.3S39.7,375.3,39.7,256S136.7,39.7,256,39.7S472.3,136.7,472.3,256z\"><\/path>\t<\/g><\/g><g>\t<path class=\"st0\" d=\"M256,186.9c4.3,0,8.7,1.7,12,5l104.3,104.3c6.6,6.6,6.6,17.4,0,24c-6.6,6.6-17.4,6.6-24,0L256,227.9  l-92.3,92.3c-6.6,6.6-17.4,6.6-24,0c-6.6-6.6-6.6-17.4,0-24L244,191.9C247.3,188.5,251.7,186.9,256,186.9z\"><\/path><\/g><\/svg><\/span>\n\t\t\t\t\t\t\t\t\t\t\t\t\t<\/span>\n\t\t\t\t\t\t\t\t\t\t\t\t<a class=\"elementor-toggle-title\" tabindex=\"0\">Ansiedade<\/a>\n\t\t\t\t\t<\/div>\n\n\t\t\t\t\t<div id=\"elementor-tab-content-1851\" class=\"elementor-tab-content elementor-clearfix\" data-tab=\"1\" role=\"region\" aria-labelledby=\"elementor-tab-title-1851\"><span style=\"font-weight: 400;\"><span style=\"font-weight: 400;\">Os transtornos de ansiedade est\u00e3o relacionados ao funcionamento do corpo e as experi\u00eancias de vida. Dependendo da intensidade, a ansiedade pode vir a tornar-se patol\u00f3gica, prejudicial ao nosso funcionamento ps\u00edquico (mental) e som\u00e1tico (corporal).<\/span><\/span>\n\n&nbsp;\n\n<span style=\"font-weight: 400;\">Os sintomas s\u00e3o intensos,o que causa:\u00a0<\/span>\n<ul>\n \t<li style=\"font-weight: 400;\" aria-level=\"1\"><span style=\"font-weight: 400;\">Preocupa\u00e7\u00f5es, tens\u00f5es ou medos exagerados;<\/span><\/li>\n \t<li style=\"font-weight: 400;\" aria-level=\"1\"><span style=\"font-weight: 400;\">Fadiga, falta de ar;<\/span><\/li>\n \t<li style=\"font-weight: 400;\" aria-level=\"1\"><span style=\"font-weight: 400;\">Dores musculares na regi\u00e3o dos ombros e pesco\u00e7o;<\/span><\/li>\n \t<li style=\"font-weight: 400;\" aria-level=\"1\"><span style=\"font-weight: 400;\">Inquieta\u00e7\u00e3o e dificuldade para se concentrar;<\/span><\/li>\n \t<li style=\"font-weight: 400;\" aria-level=\"1\"><span style=\"font-weight: 400;\">Falta de controle sobre pensamentos, imagens ou atitudes, que se repetem independentemente da vontade;<\/span><\/li>\n \t<li style=\"font-weight: 400;\" aria-level=\"1\"><span style=\"font-weight: 400;\">Pavor depois de uma situa\u00e7\u00e3o dif\u00edcil.<\/span><\/li>\n<\/ul>\n<img decoding=\"async\" class=\"alignnone size-medium wp-image-1227\" src=\"https:\/\/www.naneurologistas.com.br\/wp-content\/uploads\/2022\/06\/imagem_ansiedade-300x214.jpg\" alt=\"\" width=\"468px\" height=\"334px\" srcset=\"https:\/\/www.naneurologistas.com.br\/wp-content\/uploads\/2022\/06\/imagem_ansiedade-300x214.jpg 300w, https:\/\/www.naneurologistas.com.br\/wp-content\/uploads\/2022\/06\/imagem_ansiedade.jpg 468w\" sizes=\"(max-width: 300px) 100vw, 300px\" \/><\/div>\n\t\t\t\t<\/div>\n\t\t\t\t\t\t\t<div class=\"elementor-toggle-item\">\n\t\t\t\t\t<div id=\"elementor-tab-title-1852\" class=\"elementor-tab-title\" data-tab=\"2\" role=\"button\" aria-controls=\"elementor-tab-content-1852\" aria-expanded=\"false\">\n\t\t\t\t\t\t\t\t\t\t\t\t<span class=\"elementor-toggle-icon elementor-toggle-icon-right\" aria-hidden=\"true\">\n\t\t\t\t\t\t\t\t\t\t\t\t\t\t\t<span class=\"elementor-toggle-icon-closed\"><svg xmlns=\"http:\/\/www.w3.org\/2000\/svg\" xmlns:xlink=\"http:\/\/www.w3.org\/1999\/xlink\" id=\"Capa_1\" x=\"0px\" y=\"0px\" viewBox=\"0 0 512 512\" style=\"enable-background:new 0 0 512 512;\" xml:space=\"preserve\"><style type=\"text\/css\">\t.st0{stroke:#000000;stroke-width:5;stroke-miterlimit:10;}<\/style><g>\t<g>\t\t<path d=\"M256,512c141.1,0,256-114.8,256-256S397.2,0,256,0S0,114.8,0,256S114.9,512,256,512z M256,472.3   c-119.3,0-216.3-97.1-216.3-216.3S136.7,39.7,256,39.7S472.3,136.7,472.3,256C472.3,375.3,375.3,472.3,256,472.3z\"><\/path>\t<\/g><\/g><g>\t<path class=\"st0\" d=\"M256,325.1c4.3,0,8.7-1.7,12-5l104.3-104.3c6.6-6.6,6.6-17.4,0-24c-6.6-6.6-17.4-6.6-24,0L256,284.1  l-92.3-92.3c-6.6-6.6-17.4-6.6-24,0c-6.6,6.6-6.6,17.4,0,24L244,320.1C247.3,323.5,251.7,325.1,256,325.1z\"><\/path><\/g><\/svg><\/span>\n\t\t\t\t\t\t\t\t<span class=\"elementor-toggle-icon-opened\"><svg xmlns=\"http:\/\/www.w3.org\/2000\/svg\" xmlns:xlink=\"http:\/\/www.w3.org\/1999\/xlink\" id=\"Capa_1\" x=\"0px\" y=\"0px\" viewBox=\"0 0 512 512\" style=\"enable-background:new 0 0 512 512;\" xml:space=\"preserve\"><style type=\"text\/css\">\t.st0{stroke:#000000;stroke-width:5;stroke-miterlimit:10;}<\/style><g>\t<g>\t\t<path d=\"M0,256c0,141.2,114.8,256,256,256s256-114.8,256-256S397.1,0,256,0S0,114.8,0,256z M472.3,256   c0,119.3-97,216.3-216.3,216.3S39.7,375.3,39.7,256S136.7,39.7,256,39.7S472.3,136.7,472.3,256z\"><\/path>\t<\/g><\/g><g>\t<path class=\"st0\" d=\"M256,186.9c4.3,0,8.7,1.7,12,5l104.3,104.3c6.6,6.6,6.6,17.4,0,24c-6.6,6.6-17.4,6.6-24,0L256,227.9  l-92.3,92.3c-6.6,6.6-17.4,6.6-24,0c-6.6-6.6-6.6-17.4,0-24L244,191.9C247.3,188.5,251.7,186.9,256,186.9z\"><\/path><\/g><\/svg><\/span>\n\t\t\t\t\t\t\t\t\t\t\t\t\t<\/span>\n\t\t\t\t\t\t\t\t\t\t\t\t<a class=\"elementor-toggle-title\" tabindex=\"0\">Acidente Vascular Cerebral (AVC)<\/a>\n\t\t\t\t\t<\/div>\n\n\t\t\t\t\t<div id=\"elementor-tab-content-1852\" class=\"elementor-tab-content elementor-clearfix\" data-tab=\"2\" role=\"region\" aria-labelledby=\"elementor-tab-title-1852\"><span style=\"font-weight: 400;\">O que \u00e9 o AVC?<\/span>\n<br><br>\n<span style=\"font-weight: 400;\">O acidente vascular cerebral, popularmente chamado de \u201cderrame\u201d, ocorre quando o fluxo sangu\u00edneo para parte do c\u00e9rebro \u00e9 subitamente interrompido (geralmente por um co\u00e1gulo) ou quando um vaso sangu\u00edneo cerebral se rompe, espalhando sangue nos espa\u00e7os entre os neur\u00f4nios. Neur\u00f4nios morrem quando n\u00e3o podem mais receber o oxig\u00eanio ou os nutrientes trazidos pelo sangue ou quando h\u00e1 um s\u00fabito sangramento dentro ou em torno do c\u00e9rebro.<\/span>\n<br><br>\n<button class=\"botaoDoencas\"><a href=\"https:\/\/www.naneurologistas.com.br\/blog\/avc-quais-sao-os-sintomas\" target=\"_blank\" rel=\"noopener\">SAIBA MAIS<\/a><\/button>\n<br><br>\n<img loading=\"lazy\" decoding=\"async\" class=\"alignnone size-medium wp-image-1258\" src=\"https:\/\/www.naneurologistas.com.br\/wp-content\/uploads\/2022\/06\/imagem_avc-300x214.jpg\" alt=\"\" width=\"468\" height=\"334\" srcset=\"https:\/\/www.naneurologistas.com.br\/wp-content\/uploads\/2022\/06\/imagem_avc-300x214.jpg 300w, https:\/\/www.naneurologistas.com.br\/wp-content\/uploads\/2022\/06\/imagem_avc.jpg 468w\" sizes=\"(max-width: 468px) 100vw, 468px\" \/><\/div>\n\t\t\t\t<\/div>\n\t\t\t\t\t\t\t<div class=\"elementor-toggle-item\">\n\t\t\t\t\t<div id=\"elementor-tab-title-1853\" class=\"elementor-tab-title\" data-tab=\"3\" role=\"button\" aria-controls=\"elementor-tab-content-1853\" aria-expanded=\"false\">\n\t\t\t\t\t\t\t\t\t\t\t\t<span class=\"elementor-toggle-icon elementor-toggle-icon-right\" aria-hidden=\"true\">\n\t\t\t\t\t\t\t\t\t\t\t\t\t\t\t<span class=\"elementor-toggle-icon-closed\"><svg xmlns=\"http:\/\/www.w3.org\/2000\/svg\" xmlns:xlink=\"http:\/\/www.w3.org\/1999\/xlink\" id=\"Capa_1\" x=\"0px\" y=\"0px\" viewBox=\"0 0 512 512\" style=\"enable-background:new 0 0 512 512;\" xml:space=\"preserve\"><style type=\"text\/css\">\t.st0{stroke:#000000;stroke-width:5;stroke-miterlimit:10;}<\/style><g>\t<g>\t\t<path d=\"M256,512c141.1,0,256-114.8,256-256S397.2,0,256,0S0,114.8,0,256S114.9,512,256,512z M256,472.3   c-119.3,0-216.3-97.1-216.3-216.3S136.7,39.7,256,39.7S472.3,136.7,472.3,256C472.3,375.3,375.3,472.3,256,472.3z\"><\/path>\t<\/g><\/g><g>\t<path class=\"st0\" d=\"M256,325.1c4.3,0,8.7-1.7,12-5l104.3-104.3c6.6-6.6,6.6-17.4,0-24c-6.6-6.6-17.4-6.6-24,0L256,284.1  l-92.3-92.3c-6.6-6.6-17.4-6.6-24,0c-6.6,6.6-6.6,17.4,0,24L244,320.1C247.3,323.5,251.7,325.1,256,325.1z\"><\/path><\/g><\/svg><\/span>\n\t\t\t\t\t\t\t\t<span class=\"elementor-toggle-icon-opened\"><svg xmlns=\"http:\/\/www.w3.org\/2000\/svg\" xmlns:xlink=\"http:\/\/www.w3.org\/1999\/xlink\" id=\"Capa_1\" x=\"0px\" y=\"0px\" viewBox=\"0 0 512 512\" style=\"enable-background:new 0 0 512 512;\" xml:space=\"preserve\"><style type=\"text\/css\">\t.st0{stroke:#000000;stroke-width:5;stroke-miterlimit:10;}<\/style><g>\t<g>\t\t<path d=\"M0,256c0,141.2,114.8,256,256,256s256-114.8,256-256S397.1,0,256,0S0,114.8,0,256z M472.3,256   c0,119.3-97,216.3-216.3,216.3S39.7,375.3,39.7,256S136.7,39.7,256,39.7S472.3,136.7,472.3,256z\"><\/path>\t<\/g><\/g><g>\t<path class=\"st0\" d=\"M256,186.9c4.3,0,8.7,1.7,12,5l104.3,104.3c6.6,6.6,6.6,17.4,0,24c-6.6,6.6-17.4,6.6-24,0L256,227.9  l-92.3,92.3c-6.6,6.6-17.4,6.6-24,0c-6.6-6.6-6.6-17.4,0-24L244,191.9C247.3,188.5,251.7,186.9,256,186.9z\"><\/path><\/g><\/svg><\/span>\n\t\t\t\t\t\t\t\t\t\t\t\t\t<\/span>\n\t\t\t\t\t\t\t\t\t\t\t\t<a class=\"elementor-toggle-title\" tabindex=\"0\">Blefaroespasmo essencial<\/a>\n\t\t\t\t\t<\/div>\n\n\t\t\t\t\t<div id=\"elementor-tab-content-1853\" class=\"elementor-tab-content elementor-clearfix\" data-tab=\"3\" role=\"region\" aria-labelledby=\"elementor-tab-title-1853\"><span style=\"font-weight: 400;\">O que \u00e9 o blefaroespasmo essencial?<\/span>\n\n        <br><br>\n        <span style=\"font-weight: 400;\">O blefaroespasmo essencial \u00e9 um tipo de distonia focal comum em adultos. A sua\n            manifesta\u00e7\u00e3o mais caracter\u00edstica \u00e9 a ocorr\u00eancia de contra\u00e7\u00f5es involunt\u00e1rias dos m\u00fasculos localizados ao\n            redor dos olhos, levando a fechamento for\u00e7ado dos olhos e impedindo sua abertura e fechamento\n            normais.<\/span>\n        <br><br>\n        <span style=\"font-weight: 400;\">Sua ocorr\u00eancia predomina ap\u00f3s a sexta d\u00e9cada de vida e em mulheres. A gravidade\n            \u00e9 bem vari\u00e1vel: podem ocorrer de pequenos desconfortos pelo piscamento excessivo a fechamento for\u00e7ado\n            persistente dos olhos.\n        <\/span>\n        <br><br>\n        <button class=\"botaoDoencas\"><a href=\"https:\/\/www.naneurologistas.com.br\/blog\/blefaroespasmo-essencial\"\n                target=\"_blank\" rel=\"noopener\">SAIBA MAIS<\/a><\/button><br><br>\n           <img decoding=\"async\" class=\"alignnone size-medium wp-image-1227\" style=\"float: right;\"\n                src=\"https:\/\/www.naneurologistas.com.br\/wp-content\/uploads\/2022\/07\/medicine-health-care-and-eyesight-concept-unrecognizable-female-shows-her-inflated-red-eye-with-blood-capillary-2048x1365-1-300x200.jpg\"\n                alt=\"\" width=\"468px\" height=\"334px\" \/><\/div>\n\t\t\t\t<\/div>\n\t\t\t\t\t\t\t<div class=\"elementor-toggle-item\">\n\t\t\t\t\t<div id=\"elementor-tab-title-1854\" class=\"elementor-tab-title\" data-tab=\"4\" role=\"button\" aria-controls=\"elementor-tab-content-1854\" aria-expanded=\"false\">\n\t\t\t\t\t\t\t\t\t\t\t\t<span class=\"elementor-toggle-icon elementor-toggle-icon-right\" aria-hidden=\"true\">\n\t\t\t\t\t\t\t\t\t\t\t\t\t\t\t<span class=\"elementor-toggle-icon-closed\"><svg xmlns=\"http:\/\/www.w3.org\/2000\/svg\" xmlns:xlink=\"http:\/\/www.w3.org\/1999\/xlink\" id=\"Capa_1\" x=\"0px\" y=\"0px\" viewBox=\"0 0 512 512\" style=\"enable-background:new 0 0 512 512;\" xml:space=\"preserve\"><style type=\"text\/css\">\t.st0{stroke:#000000;stroke-width:5;stroke-miterlimit:10;}<\/style><g>\t<g>\t\t<path d=\"M256,512c141.1,0,256-114.8,256-256S397.2,0,256,0S0,114.8,0,256S114.9,512,256,512z M256,472.3   c-119.3,0-216.3-97.1-216.3-216.3S136.7,39.7,256,39.7S472.3,136.7,472.3,256C472.3,375.3,375.3,472.3,256,472.3z\"><\/path>\t<\/g><\/g><g>\t<path class=\"st0\" d=\"M256,325.1c4.3,0,8.7-1.7,12-5l104.3-104.3c6.6-6.6,6.6-17.4,0-24c-6.6-6.6-17.4-6.6-24,0L256,284.1  l-92.3-92.3c-6.6-6.6-17.4-6.6-24,0c-6.6,6.6-6.6,17.4,0,24L244,320.1C247.3,323.5,251.7,325.1,256,325.1z\"><\/path><\/g><\/svg><\/span>\n\t\t\t\t\t\t\t\t<span class=\"elementor-toggle-icon-opened\"><svg xmlns=\"http:\/\/www.w3.org\/2000\/svg\" xmlns:xlink=\"http:\/\/www.w3.org\/1999\/xlink\" id=\"Capa_1\" x=\"0px\" y=\"0px\" viewBox=\"0 0 512 512\" style=\"enable-background:new 0 0 512 512;\" xml:space=\"preserve\"><style type=\"text\/css\">\t.st0{stroke:#000000;stroke-width:5;stroke-miterlimit:10;}<\/style><g>\t<g>\t\t<path d=\"M0,256c0,141.2,114.8,256,256,256s256-114.8,256-256S397.1,0,256,0S0,114.8,0,256z M472.3,256   c0,119.3-97,216.3-216.3,216.3S39.7,375.3,39.7,256S136.7,39.7,256,39.7S472.3,136.7,472.3,256z\"><\/path>\t<\/g><\/g><g>\t<path class=\"st0\" d=\"M256,186.9c4.3,0,8.7,1.7,12,5l104.3,104.3c6.6,6.6,6.6,17.4,0,24c-6.6,6.6-17.4,6.6-24,0L256,227.9  l-92.3,92.3c-6.6,6.6-17.4,6.6-24,0c-6.6-6.6-6.6-17.4,0-24L244,191.9C247.3,188.5,251.7,186.9,256,186.9z\"><\/path><\/g><\/svg><\/span>\n\t\t\t\t\t\t\t\t\t\t\t\t\t<\/span>\n\t\t\t\t\t\t\t\t\t\t\t\t<a class=\"elementor-toggle-title\" tabindex=\"0\">Depress\u00e3o<\/a>\n\t\t\t\t\t<\/div>\n\n\t\t\t\t\t<div id=\"elementor-tab-content-1854\" class=\"elementor-tab-content elementor-clearfix\" data-tab=\"4\" role=\"region\" aria-labelledby=\"elementor-tab-title-1854\"><span style=\"font-weight: 400;\">A depress\u00e3o \u00e9 considerada pela Organiza\u00e7\u00e3o Mundial da Sa\u00fade (OMS) como o &#8220;Mal do S\u00e9culo&#8221;. No sentido patol\u00f3gico, h\u00e1 presen\u00e7a de pessimismo, tristeza, baixa auto-estima, que aparecem com frequ\u00eancia e podem combinar-se entre si. A depress\u00e3o provoca a aus\u00eancia de prazer em coisas que antes faziam bem, e grande oscila\u00e7\u00e3o de humor e pensamentos, que podem culminar em comportamentos e atos suicidas.\u00a0<\/span><span style=\"font-weight: 400;\">\n\nAl\u00e9m das altera\u00e7\u00f5es de humor ou irritabilidade, ansiedade e ang\u00fastia, a depress\u00e3o possui diversos sinais e sintomas, que podem ser isolados ou somatizados. Os principais sintomas s\u00e3o:<\/span>\n<ul>\n \t<li style=\"font-weight: 400;\" aria-level=\"1\"><span style=\"font-weight: 400;\">Irritabilidade, ansiedade e ang\u00fastia;<\/span><\/li>\n \t<li style=\"font-weight: 400;\" aria-level=\"1\"><span style=\"font-weight: 400;\">Des\u00e2nimo, cansa\u00e7o f\u00e1cil, necessidade de maior esfor\u00e7o para fazer as coisas;<\/span><\/li>\n \t<li style=\"font-weight: 400;\" aria-level=\"1\"><span style=\"font-weight: 400;\">Diminui\u00e7\u00e3o ou incapacidade de sentir alegria e prazer ;<\/span><\/li>\n \t<li style=\"font-weight: 400;\" aria-level=\"1\"><span style=\"font-weight: 400;\">Desinteresse, falta de motiva\u00e7\u00e3o e apatia;<\/span><\/li>\n \t<li style=\"font-weight: 400;\" aria-level=\"1\"><span style=\"font-weight: 400;\">Sentimentos de medo, inseguran\u00e7a, desesperan\u00e7a, desespero e desamparo;<\/span><\/li>\n \t<li style=\"font-weight: 400;\" aria-level=\"1\"><span style=\"font-weight: 400;\">Pessimismo, ideias frequentes e desproporcionais de culpa, baixa auto-estima;<\/span><\/li>\n \t<li style=\"font-weight: 400;\" aria-level=\"1\"><span style=\"font-weight: 400;\">Sensa\u00e7\u00e3o, inutilidade, ru\u00edna e fracasso;<\/span><\/li>\n \t<li style=\"font-weight: 400;\" aria-level=\"1\"><span style=\"font-weight: 400;\">Interpreta\u00e7\u00e3o distorcida e negativa da realidade;<\/span><\/li>\n \t<li style=\"font-weight: 400;\" aria-level=\"1\"><span style=\"font-weight: 400;\">Ins\u00f4nia ou despertar matinal precoce;<\/span><\/li>\n \t<li style=\"font-weight: 400;\" aria-level=\"1\"><span style=\"font-weight: 400;\">Dores e outros sintomas f\u00edsicos n\u00e3o justificados por problemas m\u00e9dicos, entre outros.\u00a0<\/span><\/li>\n<\/ul>\n<img loading=\"lazy\" decoding=\"async\" class=\"alignnone size-medium wp-image-1260\" src=\"https:\/\/www.naneurologistas.com.br\/wp-content\/uploads\/2022\/06\/imagem_depressao-300x214.jpg\" alt=\"\" width=\"468\" height=\"334\" srcset=\"https:\/\/www.naneurologistas.com.br\/wp-content\/uploads\/2022\/06\/imagem_depressao-300x214.jpg 300w, https:\/\/www.naneurologistas.com.br\/wp-content\/uploads\/2022\/06\/imagem_depressao.jpg 468w\" sizes=\"(max-width: 468px) 100vw, 468px\" \/><\/div>\n\t\t\t\t<\/div>\n\t\t\t\t\t\t\t<div class=\"elementor-toggle-item\">\n\t\t\t\t\t<div id=\"elementor-tab-title-1855\" class=\"elementor-tab-title\" data-tab=\"5\" role=\"button\" aria-controls=\"elementor-tab-content-1855\" aria-expanded=\"false\">\n\t\t\t\t\t\t\t\t\t\t\t\t<span class=\"elementor-toggle-icon elementor-toggle-icon-right\" aria-hidden=\"true\">\n\t\t\t\t\t\t\t\t\t\t\t\t\t\t\t<span class=\"elementor-toggle-icon-closed\"><svg xmlns=\"http:\/\/www.w3.org\/2000\/svg\" xmlns:xlink=\"http:\/\/www.w3.org\/1999\/xlink\" id=\"Capa_1\" x=\"0px\" y=\"0px\" viewBox=\"0 0 512 512\" style=\"enable-background:new 0 0 512 512;\" xml:space=\"preserve\"><style type=\"text\/css\">\t.st0{stroke:#000000;stroke-width:5;stroke-miterlimit:10;}<\/style><g>\t<g>\t\t<path d=\"M256,512c141.1,0,256-114.8,256-256S397.2,0,256,0S0,114.8,0,256S114.9,512,256,512z M256,472.3   c-119.3,0-216.3-97.1-216.3-216.3S136.7,39.7,256,39.7S472.3,136.7,472.3,256C472.3,375.3,375.3,472.3,256,472.3z\"><\/path>\t<\/g><\/g><g>\t<path class=\"st0\" d=\"M256,325.1c4.3,0,8.7-1.7,12-5l104.3-104.3c6.6-6.6,6.6-17.4,0-24c-6.6-6.6-17.4-6.6-24,0L256,284.1  l-92.3-92.3c-6.6-6.6-17.4-6.6-24,0c-6.6,6.6-6.6,17.4,0,24L244,320.1C247.3,323.5,251.7,325.1,256,325.1z\"><\/path><\/g><\/svg><\/span>\n\t\t\t\t\t\t\t\t<span class=\"elementor-toggle-icon-opened\"><svg xmlns=\"http:\/\/www.w3.org\/2000\/svg\" xmlns:xlink=\"http:\/\/www.w3.org\/1999\/xlink\" id=\"Capa_1\" x=\"0px\" y=\"0px\" viewBox=\"0 0 512 512\" style=\"enable-background:new 0 0 512 512;\" xml:space=\"preserve\"><style type=\"text\/css\">\t.st0{stroke:#000000;stroke-width:5;stroke-miterlimit:10;}<\/style><g>\t<g>\t\t<path d=\"M0,256c0,141.2,114.8,256,256,256s256-114.8,256-256S397.1,0,256,0S0,114.8,0,256z M472.3,256   c0,119.3-97,216.3-216.3,216.3S39.7,375.3,39.7,256S136.7,39.7,256,39.7S472.3,136.7,472.3,256z\"><\/path>\t<\/g><\/g><g>\t<path class=\"st0\" d=\"M256,186.9c4.3,0,8.7,1.7,12,5l104.3,104.3c6.6,6.6,6.6,17.4,0,24c-6.6,6.6-17.4,6.6-24,0L256,227.9  l-92.3,92.3c-6.6,6.6-17.4,6.6-24,0c-6.6-6.6-6.6-17.4,0-24L244,191.9C247.3,188.5,251.7,186.9,256,186.9z\"><\/path><\/g><\/svg><\/span>\n\t\t\t\t\t\t\t\t\t\t\t\t\t<\/span>\n\t\t\t\t\t\t\t\t\t\t\t\t<a class=\"elementor-toggle-title\" tabindex=\"0\">Depend\u00eancia qu\u00edmica<\/a>\n\t\t\t\t\t<\/div>\n\n\t\t\t\t\t<div id=\"elementor-tab-content-1855\" class=\"elementor-tab-content elementor-clearfix\" data-tab=\"5\" role=\"region\" aria-labelledby=\"elementor-tab-title-1855\"><span style=\"font-weight: 400;\">Reconhecida como uma doen\u00e7a pela Organiza\u00e7\u00e3o Mundial da Sa\u00fade (OMS), a depend\u00eancia qu\u00edmica consiste nas consequ\u00eancias f\u00edsicas e mentais trazidas pelo abuso de subst\u00e2ncias nocivas ao organismo. Elas podem ser tanto l\u00edcitas como o \u00e1lcool e a nicotina quanto il\u00edcitas como a <\/span><a href=\"https:\/\/hospitalsantamonica.com.br\/dependencia-quimica\/maconha\/\"><span style=\"font-weight: 400;\">maconha<\/span><\/a><span style=\"font-weight: 400;\">, <\/span><a href=\"https:\/\/hospitalsantamonica.com.br\/dependencia-quimica\/cocaina\/\"><span style=\"font-weight: 400;\">coca\u00edna<\/span><\/a><span style=\"font-weight: 400;\"> e o <\/span><a href=\"https:\/\/hospitalsantamonica.com.br\/dependencia-quimica\/crack\/\"><span style=\"font-weight: 400;\">crack<\/span><\/a><span style=\"font-weight: 400;\">, por exemplo.<\/span>\n\n<span style=\"font-weight: 400;\">Existe quem acredita que a doen\u00e7a n\u00e3o passa de um mero v\u00edcio ou falta de car\u00e1ter, o que n\u00e3o \u00e9 verdade. A depend\u00eancia qu\u00edmica, al\u00e9m de doen\u00e7a, tamb\u00e9m \u00e9 definida como um tipo de transtorno mental. Isso porque o uso excessivo e descontrolado de <\/span><a href=\"https:\/\/hospitalsantamonica.com.br\/tudo-o-que-voce-precisa-saber-sobre-drogas\/\"><span style=\"font-weight: 400;\">drogas<\/span><\/a><span style=\"font-weight: 400;\"> acaba por alterar a percep\u00e7\u00e3o do dependente qu\u00edmico, que muitas vezes n\u00e3o tem consci\u00eancia da sua situa\u00e7\u00e3o.<\/span>\n<br><br>\n<img loading=\"lazy\" decoding=\"async\" class=\"alignnone size-medium wp-image-1265\" src=\"https:\/\/www.naneurologistas.com.br\/wp-content\/uploads\/2022\/06\/imagem_dependencia_quimica-300x214.jpg\" alt=\"\" width=\"468\" height=\"334\" srcset=\"https:\/\/www.naneurologistas.com.br\/wp-content\/uploads\/2022\/06\/imagem_dependencia_quimica-300x214.jpg 300w, https:\/\/www.naneurologistas.com.br\/wp-content\/uploads\/2022\/06\/imagem_dependencia_quimica.jpg 468w\" sizes=\"(max-width: 468px) 100vw, 468px\" \/><\/div>\n\t\t\t\t<\/div>\n\t\t\t\t\t\t\t<div class=\"elementor-toggle-item\">\n\t\t\t\t\t<div id=\"elementor-tab-title-1856\" class=\"elementor-tab-title\" data-tab=\"6\" role=\"button\" aria-controls=\"elementor-tab-content-1856\" aria-expanded=\"false\">\n\t\t\t\t\t\t\t\t\t\t\t\t<span class=\"elementor-toggle-icon elementor-toggle-icon-right\" aria-hidden=\"true\">\n\t\t\t\t\t\t\t\t\t\t\t\t\t\t\t<span class=\"elementor-toggle-icon-closed\"><svg xmlns=\"http:\/\/www.w3.org\/2000\/svg\" xmlns:xlink=\"http:\/\/www.w3.org\/1999\/xlink\" id=\"Capa_1\" x=\"0px\" y=\"0px\" viewBox=\"0 0 512 512\" style=\"enable-background:new 0 0 512 512;\" xml:space=\"preserve\"><style type=\"text\/css\">\t.st0{stroke:#000000;stroke-width:5;stroke-miterlimit:10;}<\/style><g>\t<g>\t\t<path d=\"M256,512c141.1,0,256-114.8,256-256S397.2,0,256,0S0,114.8,0,256S114.9,512,256,512z M256,472.3   c-119.3,0-216.3-97.1-216.3-216.3S136.7,39.7,256,39.7S472.3,136.7,472.3,256C472.3,375.3,375.3,472.3,256,472.3z\"><\/path>\t<\/g><\/g><g>\t<path class=\"st0\" d=\"M256,325.1c4.3,0,8.7-1.7,12-5l104.3-104.3c6.6-6.6,6.6-17.4,0-24c-6.6-6.6-17.4-6.6-24,0L256,284.1  l-92.3-92.3c-6.6-6.6-17.4-6.6-24,0c-6.6,6.6-6.6,17.4,0,24L244,320.1C247.3,323.5,251.7,325.1,256,325.1z\"><\/path><\/g><\/svg><\/span>\n\t\t\t\t\t\t\t\t<span class=\"elementor-toggle-icon-opened\"><svg xmlns=\"http:\/\/www.w3.org\/2000\/svg\" xmlns:xlink=\"http:\/\/www.w3.org\/1999\/xlink\" id=\"Capa_1\" x=\"0px\" y=\"0px\" viewBox=\"0 0 512 512\" style=\"enable-background:new 0 0 512 512;\" xml:space=\"preserve\"><style type=\"text\/css\">\t.st0{stroke:#000000;stroke-width:5;stroke-miterlimit:10;}<\/style><g>\t<g>\t\t<path d=\"M0,256c0,141.2,114.8,256,256,256s256-114.8,256-256S397.1,0,256,0S0,114.8,0,256z M472.3,256   c0,119.3-97,216.3-216.3,216.3S39.7,375.3,39.7,256S136.7,39.7,256,39.7S472.3,136.7,472.3,256z\"><\/path>\t<\/g><\/g><g>\t<path class=\"st0\" d=\"M256,186.9c4.3,0,8.7,1.7,12,5l104.3,104.3c6.6,6.6,6.6,17.4,0,24c-6.6,6.6-17.4,6.6-24,0L256,227.9  l-92.3,92.3c-6.6,6.6-17.4,6.6-24,0c-6.6-6.6-6.6-17.4,0-24L244,191.9C247.3,188.5,251.7,186.9,256,186.9z\"><\/path><\/g><\/svg><\/span>\n\t\t\t\t\t\t\t\t\t\t\t\t\t<\/span>\n\t\t\t\t\t\t\t\t\t\t\t\t<a class=\"elementor-toggle-title\" tabindex=\"0\">Distonia<\/a>\n\t\t\t\t\t<\/div>\n\n\t\t\t\t\t<div id=\"elementor-tab-content-1856\" class=\"elementor-tab-content elementor-clearfix\" data-tab=\"6\" role=\"region\" aria-labelledby=\"elementor-tab-title-1856\">        <p><b>O que \u00e9 a distonia?<\/b><\/p>\n        <p><span style=\"font-weight: 400;\">A distonia \u00e9 um dist\u00farbio neurol\u00f3gico que causa contra\u00e7\u00f5es musculares\n                excessivas e involunt\u00e1rias. Essas contra\u00e7\u00f5es musculares resultam em movimentos musculares anormais e\n                posturas corporais, dificultando o controle dos movimentos pelos indiv\u00edduos. Os movimentos e posturas\n                podem ser dolorosos. Os movimentos dist\u00f4nicos s\u00e3o tipicamente padronizados (estereotipados) e\n                repetitivos.<\/span><\/p>\n        <p><span style=\"font-weight: 400;\">A distonia pode afetar qualquer regi\u00e3o do corpo, incluindo p\u00e1lpebras, rosto,\n                mand\u00edbula, pesco\u00e7o, cordas vocais, tronco, membros, m\u00e3os e p\u00e9s. Dependendo da regi\u00e3o do corpo afetada, a\n                distonia pode ser bem diferente de pessoa para pessoa.<\/span><\/p>\n<img loading=\"lazy\" decoding=\"async\" class=\"alignnone size-medium wp-image-1270\" style=\"float: right;\"\n            src=\"https:\/\/www.naneurologistas.com.br\/wp-content\/uploads\/2022\/06\/imagem_distonia-300x214.jpg\" alt=\"\"\n            width=\"468\" height=\"344\" \/>\n<p><br><br><button class=\"botaoDoencas\"><a\n            href=\"https:\/\/www.naneurologistas.com.br\/sem-categoria\/distonia?preview_id=2024&#038;preview_nonce=bf1f7ecfca&#038;preview=true\"\n            target=\"_blank\" rel=\"noopener\">SAIBA MAIS<\/a><\/button><\/p><\/div>\n\t\t\t\t<\/div>\n\t\t\t\t\t\t\t<div class=\"elementor-toggle-item\">\n\t\t\t\t\t<div id=\"elementor-tab-title-1857\" class=\"elementor-tab-title\" data-tab=\"7\" role=\"button\" aria-controls=\"elementor-tab-content-1857\" aria-expanded=\"false\">\n\t\t\t\t\t\t\t\t\t\t\t\t<span class=\"elementor-toggle-icon elementor-toggle-icon-right\" aria-hidden=\"true\">\n\t\t\t\t\t\t\t\t\t\t\t\t\t\t\t<span class=\"elementor-toggle-icon-closed\"><svg xmlns=\"http:\/\/www.w3.org\/2000\/svg\" xmlns:xlink=\"http:\/\/www.w3.org\/1999\/xlink\" id=\"Capa_1\" x=\"0px\" y=\"0px\" viewBox=\"0 0 512 512\" style=\"enable-background:new 0 0 512 512;\" xml:space=\"preserve\"><style type=\"text\/css\">\t.st0{stroke:#000000;stroke-width:5;stroke-miterlimit:10;}<\/style><g>\t<g>\t\t<path d=\"M256,512c141.1,0,256-114.8,256-256S397.2,0,256,0S0,114.8,0,256S114.9,512,256,512z M256,472.3   c-119.3,0-216.3-97.1-216.3-216.3S136.7,39.7,256,39.7S472.3,136.7,472.3,256C472.3,375.3,375.3,472.3,256,472.3z\"><\/path>\t<\/g><\/g><g>\t<path class=\"st0\" d=\"M256,325.1c4.3,0,8.7-1.7,12-5l104.3-104.3c6.6-6.6,6.6-17.4,0-24c-6.6-6.6-17.4-6.6-24,0L256,284.1  l-92.3-92.3c-6.6-6.6-17.4-6.6-24,0c-6.6,6.6-6.6,17.4,0,24L244,320.1C247.3,323.5,251.7,325.1,256,325.1z\"><\/path><\/g><\/svg><\/span>\n\t\t\t\t\t\t\t\t<span class=\"elementor-toggle-icon-opened\"><svg xmlns=\"http:\/\/www.w3.org\/2000\/svg\" xmlns:xlink=\"http:\/\/www.w3.org\/1999\/xlink\" id=\"Capa_1\" x=\"0px\" y=\"0px\" viewBox=\"0 0 512 512\" style=\"enable-background:new 0 0 512 512;\" xml:space=\"preserve\"><style type=\"text\/css\">\t.st0{stroke:#000000;stroke-width:5;stroke-miterlimit:10;}<\/style><g>\t<g>\t\t<path d=\"M0,256c0,141.2,114.8,256,256,256s256-114.8,256-256S397.1,0,256,0S0,114.8,0,256z M472.3,256   c0,119.3-97,216.3-216.3,216.3S39.7,375.3,39.7,256S136.7,39.7,256,39.7S472.3,136.7,472.3,256z\"><\/path>\t<\/g><\/g><g>\t<path class=\"st0\" d=\"M256,186.9c4.3,0,8.7,1.7,12,5l104.3,104.3c6.6,6.6,6.6,17.4,0,24c-6.6,6.6-17.4,6.6-24,0L256,227.9  l-92.3,92.3c-6.6,6.6-17.4,6.6-24,0c-6.6-6.6-6.6-17.4,0-24L244,191.9C247.3,188.5,251.7,186.9,256,186.9z\"><\/path><\/g><\/svg><\/span>\n\t\t\t\t\t\t\t\t\t\t\t\t\t<\/span>\n\t\t\t\t\t\t\t\t\t\t\t\t<a class=\"elementor-toggle-title\" tabindex=\"0\">Dist\u00farbio Cognitivo<\/a>\n\t\t\t\t\t<\/div>\n\n\t\t\t\t\t<div id=\"elementor-tab-content-1857\" class=\"elementor-tab-content elementor-clearfix\" data-tab=\"7\" role=\"region\" aria-labelledby=\"elementor-tab-title-1857\"><span style=\"font-weight: 400;\">Os dist\u00farbios da cogni\u00e7\u00e3o e mem\u00f3ria costumam aparecer com o avan\u00e7o da idade. Muitas vezes quem os nota s\u00e3o familiares e amigos. A principal preocupa\u00e7\u00e3o \u00e9 se eles est\u00e3o ligados a doen\u00e7as degenerativas, que podem, gradativamente, fazer com que o paciente perca fun\u00e7\u00f5es importantes como a linguagem, capacidade de realizar tarefas de forma aut\u00f4noma, mem\u00f3ria, e habilidades cotidianas. Nesses casos \u00e9 imprescind\u00edvel o acompanhamento e tratamento m\u00e9dico.\u00a0<\/span><span style=\"font-weight: 400;\">Entre as principais patologias que comprometem a mem\u00f3ria e as habilidades cognitivas, est\u00e3o:<\/span>\n<ul>\n \t<li><span style=\"font-weight: 400;\">Doen\u00e7a de Alzheimer;<\/span><\/li>\n \t<li><span style=\"font-weight: 400;\">Dem\u00eancia vascular;<\/span><\/li>\n \t<li><span style=\"font-weight: 400;\">Dem\u00eancia frontotemporal;<\/span><\/li>\n \t<li><span style=\"font-weight: 400;\">Afasias prim\u00e1rias progressivas;<\/span><\/li>\n \t<li><span style=\"font-weight: 400;\">Hidrocefalia de press\u00e3o normal;<\/span><\/li>\n \t<li><span style=\"font-weight: 400;\">Neuross\u00edfilis;<\/span><\/li>\n \t<li><span style=\"font-weight: 400;\">Encefalopatias auto-imunes;<\/span><\/li>\n \t<li><span style=\"font-weight: 400;\">Dem\u00eancia com corpos de Lewy;<\/span><\/li>\n \t<li><span style=\"font-weight: 400;\">Comprometimento cognitivo leve;<\/span><\/li>\n \t<li><span style=\"font-weight: 400;\">Doen\u00e7a de Creutzfeldt-Jakob (doen\u00e7a pri\u00f4nica);<\/span><\/li>\n \t<li><span style=\"font-weight: 400;\">Encefalopatia de Wernicke-Korsakoff.<\/span><\/li>\n<\/ul>\n<img loading=\"lazy\" decoding=\"async\" class=\"alignnone size-medium wp-image-1274\" src=\"https:\/\/www.naneurologistas.com.br\/wp-content\/uploads\/2022\/06\/imagem_disturbio_cognitivo-300x214.jpg\" alt=\"\" width=\"468\" height=\"334\" srcset=\"https:\/\/www.naneurologistas.com.br\/wp-content\/uploads\/2022\/06\/imagem_disturbio_cognitivo-300x214.jpg 300w, https:\/\/www.naneurologistas.com.br\/wp-content\/uploads\/2022\/06\/imagem_disturbio_cognitivo.jpg 468w\" sizes=\"(max-width: 468px) 100vw, 468px\" \/><\/div>\n\t\t\t\t<\/div>\n\t\t\t\t\t\t\t<div class=\"elementor-toggle-item\">\n\t\t\t\t\t<div id=\"elementor-tab-title-1858\" class=\"elementor-tab-title\" data-tab=\"8\" role=\"button\" aria-controls=\"elementor-tab-content-1858\" aria-expanded=\"false\">\n\t\t\t\t\t\t\t\t\t\t\t\t<span class=\"elementor-toggle-icon elementor-toggle-icon-right\" aria-hidden=\"true\">\n\t\t\t\t\t\t\t\t\t\t\t\t\t\t\t<span class=\"elementor-toggle-icon-closed\"><svg xmlns=\"http:\/\/www.w3.org\/2000\/svg\" xmlns:xlink=\"http:\/\/www.w3.org\/1999\/xlink\" id=\"Capa_1\" x=\"0px\" y=\"0px\" viewBox=\"0 0 512 512\" style=\"enable-background:new 0 0 512 512;\" xml:space=\"preserve\"><style type=\"text\/css\">\t.st0{stroke:#000000;stroke-width:5;stroke-miterlimit:10;}<\/style><g>\t<g>\t\t<path d=\"M256,512c141.1,0,256-114.8,256-256S397.2,0,256,0S0,114.8,0,256S114.9,512,256,512z M256,472.3   c-119.3,0-216.3-97.1-216.3-216.3S136.7,39.7,256,39.7S472.3,136.7,472.3,256C472.3,375.3,375.3,472.3,256,472.3z\"><\/path>\t<\/g><\/g><g>\t<path class=\"st0\" d=\"M256,325.1c4.3,0,8.7-1.7,12-5l104.3-104.3c6.6-6.6,6.6-17.4,0-24c-6.6-6.6-17.4-6.6-24,0L256,284.1  l-92.3-92.3c-6.6-6.6-17.4-6.6-24,0c-6.6,6.6-6.6,17.4,0,24L244,320.1C247.3,323.5,251.7,325.1,256,325.1z\"><\/path><\/g><\/svg><\/span>\n\t\t\t\t\t\t\t\t<span class=\"elementor-toggle-icon-opened\"><svg xmlns=\"http:\/\/www.w3.org\/2000\/svg\" xmlns:xlink=\"http:\/\/www.w3.org\/1999\/xlink\" id=\"Capa_1\" x=\"0px\" y=\"0px\" viewBox=\"0 0 512 512\" style=\"enable-background:new 0 0 512 512;\" xml:space=\"preserve\"><style type=\"text\/css\">\t.st0{stroke:#000000;stroke-width:5;stroke-miterlimit:10;}<\/style><g>\t<g>\t\t<path d=\"M0,256c0,141.2,114.8,256,256,256s256-114.8,256-256S397.1,0,256,0S0,114.8,0,256z M472.3,256   c0,119.3-97,216.3-216.3,216.3S39.7,375.3,39.7,256S136.7,39.7,256,39.7S472.3,136.7,472.3,256z\"><\/path>\t<\/g><\/g><g>\t<path class=\"st0\" d=\"M256,186.9c4.3,0,8.7,1.7,12,5l104.3,104.3c6.6,6.6,6.6,17.4,0,24c-6.6,6.6-17.4,6.6-24,0L256,227.9  l-92.3,92.3c-6.6,6.6-17.4,6.6-24,0c-6.6-6.6-6.6-17.4,0-24L244,191.9C247.3,188.5,251.7,186.9,256,186.9z\"><\/path><\/g><\/svg><\/span>\n\t\t\t\t\t\t\t\t\t\t\t\t\t<\/span>\n\t\t\t\t\t\t\t\t\t\t\t\t<a class=\"elementor-toggle-title\" tabindex=\"0\">Dist\u00farbios do movimento<\/a>\n\t\t\t\t\t<\/div>\n\n\t\t\t\t\t<div id=\"elementor-tab-content-1858\" class=\"elementor-tab-content elementor-clearfix\" data-tab=\"8\" role=\"region\" aria-labelledby=\"elementor-tab-title-1858\"><span style=\"font-weight: 400;\">Para nos movimentarmos utilizamos um complexo sistema motor que engloba estruturas cerebrais como o cerebelo, os n\u00facleos de base, medula, sistema corticoespinhal, membros superiores e inferiores, al\u00e9m do controle e sustenta\u00e7\u00e3o do tronco.<\/span>\n<br><br>\n<span style=\"font-weight: 400;\">Chamamos de <\/span><span style=\"font-weight: 400;\">transtornos do movimento<\/span><span style=\"font-weight: 400;\"> qualquer altera\u00e7\u00e3o do controle, ritmo, movimentos volunt\u00e1rios, for\u00e7a dos membros, tremores, dificuldades de locomo\u00e7\u00e3o, ou de sustentar o tronco, bem como lentid\u00e3o, falta de coordena\u00e7\u00e3o motora, excesso de movimentos de forma involunt\u00e1ria e fraqueza muscular, entre outros sintomas.<\/span>\n<br><br>\n<span style=\"font-weight: 400;\">Existem in\u00fameras doen\u00e7as heredit\u00e1rias que provocam degenera\u00e7\u00e3o cerebelar (ou espinocerebelar), sendo as mais frequentes a ataxia de Friedreich e a doen\u00e7a de Machado-Joseph. V\u00e1rias muta\u00e7\u00f5es j\u00e1 foram identificadas e testes gen\u00e9ticos est\u00e3o dispon\u00edveis para diagn\u00f3stico e aconselhamento gen\u00e9tico em situa\u00e7\u00f5es de pesquisa.<\/span>\n<br><br>\n<img loading=\"lazy\" decoding=\"async\" class=\"alignnone size-medium wp-image-1279\" src=\"https:\/\/www.naneurologistas.com.br\/wp-content\/uploads\/2022\/06\/imagem_disturbios_do_movimento-300x214.jpg\" alt=\"\" width=\"468\" height=\"334\" srcset=\"https:\/\/www.naneurologistas.com.br\/wp-content\/uploads\/2022\/06\/imagem_disturbios_do_movimento-300x214.jpg 300w, https:\/\/www.naneurologistas.com.br\/wp-content\/uploads\/2022\/06\/imagem_disturbios_do_movimento.jpg 468w\" sizes=\"(max-width: 468px) 100vw, 468px\" \/><\/div>\n\t\t\t\t<\/div>\n\t\t\t\t\t\t\t<div class=\"elementor-toggle-item\">\n\t\t\t\t\t<div id=\"elementor-tab-title-1859\" class=\"elementor-tab-title\" data-tab=\"9\" role=\"button\" aria-controls=\"elementor-tab-content-1859\" aria-expanded=\"false\">\n\t\t\t\t\t\t\t\t\t\t\t\t<span class=\"elementor-toggle-icon elementor-toggle-icon-right\" aria-hidden=\"true\">\n\t\t\t\t\t\t\t\t\t\t\t\t\t\t\t<span class=\"elementor-toggle-icon-closed\"><svg xmlns=\"http:\/\/www.w3.org\/2000\/svg\" xmlns:xlink=\"http:\/\/www.w3.org\/1999\/xlink\" id=\"Capa_1\" x=\"0px\" y=\"0px\" viewBox=\"0 0 512 512\" style=\"enable-background:new 0 0 512 512;\" xml:space=\"preserve\"><style type=\"text\/css\">\t.st0{stroke:#000000;stroke-width:5;stroke-miterlimit:10;}<\/style><g>\t<g>\t\t<path d=\"M256,512c141.1,0,256-114.8,256-256S397.2,0,256,0S0,114.8,0,256S114.9,512,256,512z M256,472.3   c-119.3,0-216.3-97.1-216.3-216.3S136.7,39.7,256,39.7S472.3,136.7,472.3,256C472.3,375.3,375.3,472.3,256,472.3z\"><\/path>\t<\/g><\/g><g>\t<path class=\"st0\" d=\"M256,325.1c4.3,0,8.7-1.7,12-5l104.3-104.3c6.6-6.6,6.6-17.4,0-24c-6.6-6.6-17.4-6.6-24,0L256,284.1  l-92.3-92.3c-6.6-6.6-17.4-6.6-24,0c-6.6,6.6-6.6,17.4,0,24L244,320.1C247.3,323.5,251.7,325.1,256,325.1z\"><\/path><\/g><\/svg><\/span>\n\t\t\t\t\t\t\t\t<span class=\"elementor-toggle-icon-opened\"><svg xmlns=\"http:\/\/www.w3.org\/2000\/svg\" xmlns:xlink=\"http:\/\/www.w3.org\/1999\/xlink\" id=\"Capa_1\" x=\"0px\" y=\"0px\" viewBox=\"0 0 512 512\" style=\"enable-background:new 0 0 512 512;\" xml:space=\"preserve\"><style type=\"text\/css\">\t.st0{stroke:#000000;stroke-width:5;stroke-miterlimit:10;}<\/style><g>\t<g>\t\t<path d=\"M0,256c0,141.2,114.8,256,256,256s256-114.8,256-256S397.1,0,256,0S0,114.8,0,256z M472.3,256   c0,119.3-97,216.3-216.3,216.3S39.7,375.3,39.7,256S136.7,39.7,256,39.7S472.3,136.7,472.3,256z\"><\/path>\t<\/g><\/g><g>\t<path class=\"st0\" d=\"M256,186.9c4.3,0,8.7,1.7,12,5l104.3,104.3c6.6,6.6,6.6,17.4,0,24c-6.6,6.6-17.4,6.6-24,0L256,227.9  l-92.3,92.3c-6.6,6.6-17.4,6.6-24,0c-6.6-6.6-6.6-17.4,0-24L244,191.9C247.3,188.5,251.7,186.9,256,186.9z\"><\/path><\/g><\/svg><\/span>\n\t\t\t\t\t\t\t\t\t\t\t\t\t<\/span>\n\t\t\t\t\t\t\t\t\t\t\t\t<a class=\"elementor-toggle-title\" tabindex=\"0\">Doen\u00e7a de Alzheimer<\/a>\n\t\t\t\t\t<\/div>\n\n\t\t\t\t\t<div id=\"elementor-tab-content-1859\" class=\"elementor-tab-content elementor-clearfix\" data-tab=\"9\" role=\"region\" aria-labelledby=\"elementor-tab-title-1859\"><span style=\"font-weight: 400;\">O que \u00e9 a doen\u00e7a de Alzheimer?<\/span><br><br>\n\n<span style=\"font-weight: 400;\">A doen\u00e7a de Alzheimer (DA) \u00e9 uma doen\u00e7a cerebral neurodegenerativa, com forte rela\u00e7\u00e3o \u00e0\nidade, que se desenvolve ao longo de anos. Seu quadro inicial \u00e9 de perda de mem\u00f3ria e confus\u00e3o, o que pode ser\nconfundido com altera\u00e7\u00f5es de mem\u00f3ria eventualmente associadas ao envelhecimento natural. Entretanto, os sintomas da\nDA gradualmente levam a altera\u00e7\u00f5es do comportamento e da personalidade, com decl\u00ednio em fun\u00e7\u00f5es cognitivas como a\ncapacidade de tomar decis\u00f5es e de se comunicar adequadamente, al\u00e9m de dificuldades de reconhecimento de familiares e\namigos. No seu est\u00e1gio avan\u00e7ado, leva a grave perda de fun\u00e7\u00f5es mentais superiores. Esses sintomas se relacionam com\na perda da conex\u00e3o entre neur\u00f4nios em determinadas \u00e1reas do c\u00e9rebro, associada tamb\u00e9m a perda dos neur\u00f4nios em si. A\nDA faz parte de um grupo de doen\u00e7as denominado \u201cdem\u00eancias\u201d, caracterizado por problemas cognitivos e\ncomportamentais. \u00c9 a causa mais comum de dem\u00eancia entre pessoas com mais de 65 anos de idade.<\/span><br><br>\n\n<button class=\"botaoDoencas\"><a href=\"https:\/\/www.naneurologistas.com.br\/blog\/doenca-de-alzheimer\" target=\"_blank\" rel=\"noopener\">SAIBA MAIS<\/a><\/button><br><br>\n\n<img loading=\"lazy\" decoding=\"async\" class=\"alignnone size-medium wp-image-2072\" src=\"https:\/\/www.naneurologistas.com.br\/wp-content\/uploads\/2022\/07\/senior-woman-confronting-alzheimer-disease-2048x1366-1-300x200.jpg\" style=\"float: right;\"  alt=\"\" width=\"468\" height=\"334\" \n\/> <\/div>\n\t\t\t\t<\/div>\n\t\t\t\t\t\t\t<div class=\"elementor-toggle-item\">\n\t\t\t\t\t<div id=\"elementor-tab-title-18510\" class=\"elementor-tab-title\" data-tab=\"10\" role=\"button\" aria-controls=\"elementor-tab-content-18510\" aria-expanded=\"false\">\n\t\t\t\t\t\t\t\t\t\t\t\t<span class=\"elementor-toggle-icon elementor-toggle-icon-right\" aria-hidden=\"true\">\n\t\t\t\t\t\t\t\t\t\t\t\t\t\t\t<span class=\"elementor-toggle-icon-closed\"><svg xmlns=\"http:\/\/www.w3.org\/2000\/svg\" xmlns:xlink=\"http:\/\/www.w3.org\/1999\/xlink\" id=\"Capa_1\" x=\"0px\" y=\"0px\" viewBox=\"0 0 512 512\" style=\"enable-background:new 0 0 512 512;\" xml:space=\"preserve\"><style type=\"text\/css\">\t.st0{stroke:#000000;stroke-width:5;stroke-miterlimit:10;}<\/style><g>\t<g>\t\t<path d=\"M256,512c141.1,0,256-114.8,256-256S397.2,0,256,0S0,114.8,0,256S114.9,512,256,512z M256,472.3   c-119.3,0-216.3-97.1-216.3-216.3S136.7,39.7,256,39.7S472.3,136.7,472.3,256C472.3,375.3,375.3,472.3,256,472.3z\"><\/path>\t<\/g><\/g><g>\t<path class=\"st0\" d=\"M256,325.1c4.3,0,8.7-1.7,12-5l104.3-104.3c6.6-6.6,6.6-17.4,0-24c-6.6-6.6-17.4-6.6-24,0L256,284.1  l-92.3-92.3c-6.6-6.6-17.4-6.6-24,0c-6.6,6.6-6.6,17.4,0,24L244,320.1C247.3,323.5,251.7,325.1,256,325.1z\"><\/path><\/g><\/svg><\/span>\n\t\t\t\t\t\t\t\t<span class=\"elementor-toggle-icon-opened\"><svg xmlns=\"http:\/\/www.w3.org\/2000\/svg\" xmlns:xlink=\"http:\/\/www.w3.org\/1999\/xlink\" id=\"Capa_1\" x=\"0px\" y=\"0px\" viewBox=\"0 0 512 512\" style=\"enable-background:new 0 0 512 512;\" xml:space=\"preserve\"><style type=\"text\/css\">\t.st0{stroke:#000000;stroke-width:5;stroke-miterlimit:10;}<\/style><g>\t<g>\t\t<path d=\"M0,256c0,141.2,114.8,256,256,256s256-114.8,256-256S397.1,0,256,0S0,114.8,0,256z M472.3,256   c0,119.3-97,216.3-216.3,216.3S39.7,375.3,39.7,256S136.7,39.7,256,39.7S472.3,136.7,472.3,256z\"><\/path>\t<\/g><\/g><g>\t<path class=\"st0\" d=\"M256,186.9c4.3,0,8.7,1.7,12,5l104.3,104.3c6.6,6.6,6.6,17.4,0,24c-6.6,6.6-17.4,6.6-24,0L256,227.9  l-92.3,92.3c-6.6,6.6-17.4,6.6-24,0c-6.6-6.6-6.6-17.4,0-24L244,191.9C247.3,188.5,251.7,186.9,256,186.9z\"><\/path><\/g><\/svg><\/span>\n\t\t\t\t\t\t\t\t\t\t\t\t\t<\/span>\n\t\t\t\t\t\t\t\t\t\t\t\t<a class=\"elementor-toggle-title\" tabindex=\"0\">Doen\u00e7a de Parkinson<\/a>\n\t\t\t\t\t<\/div>\n\n\t\t\t\t\t<div id=\"elementor-tab-content-18510\" class=\"elementor-tab-content elementor-clearfix\" data-tab=\"10\" role=\"region\" aria-labelledby=\"elementor-tab-title-18510\"><span style=\"font-weight: 400;\">O que \u00e9 a doen\u00e7a de Parkinson?<\/span>\n<br><br>\n<span style=\"font-weight: 400;\">A doen\u00e7a de Parkinson (DP) pertence a um grupo de condi\u00e7\u00f5es chamado de dist\u00farbios do movimento, e resulta da perda de neur\u00f4nios cerebrais que produzem dopamina. Os quatro sintomas principais da DP s\u00e3o: tremor, que pode envolver as m\u00e3os, bra\u00e7os, pernas, mand\u00edbula e face; rigidez, geralmente dos membros e do tronco; lentid\u00e3o de movimentos, e dificuldade de equil\u00edbrio, tamb\u00e9m chamada de instabilidade postural. Quando os sintomas est\u00e3o pronunciados, podem atrapalhar o paciente a andar, falar ou at\u00e9 mesmo completar outras tarefas simples.<\/span>\n<br><br>\n<button class=\"botaoDoencas\"><a href=\"https:\/\/www.naneurologistas.com.br\/blog\/doenca-de-parkinson\" target=\"_blank\" rel=\"noopener\">SAIBA MAIS<\/a><\/button>\n<br><br>\n<img loading=\"lazy\" decoding=\"async\" class=\"alignnone size-medium wp-image-1384\" src=\"https:\/\/www.naneurologistas.com.br\/wp-content\/uploads\/2022\/06\/imagem_parkinson-300x214.jpg\" alt=\"\" width=\"468\" height=\"334\" srcset=\"https:\/\/www.naneurologistas.com.br\/wp-content\/uploads\/2022\/06\/imagem_parkinson-300x214.jpg 300w, https:\/\/www.naneurologistas.com.br\/wp-content\/uploads\/2022\/06\/imagem_parkinson.jpg 468w\" sizes=\"(max-width: 468px) 100vw, 468px\" \/><\/div>\n\t\t\t\t<\/div>\n\t\t\t\t\t\t\t<div class=\"elementor-toggle-item\">\n\t\t\t\t\t<div id=\"elementor-tab-title-18511\" class=\"elementor-tab-title\" data-tab=\"11\" role=\"button\" aria-controls=\"elementor-tab-content-18511\" aria-expanded=\"false\">\n\t\t\t\t\t\t\t\t\t\t\t\t<span class=\"elementor-toggle-icon elementor-toggle-icon-right\" aria-hidden=\"true\">\n\t\t\t\t\t\t\t\t\t\t\t\t\t\t\t<span class=\"elementor-toggle-icon-closed\"><svg xmlns=\"http:\/\/www.w3.org\/2000\/svg\" xmlns:xlink=\"http:\/\/www.w3.org\/1999\/xlink\" id=\"Capa_1\" x=\"0px\" y=\"0px\" viewBox=\"0 0 512 512\" style=\"enable-background:new 0 0 512 512;\" xml:space=\"preserve\"><style type=\"text\/css\">\t.st0{stroke:#000000;stroke-width:5;stroke-miterlimit:10;}<\/style><g>\t<g>\t\t<path d=\"M256,512c141.1,0,256-114.8,256-256S397.2,0,256,0S0,114.8,0,256S114.9,512,256,512z M256,472.3   c-119.3,0-216.3-97.1-216.3-216.3S136.7,39.7,256,39.7S472.3,136.7,472.3,256C472.3,375.3,375.3,472.3,256,472.3z\"><\/path>\t<\/g><\/g><g>\t<path class=\"st0\" d=\"M256,325.1c4.3,0,8.7-1.7,12-5l104.3-104.3c6.6-6.6,6.6-17.4,0-24c-6.6-6.6-17.4-6.6-24,0L256,284.1  l-92.3-92.3c-6.6-6.6-17.4-6.6-24,0c-6.6,6.6-6.6,17.4,0,24L244,320.1C247.3,323.5,251.7,325.1,256,325.1z\"><\/path><\/g><\/svg><\/span>\n\t\t\t\t\t\t\t\t<span class=\"elementor-toggle-icon-opened\"><svg xmlns=\"http:\/\/www.w3.org\/2000\/svg\" xmlns:xlink=\"http:\/\/www.w3.org\/1999\/xlink\" id=\"Capa_1\" x=\"0px\" y=\"0px\" viewBox=\"0 0 512 512\" style=\"enable-background:new 0 0 512 512;\" xml:space=\"preserve\"><style type=\"text\/css\">\t.st0{stroke:#000000;stroke-width:5;stroke-miterlimit:10;}<\/style><g>\t<g>\t\t<path d=\"M0,256c0,141.2,114.8,256,256,256s256-114.8,256-256S397.1,0,256,0S0,114.8,0,256z M472.3,256   c0,119.3-97,216.3-216.3,216.3S39.7,375.3,39.7,256S136.7,39.7,256,39.7S472.3,136.7,472.3,256z\"><\/path>\t<\/g><\/g><g>\t<path class=\"st0\" d=\"M256,186.9c4.3,0,8.7,1.7,12,5l104.3,104.3c6.6,6.6,6.6,17.4,0,24c-6.6,6.6-17.4,6.6-24,0L256,227.9  l-92.3,92.3c-6.6,6.6-17.4,6.6-24,0c-6.6-6.6-6.6-17.4,0-24L244,191.9C247.3,188.5,251.7,186.9,256,186.9z\"><\/path><\/g><\/svg><\/span>\n\t\t\t\t\t\t\t\t\t\t\t\t\t<\/span>\n\t\t\t\t\t\t\t\t\t\t\t\t<a class=\"elementor-toggle-title\" tabindex=\"0\">Dor cr\u00f4nica<\/a>\n\t\t\t\t\t<\/div>\n\n\t\t\t\t\t<div id=\"elementor-tab-content-18511\" class=\"elementor-tab-content elementor-clearfix\" data-tab=\"11\" role=\"region\" aria-labelledby=\"elementor-tab-title-18511\"><span style=\"font-weight: 400;\">Chamamos de dor cr\u00f4nica, as dores que persistem por mais de tr\u00eas meses ap\u00f3s diagn\u00f3stico ou tratamento de les\u00f5es, ou, ainda, dores que n\u00e3o tem origem definida, tais como: fibromialgia, s\u00edndrome miofascial, enxaqueca, cefaleias, entre outras.<\/span>\n\nDe acordo com a OMS (Organiza\u00e7\u00e3o Mundial da Sa\u00fade) 30% da popula\u00e7\u00e3o mundial sofre com alguma dor cr\u00f4nica. No Brasil, o percentual \u00e9 ainda maior: 37% da popula\u00e7\u00e3o brasileira tem alguma dor persistente. Grande parte dessas dores tem origem neurol\u00f3gica, entre elas:\n<ul>\n \t<li><span style=\"font-weight: 400;\">Enxaqueca com\/sem aura;<\/span><\/li>\n \t<li><span style=\"font-weight: 400;\">Enxaqueca hemipl\u00e9gica;<\/span><\/li>\n \t<li><span style=\"font-weight: 400;\">Enxaqueca cr\u00f4nica;<\/span><\/li>\n \t<li><span style=\"font-weight: 400;\">Cefaleia tensional;<\/span><\/li>\n \t<li><span style=\"font-weight: 400;\">Cefaleia em Salvas;<\/span><\/li>\n \t<li><span style=\"font-weight: 400;\">Outras cefaleias trigeminais-auton\u00f4micas (SUNCT\/SUNA\/hemicrania parox\u00edstica)<\/span><\/li>\n \t<li><span style=\"font-weight: 400;\">Hemicrania cont\u00ednua;<\/span><\/li>\n \t<li><span style=\"font-weight: 400;\">Outras cefaleias prim\u00e1rias: cefaleia prim\u00e1ria da tosse, da atividade sexual, cefaleia prim\u00e1ria em facadas\/pontadas, cefaleia do esfor\u00e7o f\u00edsico, cefaleia h\u00edpnica;<\/span><\/li>\n \t<li><span style=\"font-weight: 400;\">Arterite temporal (de c\u00e9lulas gigantes);<\/span><\/li>\n \t<li><span style=\"font-weight: 400;\">Cefaleia da hipotens\u00e3o liqu\u00f3rica;<\/span><\/li>\n \t<li><span style=\"font-weight: 400;\">Cefaleia induzida por f\u00e1rmacos;<\/span><\/li>\n \t<li><span style=\"font-weight: 400;\">S\u00edndrome dolorosa miofascial;<\/span><\/li>\n \t<li><span style=\"font-weight: 400;\">S\u00edndromes de hipermobilidade;<\/span><\/li>\n \t<li><span style=\"font-weight: 400;\">S\u00edndrome da vasoconstri\u00e7\u00e3o cerebral revers\u00edvel;<\/span><\/li>\n \t<li><span style=\"font-weight: 400;\">Cefaleia da hipertens\u00e3o intracraniana.<\/span><\/li>\n<\/ul>\n<img loading=\"lazy\" decoding=\"async\" class=\"alignnone size-medium wp-image-1283\" src=\"https:\/\/www.naneurologistas.com.br\/wp-content\/uploads\/2022\/06\/imagem_dor_cronica-300x214.jpg\" alt=\"\" width=\"468\" height=\"334\" srcset=\"https:\/\/www.naneurologistas.com.br\/wp-content\/uploads\/2022\/06\/imagem_dor_cronica-300x214.jpg 300w, https:\/\/www.naneurologistas.com.br\/wp-content\/uploads\/2022\/06\/imagem_dor_cronica.jpg 468w\" sizes=\"(max-width: 468px) 100vw, 468px\" \/><\/div>\n\t\t\t\t<\/div>\n\t\t\t\t\t\t\t<div class=\"elementor-toggle-item\">\n\t\t\t\t\t<div id=\"elementor-tab-title-18512\" class=\"elementor-tab-title\" data-tab=\"12\" role=\"button\" aria-controls=\"elementor-tab-content-18512\" aria-expanded=\"false\">\n\t\t\t\t\t\t\t\t\t\t\t\t<span class=\"elementor-toggle-icon elementor-toggle-icon-right\" aria-hidden=\"true\">\n\t\t\t\t\t\t\t\t\t\t\t\t\t\t\t<span class=\"elementor-toggle-icon-closed\"><svg xmlns=\"http:\/\/www.w3.org\/2000\/svg\" xmlns:xlink=\"http:\/\/www.w3.org\/1999\/xlink\" id=\"Capa_1\" x=\"0px\" y=\"0px\" viewBox=\"0 0 512 512\" style=\"enable-background:new 0 0 512 512;\" xml:space=\"preserve\"><style type=\"text\/css\">\t.st0{stroke:#000000;stroke-width:5;stroke-miterlimit:10;}<\/style><g>\t<g>\t\t<path d=\"M256,512c141.1,0,256-114.8,256-256S397.2,0,256,0S0,114.8,0,256S114.9,512,256,512z M256,472.3   c-119.3,0-216.3-97.1-216.3-216.3S136.7,39.7,256,39.7S472.3,136.7,472.3,256C472.3,375.3,375.3,472.3,256,472.3z\"><\/path>\t<\/g><\/g><g>\t<path class=\"st0\" d=\"M256,325.1c4.3,0,8.7-1.7,12-5l104.3-104.3c6.6-6.6,6.6-17.4,0-24c-6.6-6.6-17.4-6.6-24,0L256,284.1  l-92.3-92.3c-6.6-6.6-17.4-6.6-24,0c-6.6,6.6-6.6,17.4,0,24L244,320.1C247.3,323.5,251.7,325.1,256,325.1z\"><\/path><\/g><\/svg><\/span>\n\t\t\t\t\t\t\t\t<span class=\"elementor-toggle-icon-opened\"><svg xmlns=\"http:\/\/www.w3.org\/2000\/svg\" xmlns:xlink=\"http:\/\/www.w3.org\/1999\/xlink\" id=\"Capa_1\" x=\"0px\" y=\"0px\" viewBox=\"0 0 512 512\" style=\"enable-background:new 0 0 512 512;\" xml:space=\"preserve\"><style type=\"text\/css\">\t.st0{stroke:#000000;stroke-width:5;stroke-miterlimit:10;}<\/style><g>\t<g>\t\t<path d=\"M0,256c0,141.2,114.8,256,256,256s256-114.8,256-256S397.1,0,256,0S0,114.8,0,256z M472.3,256   c0,119.3-97,216.3-216.3,216.3S39.7,375.3,39.7,256S136.7,39.7,256,39.7S472.3,136.7,472.3,256z\"><\/path>\t<\/g><\/g><g>\t<path class=\"st0\" d=\"M256,186.9c4.3,0,8.7,1.7,12,5l104.3,104.3c6.6,6.6,6.6,17.4,0,24c-6.6,6.6-17.4,6.6-24,0L256,227.9  l-92.3,92.3c-6.6,6.6-17.4,6.6-24,0c-6.6-6.6-6.6-17.4,0-24L244,191.9C247.3,188.5,251.7,186.9,256,186.9z\"><\/path><\/g><\/svg><\/span>\n\t\t\t\t\t\t\t\t\t\t\t\t\t<\/span>\n\t\t\t\t\t\t\t\t\t\t\t\t<a class=\"elementor-toggle-title\" tabindex=\"0\">Epilepsia<\/a>\n\t\t\t\t\t<\/div>\n\n\t\t\t\t\t<div id=\"elementor-tab-content-18512\" class=\"elementor-tab-content elementor-clearfix\" data-tab=\"12\" role=\"region\" aria-labelledby=\"elementor-tab-title-18512\">O que \u00e9 epilepsia?\n<br><br>\nAs epilepsias s\u00e3o um espectro de doen\u00e7as cerebrais que t\u00eam como caracter\u00edstica uma predisposi\u00e7\u00e3o a crises epil\u00e9pticas recorrentes, que variam desde crises graves, incapacitantes e que amea\u00e7am a vida a crises bem mais leves, mais \u201cbenignas\u201d. Na epilepsia, o padr\u00e3o normal da atividade el\u00e9trica dos neur\u00f4nios \u00e9 alterado, podendo causar crises que se manifestam com: sensa\u00e7\u00f5es, emo\u00e7\u00f5es ou comportamentos n\u00e3o habituais a at\u00e9 crises com manifesta\u00e7\u00f5es convulsivas, contra\u00e7\u00f5es musculares e perda de consci\u00eancia. As epilepsias t\u00eam diversas causas e h\u00e1 v\u00e1rios tipos de crises epil\u00e9pticas conhecidas. Ou seja, qualquer situa\u00e7\u00e3o que leve a uma atividade el\u00e9trica anormal cerebral pode levar a crises epil\u00e9pticas, como les\u00f5es cerebrais adquiridas ou mesmo desenvolvimento cerebral anormal durante a inf\u00e2ncia, por exemplo.\n<br><br>\n<button class=\"botaoDoencas\"><a href=\"https:\/\/www.naneurologistas.com.br\/blog\/o-que-e-epilepsia\" target=\"_blank\" rel=\"noopener\">SAIBA MAIS<\/a><\/button>\n<br><br>\n<img loading=\"lazy\" decoding=\"async\" class=\"alignnone size-medium wp-image-1384\" src=\"https:\/\/www.naneurologistas.com.br\/wp-content\/uploads\/2022\/06\/imagem_epilepsia.jpg\" alt=\"\" width=\"468\" height=\"334\" \/><\/div>\n\t\t\t\t<\/div>\n\t\t\t\t\t\t\t<div class=\"elementor-toggle-item\">\n\t\t\t\t\t<div id=\"elementor-tab-title-18513\" class=\"elementor-tab-title\" data-tab=\"13\" role=\"button\" aria-controls=\"elementor-tab-content-18513\" aria-expanded=\"false\">\n\t\t\t\t\t\t\t\t\t\t\t\t<span class=\"elementor-toggle-icon elementor-toggle-icon-right\" aria-hidden=\"true\">\n\t\t\t\t\t\t\t\t\t\t\t\t\t\t\t<span class=\"elementor-toggle-icon-closed\"><svg xmlns=\"http:\/\/www.w3.org\/2000\/svg\" xmlns:xlink=\"http:\/\/www.w3.org\/1999\/xlink\" id=\"Capa_1\" x=\"0px\" y=\"0px\" viewBox=\"0 0 512 512\" style=\"enable-background:new 0 0 512 512;\" xml:space=\"preserve\"><style type=\"text\/css\">\t.st0{stroke:#000000;stroke-width:5;stroke-miterlimit:10;}<\/style><g>\t<g>\t\t<path d=\"M256,512c141.1,0,256-114.8,256-256S397.2,0,256,0S0,114.8,0,256S114.9,512,256,512z M256,472.3   c-119.3,0-216.3-97.1-216.3-216.3S136.7,39.7,256,39.7S472.3,136.7,472.3,256C472.3,375.3,375.3,472.3,256,472.3z\"><\/path>\t<\/g><\/g><g>\t<path class=\"st0\" d=\"M256,325.1c4.3,0,8.7-1.7,12-5l104.3-104.3c6.6-6.6,6.6-17.4,0-24c-6.6-6.6-17.4-6.6-24,0L256,284.1  l-92.3-92.3c-6.6-6.6-17.4-6.6-24,0c-6.6,6.6-6.6,17.4,0,24L244,320.1C247.3,323.5,251.7,325.1,256,325.1z\"><\/path><\/g><\/svg><\/span>\n\t\t\t\t\t\t\t\t<span class=\"elementor-toggle-icon-opened\"><svg xmlns=\"http:\/\/www.w3.org\/2000\/svg\" xmlns:xlink=\"http:\/\/www.w3.org\/1999\/xlink\" id=\"Capa_1\" x=\"0px\" y=\"0px\" viewBox=\"0 0 512 512\" style=\"enable-background:new 0 0 512 512;\" xml:space=\"preserve\"><style type=\"text\/css\">\t.st0{stroke:#000000;stroke-width:5;stroke-miterlimit:10;}<\/style><g>\t<g>\t\t<path d=\"M0,256c0,141.2,114.8,256,256,256s256-114.8,256-256S397.1,0,256,0S0,114.8,0,256z M472.3,256   c0,119.3-97,216.3-216.3,216.3S39.7,375.3,39.7,256S136.7,39.7,256,39.7S472.3,136.7,472.3,256z\"><\/path>\t<\/g><\/g><g>\t<path class=\"st0\" d=\"M256,186.9c4.3,0,8.7,1.7,12,5l104.3,104.3c6.6,6.6,6.6,17.4,0,24c-6.6,6.6-17.4,6.6-24,0L256,227.9  l-92.3,92.3c-6.6,6.6-17.4,6.6-24,0c-6.6-6.6-6.6-17.4,0-24L244,191.9C247.3,188.5,251.7,186.9,256,186.9z\"><\/path><\/g><\/svg><\/span>\n\t\t\t\t\t\t\t\t\t\t\t\t\t<\/span>\n\t\t\t\t\t\t\t\t\t\t\t\t<a class=\"elementor-toggle-title\" tabindex=\"0\">Esquizofrenia<\/a>\n\t\t\t\t\t<\/div>\n\n\t\t\t\t\t<div id=\"elementor-tab-content-18513\" class=\"elementor-tab-content elementor-clearfix\" data-tab=\"13\" role=\"region\" aria-labelledby=\"elementor-tab-title-18513\">A esquizofrenia \u00e9 um transtorno mental caracterizado pela perda de contato com a realidade (psicose), alucina\u00e7\u00f5es, falsas convic\u00e7\u00f5es (del\u00edrios), pensamento e comportamento an\u00f4malo, redu\u00e7\u00e3o das demonstra\u00e7\u00f5es de emo\u00e7\u00f5es, diminui\u00e7\u00e3o da motiva\u00e7\u00e3o, uma piora da fun\u00e7\u00e3o mental (cogni\u00e7\u00e3o) e problemas no desempenho di\u00e1rio, incluindo no \u00e2mbito profissional, social, relacionamentos e autocuidado.\n\nOs sintomas da esquizofrenia pertencem a quatro categorias principais:\n<ul>\n \t<li>Sintomas positivos;<\/li>\n \t<li>Sintomas negativos;<\/li>\n \t<li>Desorganiza\u00e7\u00e3o;<\/li>\n \t<li>Comprometimento cognitivo.<\/li>\n<\/ul>\n<strong>O paciente pode ter sintomas de uma ou de todas as categorias.<\/strong>\n<br><br>\n<img loading=\"lazy\" decoding=\"async\" class=\"alignnone size-medium wp-image-1382\"  src=\"https:\/\/www.naneurologistas.com.br\/wp-content\/uploads\/2022\/06\/imagem_esquizofrenia-300x214.jpg\" alt=\"\" width=\"468\" height=\"334\" srcset=\"https:\/\/www.naneurologistas.com.br\/wp-content\/uploads\/2022\/06\/imagem_esquizofrenia-300x214.jpg 300w, https:\/\/www.naneurologistas.com.br\/wp-content\/uploads\/2022\/06\/imagem_esquizofrenia.jpg 468w\" sizes=\"(max-width: 468px) 100vw, 468px\" \/><\/div>\n\t\t\t\t<\/div>\n\t\t\t\t\t\t\t<div class=\"elementor-toggle-item\">\n\t\t\t\t\t<div id=\"elementor-tab-title-18514\" class=\"elementor-tab-title\" data-tab=\"14\" role=\"button\" aria-controls=\"elementor-tab-content-18514\" aria-expanded=\"false\">\n\t\t\t\t\t\t\t\t\t\t\t\t<span class=\"elementor-toggle-icon elementor-toggle-icon-right\" aria-hidden=\"true\">\n\t\t\t\t\t\t\t\t\t\t\t\t\t\t\t<span class=\"elementor-toggle-icon-closed\"><svg xmlns=\"http:\/\/www.w3.org\/2000\/svg\" xmlns:xlink=\"http:\/\/www.w3.org\/1999\/xlink\" id=\"Capa_1\" x=\"0px\" y=\"0px\" viewBox=\"0 0 512 512\" style=\"enable-background:new 0 0 512 512;\" xml:space=\"preserve\"><style type=\"text\/css\">\t.st0{stroke:#000000;stroke-width:5;stroke-miterlimit:10;}<\/style><g>\t<g>\t\t<path d=\"M256,512c141.1,0,256-114.8,256-256S397.2,0,256,0S0,114.8,0,256S114.9,512,256,512z M256,472.3   c-119.3,0-216.3-97.1-216.3-216.3S136.7,39.7,256,39.7S472.3,136.7,472.3,256C472.3,375.3,375.3,472.3,256,472.3z\"><\/path>\t<\/g><\/g><g>\t<path class=\"st0\" d=\"M256,325.1c4.3,0,8.7-1.7,12-5l104.3-104.3c6.6-6.6,6.6-17.4,0-24c-6.6-6.6-17.4-6.6-24,0L256,284.1  l-92.3-92.3c-6.6-6.6-17.4-6.6-24,0c-6.6,6.6-6.6,17.4,0,24L244,320.1C247.3,323.5,251.7,325.1,256,325.1z\"><\/path><\/g><\/svg><\/span>\n\t\t\t\t\t\t\t\t<span class=\"elementor-toggle-icon-opened\"><svg xmlns=\"http:\/\/www.w3.org\/2000\/svg\" xmlns:xlink=\"http:\/\/www.w3.org\/1999\/xlink\" id=\"Capa_1\" x=\"0px\" y=\"0px\" viewBox=\"0 0 512 512\" style=\"enable-background:new 0 0 512 512;\" xml:space=\"preserve\"><style type=\"text\/css\">\t.st0{stroke:#000000;stroke-width:5;stroke-miterlimit:10;}<\/style><g>\t<g>\t\t<path d=\"M0,256c0,141.2,114.8,256,256,256s256-114.8,256-256S397.1,0,256,0S0,114.8,0,256z M472.3,256   c0,119.3-97,216.3-216.3,216.3S39.7,375.3,39.7,256S136.7,39.7,256,39.7S472.3,136.7,472.3,256z\"><\/path>\t<\/g><\/g><g>\t<path class=\"st0\" d=\"M256,186.9c4.3,0,8.7,1.7,12,5l104.3,104.3c6.6,6.6,6.6,17.4,0,24c-6.6,6.6-17.4,6.6-24,0L256,227.9  l-92.3,92.3c-6.6,6.6-17.4,6.6-24,0c-6.6-6.6-6.6-17.4,0-24L244,191.9C247.3,188.5,251.7,186.9,256,186.9z\"><\/path><\/g><\/svg><\/span>\n\t\t\t\t\t\t\t\t\t\t\t\t\t<\/span>\n\t\t\t\t\t\t\t\t\t\t\t\t<a class=\"elementor-toggle-title\" tabindex=\"0\">Transtorno obsessivo compulsivo (TOC)<\/a>\n\t\t\t\t\t<\/div>\n\n\t\t\t\t\t<div id=\"elementor-tab-content-18514\" class=\"elementor-tab-content elementor-clearfix\" data-tab=\"14\" role=\"region\" aria-labelledby=\"elementor-tab-title-18514\"><span style=\"font-weight: 400;\">O TOC \u00e9 definido por uma s\u00e9rie de obsess\u00f5es e manias que os pacientes podem apresentar em suas rotinas<\/span><span style=\"font-weight: 400;\">, e <\/span><span style=\"font-weight: 400;\">pode ser incapacitante se n\u00e3o tratado<\/span><span style=\"font-weight: 400;\">. <\/span><span style=\"font-weight: 400;\">Os rituais comportamentais que se originam dos sintomas come\u00e7am a tomar tempo (cerca de mais de uma hora por dia) e causar sofrimento emocional.<\/span>\n<br><br>\n<span style=\"font-weight: 400;\">Obsess\u00f5es e <\/span><a href=\"https:\/\/www.vittude.com\/blog\/compulsao\/\"><span style=\"font-weight: 400;\">compuls\u00f5es<\/span><\/a><span style=\"font-weight: 400;\"> s\u00e3o os principais sintomas. As obsess\u00f5es se referem a pensamentos, impulsos ou imagens persistentes e intrusivas consideradas indesejadas pelos indiv\u00edduos, j\u00e1 as compuls\u00f5es s\u00e3o caracterizadas por comportamentos ou atos mentais repetitivos.<\/span>\n<br><br>\n<span style=\"font-weight: 400;\">Muitas pessoas acreditam ter TOC apenas por possu\u00edrem manias de limpeza, ou organiza\u00e7\u00e3o, saiba que isso difere dos sintomas do transtorno. \u00c9 <\/span><span style=\"font-weight: 400;\">configurado um quadro de TOC quando as &#8221;manias&#8221; apresentam preju\u00edzo para a sua vida a n\u00edvel emocional, psicol\u00f3gico, social, profissional, entre outros.\u00a0<\/span>\n<br><br>\n<img loading=\"lazy\" decoding=\"async\" class=\"alignnone size-medium wp-image-1394\" src=\"https:\/\/www.naneurologistas.com.br\/wp-content\/uploads\/2022\/06\/imagem_toc-300x214.jpg\" alt=\"\" width=\"468\" height=\"334\" srcset=\"https:\/\/www.naneurologistas.com.br\/wp-content\/uploads\/2022\/06\/imagem_toc-300x214.jpg 300w, https:\/\/www.naneurologistas.com.br\/wp-content\/uploads\/2022\/06\/imagem_toc.jpg 468w\" sizes=\"(max-width: 468px) 100vw, 468px\" \/><\/div>\n\t\t\t\t<\/div>\n\t\t\t\t\t\t\t\t<\/div>\n\t\t\t\t<\/div>\n\t\t\t\t<\/div>\n\t\t\t\t\t<\/div>\n\t\t<\/div>\n\t\t\t\t\t<\/div>\n\t\t<\/section>\n\t\t\t\t<\/div>\n\t\t","protected":false},"excerpt":{"rendered":"<p>Doen\u00e7as Ansiedade Os transtornos de ansiedade est\u00e3o relacionados ao funcionamento do corpo e as experi\u00eancias de vida. Dependendo da intensidade, a ansiedade pode vir a tornar-se patol\u00f3gica, prejudicial ao nosso funcionamento ps\u00edquico (mental) e som\u00e1tico (corporal). &nbsp; Os sintomas s\u00e3o intensos,o que causa:\u00a0 Preocupa\u00e7\u00f5es, tens\u00f5es ou medos exagerados; Fadiga, falta de ar; Dores musculares na [&hellip;]<\/p>\n","protected":false},"author":7,"featured_media":0,"parent":0,"menu_order":0,"comment_status":"closed","ping_status":"closed","template":"elementor_header_footer","meta":{"ocean_post_layout":"","ocean_both_sidebars_style":"","ocean_both_sidebars_content_width":0,"ocean_both_sidebars_sidebars_width":0,"ocean_sidebar":"0","ocean_second_sidebar":"0","ocean_disable_margins":"enable","ocean_add_body_class":"","ocean_shortcode_before_top_bar":"","ocean_shortcode_after_top_bar":"","ocean_shortcode_before_header":"","ocean_shortcode_after_header":"","ocean_has_shortcode":"","ocean_shortcode_after_title":"","ocean_shortcode_before_footer_widgets":"","ocean_shortcode_after_footer_widgets":"","ocean_shortcode_before_footer_bottom":"","ocean_shortcode_after_footer_bottom":"","ocean_display_top_bar":"default","ocean_display_header":"default","ocean_header_style":"","ocean_center_header_left_menu":"0","ocean_custom_header_template":"0","ocean_custom_logo":0,"ocean_custom_retina_logo":0,"ocean_custom_logo_max_width":0,"ocean_custom_logo_tablet_max_width":0,"ocean_custom_logo_mobile_max_width":0,"ocean_custom_logo_max_height":0,"ocean_custom_logo_tablet_max_height":0,"ocean_custom_logo_mobile_max_height":0,"ocean_header_custom_menu":"0","ocean_menu_typo_font_family":"0","ocean_menu_typo_font_subset":"","ocean_menu_typo_font_size":0,"ocean_menu_typo_font_size_tablet":0,"ocean_menu_typo_font_size_mobile":0,"ocean_menu_typo_font_size_unit":"px","ocean_menu_typo_font_weight":"","ocean_menu_typo_font_weight_tablet":"","ocean_menu_typo_font_weight_mobile":"","ocean_menu_typo_transform":"","ocean_menu_typo_transform_tablet":"","ocean_menu_typo_transform_mobile":"","ocean_menu_typo_line_height":0,"ocean_menu_typo_line_height_tablet":0,"ocean_menu_typo_line_height_mobile":0,"ocean_menu_typo_line_height_unit":"","ocean_menu_typo_spacing":0,"ocean_menu_typo_spacing_tablet":0,"ocean_menu_typo_spacing_mobile":0,"ocean_menu_typo_spacing_unit":"","ocean_menu_link_color":"","ocean_menu_link_color_hover":"","ocean_menu_link_color_active":"","ocean_menu_link_background":"","ocean_menu_link_hover_background":"","ocean_menu_link_active_background":"","ocean_menu_social_links_bg":"","ocean_menu_social_hover_links_bg":"","ocean_menu_social_links_color":"","ocean_menu_social_hover_links_color":"","ocean_disable_title":"default","ocean_disable_heading":"default","ocean_post_title":"","ocean_post_subheading":"","ocean_post_title_style":"","ocean_post_title_background_color":"","ocean_post_title_background":0,"ocean_post_title_bg_image_position":"","ocean_post_title_bg_image_attachment":"","ocean_post_title_bg_image_repeat":"","ocean_post_title_bg_image_size":"","ocean_post_title_height":0,"ocean_post_title_bg_overlay":0.5,"ocean_post_title_bg_overlay_color":"","ocean_disable_breadcrumbs":"default","ocean_breadcrumbs_color":"","ocean_breadcrumbs_separator_color":"","ocean_breadcrumbs_links_color":"","ocean_breadcrumbs_links_hover_color":"","ocean_display_footer_widgets":"default","ocean_display_footer_bottom":"default","ocean_custom_footer_template":"0","footnotes":""},"class_list":["post-1224","page","type-page","status-publish","hentry","entry"],"_links":{"self":[{"href":"https:\/\/www.naneurologistas.com.br\/index.php?rest_route=\/wp\/v2\/pages\/1224","targetHints":{"allow":["GET"]}}],"collection":[{"href":"https:\/\/www.naneurologistas.com.br\/index.php?rest_route=\/wp\/v2\/pages"}],"about":[{"href":"https:\/\/www.naneurologistas.com.br\/index.php?rest_route=\/wp\/v2\/types\/page"}],"author":[{"embeddable":true,"href":"https:\/\/www.naneurologistas.com.br\/index.php?rest_route=\/wp\/v2\/users\/7"}],"replies":[{"embeddable":true,"href":"https:\/\/www.naneurologistas.com.br\/index.php?rest_route=%2Fwp%2Fv2%2Fcomments&post=1224"}],"version-history":[{"count":232,"href":"https:\/\/www.naneurologistas.com.br\/index.php?rest_route=\/wp\/v2\/pages\/1224\/revisions"}],"predecessor-version":[{"id":3019,"href":"https:\/\/www.naneurologistas.com.br\/index.php?rest_route=\/wp\/v2\/pages\/1224\/revisions\/3019"}],"wp:attachment":[{"href":"https:\/\/www.naneurologistas.com.br\/index.php?rest_route=%2Fwp%2Fv2%2Fmedia&parent=1224"}],"curies":[{"name":"wp","href":"https:\/\/api.w.org\/{rel}","templated":true}]}}